{"id":297,"date":"2022-02-24T16:56:23","date_gmt":"2022-02-24T16:56:23","guid":{"rendered":"https:\/\/toty.fr\/ophtalmologievar\/?page_id=297"},"modified":"2022-03-01T10:05:42","modified_gmt":"2022-03-01T10:05:42","slug":"la-consultation-ophtalmologique-2","status":"publish","type":"page","link":"https:\/\/ophtalmo-toulon.com\/index.php\/la-consultation-ophtalmologique-2\/","title":{"rendered":"La consultation ophtalmologique"},"content":{"rendered":"\t\t<div data-elementor-type=\"wp-page\" data-elementor-id=\"297\" class=\"elementor elementor-297\">\n\t\t\t\t\t\t<section class=\"elementor-section elementor-top-section elementor-element elementor-element-1361d3a9 elementor-section-stretched elementor-section-height-min-height elementor-section-boxed elementor-section-height-default elementor-section-items-middle\" data-id=\"1361d3a9\" data-element_type=\"section\" data-e-type=\"section\" data-settings=\"{&quot;background_background&quot;:&quot;classic&quot;,&quot;stretch_section&quot;:&quot;section-stretched&quot;}\">\n\t\t\t\t\t\t\t<div class=\"elementor-background-overlay\"><\/div>\n\t\t\t\t\t\t\t<div class=\"elementor-container elementor-column-gap-no\">\n\t\t\t\t\t<div class=\"elementor-column elementor-col-100 elementor-top-column elementor-element elementor-element-4419131\" data-id=\"4419131\" data-element_type=\"column\" data-e-type=\"column\">\n\t\t\t<div class=\"elementor-widget-wrap elementor-element-populated\">\n\t\t\t\t\t\t<div class=\"elementor-element elementor-element-30c6114a elementor-widget elementor-widget-heading\" data-id=\"30c6114a\" data-element_type=\"widget\" data-e-type=\"widget\" data-widget_type=\"heading.default\">\n\t\t\t\t<div class=\"elementor-widget-container\">\n\t\t\t\t\t<h1 class=\"elementor-heading-title elementor-size-default\">La consultation ophtalmologique<\/h1>\t\t\t\t<\/div>\n\t\t\t\t<\/div>\n\t\t\t\t<div class=\"elementor-element elementor-element-39ade7b4 elementor-widget__width-auto elementor-widget elementor-widget-text-editor\" data-id=\"39ade7b4\" data-element_type=\"widget\" data-e-type=\"widget\" data-widget_type=\"text-editor.default\">\n\t\t\t\t<div class=\"elementor-widget-container\">\n\t\t\t\t\t\t\t\t\t<p>Accueil \/<\/p>\t\t\t\t\t\t\t\t<\/div>\n\t\t\t\t<\/div>\n\t\t\t\t<div class=\"elementor-element elementor-element-1ac418eb elementor-widget__width-auto elementor-widget elementor-widget-text-editor\" data-id=\"1ac418eb\" data-element_type=\"widget\" data-e-type=\"widget\" data-widget_type=\"text-editor.default\">\n\t\t\t\t<div class=\"elementor-widget-container\">\n\t\t\t\t\t\t\t\t\t<p>La consultation ophtalmologique<\/p>\t\t\t\t\t\t\t\t<\/div>\n\t\t\t\t<\/div>\n\t\t\t\t\t<\/div>\n\t\t<\/div>\n\t\t\t\t\t<\/div>\n\t\t<\/section>\n\t\t\t\t<section class=\"elementor-section elementor-top-section elementor-element elementor-element-27055a14 elementor-section-content-middle elementor-section-stretched elementor-section-boxed elementor-section-height-default elementor-section-height-default\" data-id=\"27055a14\" data-element_type=\"section\" data-e-type=\"section\" data-settings=\"{&quot;background_background&quot;:&quot;classic&quot;,&quot;stretch_section&quot;:&quot;section-stretched&quot;}\">\n\t\t\t\t\t\t<div class=\"elementor-container elementor-column-gap-no\">\n\t\t\t\t\t<div class=\"elementor-column elementor-col-50 elementor-top-column elementor-element elementor-element-6711f52c\" data-id=\"6711f52c\" data-element_type=\"column\" data-e-type=\"column\">\n\t\t\t<div class=\"elementor-widget-wrap elementor-element-populated\">\n\t\t\t\t\t\t<div class=\"elementor-element elementor-element-2671fcc3 animated-slow elementor-invisible elementor-widget elementor-widget-heading\" data-id=\"2671fcc3\" data-element_type=\"widget\" data-e-type=\"widget\" data-settings=\"{&quot;_animation&quot;:&quot;fadeInLeft&quot;}\" data-widget_type=\"heading.default\">\n\t\t\t\t<div class=\"elementor-widget-container\">\n\t\t\t\t\t<h5 class=\"elementor-heading-title elementor-size-default\">OPHTAVAL, CENTRE D'OPHTALMOLOGIE DE LA VALETTE DU VAR<\/h5>\t\t\t\t<\/div>\n\t\t\t\t<\/div>\n\t\t\t\t<div class=\"elementor-element elementor-element-4f249000 elementor-widget elementor-widget-heading\" data-id=\"4f249000\" data-element_type=\"widget\" data-e-type=\"widget\" data-widget_type=\"heading.default\">\n\t\t\t\t<div class=\"elementor-widget-container\">\n\t\t\t\t\t<h2 class=\"elementor-heading-title elementor-size-default\">La consultation ophtalmologique<\/h2>\t\t\t\t<\/div>\n\t\t\t\t<\/div>\n\t\t\t\t<div class=\"elementor-element elementor-element-57b28c3d elementor-widget elementor-widget-text-editor\" data-id=\"57b28c3d\" data-element_type=\"widget\" data-e-type=\"widget\" data-widget_type=\"text-editor.default\">\n\t\t\t\t<div class=\"elementor-widget-container\">\n\t\t\t\t\t\t\t\t\t<p><span style=\"color: #333333;\"><strong>L\u2019\u0153il est un organe sensoriel des plus pr\u00e9cieux.<\/strong> Diff\u00e9rentes probl\u00e8mes et\/ou maladies peuvent cependant nuire \u00e0 son bon fonctionnement.<\/span><br \/><span style=\"color: #333333;\">Les ophtamologistes de notre centre interviennent\u00a0\u00a0sur le plan de la pr\u00e9vention, du diagnostic et du traitement de ces maladies.<\/span><br \/><span style=\"color: #333333;\">Il est souvent n\u00e9cessaire de bien surveiller l\u2019\u00e9volution d\u2019une maladie afin d\u2019intervenir au bon moment,<\/span><\/p><p><span style=\"color: #333333;\"><strong>Le Centre Ophtalmologique poss\u00e8de un plateau technique complet et moderne, permettant diagnostics et traitements de pointe :<\/strong><\/span><\/p><ul><li><span style=\"color: #333333;\">Examen de la refraction<\/span><\/li><li><span style=\"color: #333333;\">Pathologies oculaires<\/span><\/li><li><span style=\"color: #333333;\">Urgences<\/span><\/li><li><span style=\"color: #333333;\">Examen orthoptique, r\u00e9\u00e9ducation orthoptique<\/span><\/li><li><span style=\"color: #333333;\">Examen par OCT (Tomographie \u00e0 coh\u00e9rence optique) pour le suivi des pathologies r\u00e9tiniennes et glaucomateuses<\/span><\/li><li><span style=\"color: #333333;\">Laser Argon<\/span><\/li><li><span style=\"color: #333333;\">Laser YAG<\/span><\/li><li><span style=\"color: #333333;\">Laser SLT<\/span><\/li><li><span style=\"color: #333333;\">Examen du champ visuel<\/span><\/li><li><span style=\"color: #333333;\">Bilan en basse vision<\/span><\/li><\/ul><p><span style=\"color: #333333;\">Les chirurgies et les injections Intra-vitr\u00e9ennes sont pratiqu\u00e9es au<a style=\"color: #333333;\" href=\"http:\/\/saint-michel.medipole-partenaires.fr\/\"> centre d\u2019ophtalmologie Saint Vincent, Clinique Saint Michel<\/a>.<\/span><\/p>\t\t\t\t\t\t\t\t<\/div>\n\t\t\t\t<\/div>\n\t\t\t\t\t<\/div>\n\t\t<\/div>\n\t\t\t\t<div class=\"elementor-column elementor-col-50 elementor-top-column elementor-element elementor-element-217b5f23 animated-slow elementor-invisible\" data-id=\"217b5f23\" data-element_type=\"column\" data-e-type=\"column\" data-settings=\"{&quot;animation&quot;:&quot;fadeInUp&quot;}\">\n\t\t\t<div class=\"elementor-widget-wrap elementor-element-populated\">\n\t\t\t\t\t\t<div class=\"elementor-element elementor-element-450bb9e5 elementor-widget elementor-widget-image\" data-id=\"450bb9e5\" data-element_type=\"widget\" data-e-type=\"widget\" data-widget_type=\"image.default\">\n\t\t\t\t<div class=\"elementor-widget-container\">\n\t\t\t\t\t\t\t\t\t\t\t\t\t\t\t<img decoding=\"async\" src=\"https:\/\/ophtalmo-toulon.com\/wp-content\/uploads\/elementor\/thumbs\/ophthalmology-concept-patient-eye-vision-examinat-2021-08-27-09-36-21-utc-pmmiirgcefkk6nnj09k714wcvts8oc9btmqnao742g.jpg\" title=\"Les examens d&rsquo;orthoptie Centre D&rsquo;ophtalmologie de la Valette du Var &#8211; consultation &#038; chirurgie d&rsquo;ophtalmologie\" alt=\"Les examens d&#039;orthoptie Centre D&#039;ophtalmologie de la Valette du Var - consultation &amp; chirurgie d&#039;ophtalmologie\" class=\"elementor-animation-shrink\" loading=\"lazy\" \/>\t\t\t\t\t\t\t\t\t\t\t\t\t\t\t<\/div>\n\t\t\t\t<\/div>\n\t\t\t\t\t<\/div>\n\t\t<\/div>\n\t\t\t\t\t<\/div>\n\t\t<\/section>\n\t\t\t\t<section class=\"elementor-section elementor-top-section elementor-element elementor-element-f61e6a1 elementor-section-stretched elementor-section-boxed elementor-section-height-default elementor-section-height-default\" data-id=\"f61e6a1\" data-element_type=\"section\" data-e-type=\"section\" data-settings=\"{&quot;stretch_section&quot;:&quot;section-stretched&quot;,&quot;background_background&quot;:&quot;classic&quot;}\">\n\t\t\t\t\t\t<div class=\"elementor-container elementor-column-gap-default\">\n\t\t\t\t\t<div class=\"elementor-column elementor-col-50 elementor-top-column elementor-element elementor-element-fd46d22\" data-id=\"fd46d22\" data-element_type=\"column\" data-e-type=\"column\">\n\t\t\t<div class=\"elementor-widget-wrap elementor-element-populated\">\n\t\t\t\t\t\t<div class=\"elementor-element elementor-element-221bbba elementor-widget elementor-widget-heading\" data-id=\"221bbba\" data-element_type=\"widget\" data-e-type=\"widget\" data-widget_type=\"heading.default\">\n\t\t\t\t<div class=\"elementor-widget-container\">\n\t\t\t\t\t<h3 class=\"elementor-heading-title elementor-size-default\">Les troubles de la vision<\/h3>\t\t\t\t<\/div>\n\t\t\t\t<\/div>\n\t\t\t\t<div class=\"elementor-element elementor-element-10ed906 elementor-widget elementor-widget-text-editor\" data-id=\"10ed906\" data-element_type=\"widget\" data-e-type=\"widget\" data-widget_type=\"text-editor.default\">\n\t\t\t\t<div class=\"elementor-widget-container\">\n\t\t\t\t\t\t\t\t\t<ul><li><span style=\"color: #333333;\"><strong>La myopie<\/strong> qui entraine une vision floue de loin. La vision de pr\u00e8s est nette.<\/span><\/li><li><span style=\"color: #333333;\"><strong>L\u2019hyperm\u00e9tropie<\/strong> entraine une fatigue oculaire et des c\u00e9phal\u00e9es puis une vision floue de loin qui s\u2019accentue de pr\u00e8s surtout au del\u00e0 de 35ans.<\/span><\/li><li><span style=\"color: #333333;\"><strong>L\u2019astigmatisme<\/strong> est un d\u00e9faut optique qui provoque une d\u00e9formation de la vision r\u00e9sultant d\u2019une courbure in\u00e9gale de la corn\u00e9e.<\/span><\/li><li><span style=\"color: #333333;\"><strong>La presbytie<\/strong>\u00a0li\u00e9e au vieillissement naturel du cristallin, concerne toutes les personnes \u00e0 partir de la quarantaine, la vision de pr\u00e8s devient floue.<\/span><\/li><\/ul>\t\t\t\t\t\t\t\t<\/div>\n\t\t\t\t<\/div>\n\t\t\t\t\t<\/div>\n\t\t<\/div>\n\t\t\t\t<div class=\"elementor-column elementor-col-50 elementor-top-column elementor-element elementor-element-1833269\" data-id=\"1833269\" data-element_type=\"column\" data-e-type=\"column\">\n\t\t\t<div class=\"elementor-widget-wrap elementor-element-populated\">\n\t\t\t\t\t\t<div class=\"elementor-element elementor-element-ffe0f27 elementor-widget elementor-widget-heading\" data-id=\"ffe0f27\" data-element_type=\"widget\" data-e-type=\"widget\" data-widget_type=\"heading.default\">\n\t\t\t\t<div class=\"elementor-widget-container\">\n\t\t\t\t\t<h3 class=\"elementor-heading-title elementor-size-default\">Les urgences ophtalmologiques<\/h3>\t\t\t\t<\/div>\n\t\t\t\t<\/div>\n\t\t\t\t<div class=\"elementor-element elementor-element-ab338c6 elementor-widget elementor-widget-text-editor\" data-id=\"ab338c6\" data-element_type=\"widget\" data-e-type=\"widget\" data-widget_type=\"text-editor.default\">\n\t\t\t\t<div class=\"elementor-widget-container\">\n\t\t\t\t\t\t\t\t\t<p><span style=\"color: #333333;\">Tous les cas d\u2019urgence sont accept\u00e9s dans la journ\u00e9e dans la mesure des possibilit\u00e9s li\u00e9es au planning de rendez-vous.<\/span><br \/><span style=\"color: #333333;\">T\u00e9l\u00e9phoner pour prendre rendez-vous\u00a0pendant les heures de consultations.<\/span><\/p><ul><li><span style=\"color: #333333;\">Douleur d\u2019un \u0153il depuis quelques heures<\/span><\/li><li><span style=\"color: #333333;\">Oeil rouge et \/ ou douloureux chez un porteur de lentille de contact<\/span><\/li><li><span style=\"color: #333333;\">Baisse de vision d\u2019un \u0153il depuis quelques heures<\/span><\/li><li><span style=\"color: #333333;\">Perception brutale et quasi permanente de points noirs \u00e0 un \u0153il depuis quelques heures<\/span><\/li><li><span style=\"color: #333333;\">Perception permanente d\u2019une d\u00e9formation des lignes droites \u00e0 un \u0153il depuis 24 heures ou plus<\/span><\/li><li><span style=\"color: #333333;\">Aggravation de l\u2019\u00e9tat d\u2019un \u0153il op\u00e9r\u00e9 depuis moins de 3 semaines (douleur, rougeur, s\u00e9cr\u00e9tions, baisse de vision)<\/span><\/li><\/ul>\t\t\t\t\t\t\t\t<\/div>\n\t\t\t\t<\/div>\n\t\t\t\t\t<\/div>\n\t\t<\/div>\n\t\t\t\t\t<\/div>\n\t\t<\/section>\n\t\t\t\t<section class=\"elementor-section elementor-top-section elementor-element elementor-element-1f5a92e elementor-section-stretched elementor-section-boxed elementor-section-height-default elementor-section-height-default\" data-id=\"1f5a92e\" data-element_type=\"section\" data-e-type=\"section\" data-settings=\"{&quot;background_background&quot;:&quot;classic&quot;,&quot;stretch_section&quot;:&quot;section-stretched&quot;}\">\n\t\t\t\t\t\t\t<div class=\"elementor-background-overlay\"><\/div>\n\t\t\t\t\t\t\t<div class=\"elementor-container elementor-column-gap-default\">\n\t\t\t\t\t<div class=\"elementor-column elementor-col-100 elementor-top-column elementor-element elementor-element-32f0e1ff\" data-id=\"32f0e1ff\" data-element_type=\"column\" data-e-type=\"column\">\n\t\t\t<div class=\"elementor-widget-wrap elementor-element-populated\">\n\t\t\t\t\t\t<div class=\"elementor-element elementor-element-18f6621b animated-slow elementor-invisible elementor-widget elementor-widget-jkit_video_button\" data-id=\"18f6621b\" data-element_type=\"widget\" data-e-type=\"widget\" data-settings=\"{&quot;_animation&quot;:&quot;fadeInUp&quot;,&quot;_animation_delay&quot;:10}\" data-widget_type=\"jkit_video_button.default\">\n\t\t\t\t<div class=\"elementor-widget-container\">\n\t\t\t\t\t<div  class=\"jeg-elementor-kit jkit-video-button jeg_module___69f257aba4ab1\"  data-autoplay=\"0\" data-loop=\"0\" data-controls=\"0\" data-type=\"youtube\" data-mute=\"0\" data-start=\"0\" data-end=\"0\"><a href=\"https:\/\/www.youtube.com\/watch?v=MLpWrANjFbI\" class=\"jkit-video-popup-btn glow-enable\" aria-label=\"video-button\"><span class=\"icon-position-before\"><i aria-hidden=\"true\" class=\"fas fa-play\"><\/i><\/span><\/a><\/div>\t\t\t\t<\/div>\n\t\t\t\t<\/div>\n\t\t\t\t<div class=\"elementor-element elementor-element-3852a6c4 elementor-widget elementor-widget-heading\" data-id=\"3852a6c4\" data-element_type=\"widget\" data-e-type=\"widget\" data-widget_type=\"heading.default\">\n\t\t\t\t<div class=\"elementor-widget-container\">\n\t\t\t\t\t<h2 class=\"elementor-heading-title elementor-size-default\">D\u00e9couvrez le Centre Ophtaval en vid\u00e9o<\/h2>\t\t\t\t<\/div>\n\t\t\t\t<\/div>\n\t\t\t\t<div class=\"elementor-element elementor-element-675162d7 elementor-widget elementor-widget-text-editor\" data-id=\"675162d7\" data-element_type=\"widget\" data-e-type=\"widget\" data-widget_type=\"text-editor.default\">\n\t\t\t\t<div class=\"elementor-widget-container\">\n\t\t\t\t\t\t\t\t\t<p>Votre Centre d&rsquo;Ophtalmologie de la Valette du Var vous pr\u00e9sente quelques vid\u00e9os. Retrouvez les toutes en ligne sur notre cha\u00eene.<\/p>\t\t\t\t\t\t\t\t<\/div>\n\t\t\t\t<\/div>\n\t\t\t\t\t<\/div>\n\t\t<\/div>\n\t\t\t\t\t<\/div>\n\t\t<\/section>\n\t\t\t\t<section class=\"elementor-section elementor-top-section elementor-element elementor-element-19314733 animated-slow elementor-section-stretched elementor-section-boxed elementor-section-height-default elementor-section-height-default elementor-invisible\" data-id=\"19314733\" data-element_type=\"section\" data-e-type=\"section\" data-settings=\"{&quot;animation&quot;:&quot;fadeInUp&quot;,&quot;stretch_section&quot;:&quot;section-stretched&quot;}\">\n\t\t\t\t\t\t<div class=\"elementor-container elementor-column-gap-no\">\n\t\t\t\t\t<div class=\"elementor-column elementor-col-100 elementor-top-column elementor-element elementor-element-32545d48\" data-id=\"32545d48\" data-element_type=\"column\" data-e-type=\"column\">\n\t\t\t<div class=\"elementor-widget-wrap elementor-element-populated\">\n\t\t\t\t\t\t<section class=\"elementor-section elementor-inner-section elementor-element elementor-element-62934142 elementor-section-content-middle elementor-section-boxed elementor-section-height-default elementor-section-height-default\" data-id=\"62934142\" data-element_type=\"section\" data-e-type=\"section\">\n\t\t\t\t\t\t<div class=\"elementor-container elementor-column-gap-no\">\n\t\t\t\t\t<div class=\"elementor-column elementor-col-50 elementor-inner-column elementor-element elementor-element-3f60d47e\" data-id=\"3f60d47e\" data-element_type=\"column\" data-e-type=\"column\" data-settings=\"{&quot;background_background&quot;:&quot;classic&quot;}\">\n\t\t\t<div class=\"elementor-widget-wrap elementor-element-populated\">\n\t\t\t\t\t\t<div class=\"elementor-element elementor-element-14a2c3ae animated-slow elementor-invisible elementor-widget elementor-widget-heading\" data-id=\"14a2c3ae\" data-element_type=\"widget\" data-e-type=\"widget\" data-settings=\"{&quot;_animation&quot;:&quot;fadeInLeft&quot;}\" data-widget_type=\"heading.default\">\n\t\t\t\t<div class=\"elementor-widget-container\">\n\t\t\t\t\t<h5 class=\"elementor-heading-title elementor-size-default\">RENDEZ-VOUS OPHTAVAL<\/h5>\t\t\t\t<\/div>\n\t\t\t\t<\/div>\n\t\t\t\t<div class=\"elementor-element elementor-element-48280597 elementor-widget elementor-widget-heading\" data-id=\"48280597\" data-element_type=\"widget\" data-e-type=\"widget\" data-widget_type=\"heading.default\">\n\t\t\t\t<div class=\"elementor-widget-container\">\n\t\t\t\t\t<h2 class=\"elementor-heading-title elementor-size-default\">Prise de rendez-vous en ligne<\/h2>\t\t\t\t<\/div>\n\t\t\t\t<\/div>\n\t\t\t\t<div class=\"elementor-element elementor-element-3dd811f0 elementor-widget elementor-widget-text-editor\" data-id=\"3dd811f0\" data-element_type=\"widget\" data-e-type=\"widget\" data-widget_type=\"text-editor.default\">\n\t\t\t\t<div class=\"elementor-widget-container\">\n\t\t\t\t\t\t\t\t\t<p>Pour faciliter votre prise de rendez-vous avec nos m\u00e9decins, notre centre d&rsquo;ophtalmologie de La Valette du Var vous propose une prise de rendez-vous en ligne. Choisissez votre consultant, le jour et l&rsquo;heure pour votre consultation.\u00a0<\/p>\t\t\t\t\t\t\t\t<\/div>\n\t\t\t\t<\/div>\n\t\t\t\t<div class=\"elementor-element elementor-element-72d984ef elementor-align-left elementor-widget elementor-widget-button\" data-id=\"72d984ef\" data-element_type=\"widget\" data-e-type=\"widget\" data-widget_type=\"button.default\">\n\t\t\t\t<div class=\"elementor-widget-container\">\n\t\t\t\t\t\t\t\t\t<div class=\"elementor-button-wrapper\">\n\t\t\t\t\t<a class=\"elementor-button elementor-button-link elementor-size-sm elementor-animation-float\" href=\"https:\/\/www.doctolib.fr\/cabinet-medical\/la-valette-du-var\/ophtaval\">\n\t\t\t\t\t\t<span class=\"elementor-button-content-wrapper\">\n\t\t\t\t\t\t\t\t\t<span class=\"elementor-button-text\">PRENDRE RENDEZ-VOUS EN LIGNE \u2192<\/span>\n\t\t\t\t\t<\/span>\n\t\t\t\t\t<\/a>\n\t\t\t\t<\/div>\n\t\t\t\t\t\t\t\t<\/div>\n\t\t\t\t<\/div>\n\t\t\t\t\t<\/div>\n\t\t<\/div>\n\t\t\t\t<div class=\"elementor-column elementor-col-50 elementor-inner-column elementor-element elementor-element-59ee679d\" data-id=\"59ee679d\" data-element_type=\"column\" data-e-type=\"column\" data-settings=\"{&quot;background_background&quot;:&quot;classic&quot;}\">\n\t\t\t<div class=\"elementor-widget-wrap elementor-element-populated\">\n\t\t\t\t\t\t<div class=\"elementor-element elementor-element-4829b8d1 elementor-widget elementor-widget-jkit_testimonials\" data-id=\"4829b8d1\" data-element_type=\"widget\" data-e-type=\"widget\" data-widget_type=\"jkit_testimonials.default\">\n\t\t\t\t<div class=\"elementor-widget-container\">\n\t\t\t\t\t<div  class=\"jeg-elementor-kit jkit-testimonials arrow-middle-edge style-2 quote-override jeg_module__1_69f257aba74a0\"  data-id=\"jeg_module__1_69f257aba74a0\" data-settings=\"{&quot;autoplay&quot;:true,&quot;autoplay_speed&quot;:3500,&quot;autoplay_hover_pause&quot;:false,&quot;show_navigation&quot;:false,&quot;navigation_left&quot;:&quot;&lt;span&gt;&lt;i aria-hidden=\\&quot;true\\&quot; class=\\&quot;fas fa-angle-left\\&quot;&gt;&lt;\\\/i&gt;&lt;\\\/span&gt;&quot;,&quot;navigation_right&quot;:&quot;&lt;span&gt;&lt;i aria-hidden=\\&quot;true\\&quot; class=\\&quot;fas fa-angle-right\\&quot;&gt;&lt;\\\/i&gt;&lt;\\\/span&gt;&quot;,&quot;show_dots&quot;:true,&quot;arrow_position&quot;:&quot;bottom&quot;,&quot;responsive&quot;:{&quot;desktop&quot;:{&quot;items&quot;:1,&quot;margin&quot;:10,&quot;breakpoint&quot;:1025},&quot;tablet&quot;:{&quot;items&quot;:1,&quot;margin&quot;:10,&quot;breakpoint&quot;:768},&quot;mobile&quot;:{&quot;items&quot;:1,&quot;margin&quot;:10,&quot;breakpoint&quot;:0}}}\"><div class=\"testimonials-list\">\n            <div class=\"testimonials-track\"><div class=\"testimonial-item  elementor-repeater-item-6e9b2e1\">\n                    <div class=\"testimonial-box hover-from-left\" >\n                        <div class=\"icon-content\"><i aria-hidden=\"true\" class=\"jki jki-quote-left-solid\"><\/i><\/div>\n                    <div class=\"comment-content\"><p>Rien a redire sur la prise de rendez-vous via Doctolib, c'est facile et l'heure du rdv a \u00e9t\u00e9 respect\u00e9e et le personnel est comp\u00e9tent !<\/p><\/div>\n                    <div class=\"comment-header\"><ul class=\"rating-stars\"><\/ul><\/div>\n                    <div class=\"comment-bio\"><div class=\"bio-details\">\n                <div class=\"profile-image\"><\/div>\n                <span class=\"profile-info\">\n                    <strong class=\"profile-name\">Shinseiki<\/strong>\n                    <p class=\"profile-des\">Avis google<\/p>\n                <\/span>\n            <\/div><\/div>\n                    <\/div>\n                <\/div><div class=\"testimonial-item  elementor-repeater-item-aadab23\">\n                    <div class=\"testimonial-box hover-from-left\" >\n                        <div class=\"icon-content\"><i aria-hidden=\"true\" class=\"jki jki-quote-left-solid\"><\/i><\/div>\n                    <div class=\"comment-content\"><p>Enfin un ophtalmo qui trouve ce qu'a ma fille apr\u00e8s six mois de traitements qui n'ont fait aucune am\u00e9lioration !<\/p><\/div>\n                    <div class=\"comment-header\"><ul class=\"rating-stars\"><\/ul><\/div>\n                    <div class=\"comment-bio\"><div class=\"bio-details\">\n                <div class=\"profile-image\"><\/div>\n                <span class=\"profile-info\">\n                    <strong class=\"profile-name\">Nathalie Demotie<\/strong>\n                    <p class=\"profile-des\">Avis google<\/p>\n                <\/span>\n            <\/div><\/div>\n                    <\/div>\n                <\/div><div class=\"testimonial-item  elementor-repeater-item-cf4260e\">\n                    <div class=\"testimonial-box hover-from-left\" >\n                        <div class=\"icon-content\"><i aria-hidden=\"true\" class=\"jki jki-quote-left-solid\"><\/i><\/div>\n                    <div class=\"comment-content\"><p>Bon accueil, ophtamologue comp\u00e9tente et gentille !<\/p><\/div>\n                    <div class=\"comment-header\"><ul class=\"rating-stars\"><\/ul><\/div>\n                    <div class=\"comment-bio\"><div class=\"bio-details\">\n                <div class=\"profile-image\"><\/div>\n                <span class=\"profile-info\">\n                    <strong class=\"profile-name\">Jeannice<\/strong>\n                    <p class=\"profile-des\">Avis google<\/p>\n                <\/span>\n            <\/div><\/div>\n                    <\/div>\n                <\/div><div class=\"testimonial-item  elementor-repeater-item-07f47b5\">\n                    <div class=\"testimonial-box hover-from-left\" >\n                        <div class=\"icon-content\"><i aria-hidden=\"true\" class=\"jki jki-quote-left-solid\"><\/i><\/div>\n                    <div class=\"comment-content\"><p>Parfait.  \u00c9quipe s\u00e9rieuse, cabinet impeccable !<\/p><\/div>\n                    <div class=\"comment-header\"><ul class=\"rating-stars\"><\/ul><\/div>\n                    <div class=\"comment-bio\"><div class=\"bio-details\">\n                <div class=\"profile-image\"><\/div>\n                <span class=\"profile-info\">\n                    <strong class=\"profile-name\">Cecilien<\/strong>\n                    <p class=\"profile-des\">Avis google<\/p>\n                <\/span>\n            <\/div><\/div>\n                    <\/div>\n                <\/div><\/div>\n        <\/div><\/div>\t\t\t\t<\/div>\n\t\t\t\t<\/div>\n\t\t\t\t\t<\/div>\n\t\t<\/div>\n\t\t\t\t\t<\/div>\n\t\t<\/section>\n\t\t\t\t\t<\/div>\n\t\t<\/div>\n\t\t\t\t\t<\/div>\n\t\t<\/section>\n\t\t\t\t<\/div>\n\t\t","protected":false},"excerpt":{"rendered":"<p>La consultation ophtalmologique Accueil \/ La consultation ophtalmologique OPHTAVAL, CENTRE D&rsquo;OPHTALMOLOGIE DE LA VALETTE DU VAR La consultation ophtalmologique L\u2019\u0153il est un organe sensoriel des plus pr\u00e9cieux. Diff\u00e9rentes probl\u00e8mes et\/ou maladies peuvent cependant nuire \u00e0 son bon fonctionnement. Les ophtamologistes de notre centre interviennent&nbsp;&nbsp;sur le plan de la pr\u00e9vention, du diagnostic et du traitement de [&hellip;]<\/p>\n","protected":false},"author":1,"featured_media":0,"parent":0,"menu_order":0,"comment_status":"closed","ping_status":"closed","template":"elementor_header_footer","meta":{"footnotes":""},"class_list":["post-297","page","type-page","status-publish","hentry"],"yoast_head":"<!-- This site is optimized with the Yoast SEO plugin v27.5 - https:\/\/yoast.com\/product\/yoast-seo-wordpress\/ -->\n<title>La consultation ophtalmologique - Ophtalmologie Var<\/title>\n<meta name=\"description\" content=\"La consultation ophtalmologique - Centre D&#039;ophtalmologie de la Valette du Var - consultation &amp; chirurgie d&#039;ophtalmologie\" \/>\n<meta name=\"robots\" content=\"index, follow, max-snippet:-1, max-image-preview:large, max-video-preview:-1\" \/>\n<link rel=\"canonical\" href=\"https:\/\/ophtalmo-toulon.com\/index.php\/la-consultation-ophtalmologique-2\/\" \/>\n<meta property=\"og:locale\" content=\"fr_FR\" \/>\n<meta property=\"og:type\" content=\"article\" \/>\n<meta property=\"og:title\" content=\"La consultation ophtalmologique - Ophtalmologie Var\" \/>\n<meta property=\"og:description\" content=\"La consultation ophtalmologique - Centre D&#039;ophtalmologie de la Valette du Var - consultation &amp; chirurgie d&#039;ophtalmologie\" \/>\n<meta property=\"og:url\" content=\"https:\/\/ophtalmo-toulon.com\/index.php\/la-consultation-ophtalmologique-2\/\" \/>\n<meta property=\"og:site_name\" content=\"Ophtaval\" \/>\n<meta property=\"article:modified_time\" content=\"2022-03-01T10:05:42+00:00\" \/>\n<meta property=\"og:image\" content=\"https:\/\/ophtalmo-toulon.com\/wp-content\/uploads\/elementor\/thumbs\/ophthalmology-concept-patient-eye-vision-examinat-2021-08-27-09-36-21-utc-pkzq7qn5aja3zrjypi7p65yxarx5pq26qvqbhxge3c.jpg\" \/>\n<meta name=\"twitter:card\" content=\"summary_large_image\" \/>\n<meta name=\"twitter:label1\" content=\"Dur\u00e9e de lecture estim\u00e9e\" \/>\n\t<meta name=\"twitter:data1\" content=\"3 minutes\" \/>\n<script type=\"application\/ld+json\" class=\"yoast-schema-graph\">{\"@context\":\"https:\\\/\\\/schema.org\",\"@graph\":[{\"@type\":\"WebPage\",\"@id\":\"https:\\\/\\\/ophtalmo-toulon.com\\\/index.php\\\/la-consultation-ophtalmologique-2\\\/\",\"url\":\"https:\\\/\\\/ophtalmo-toulon.com\\\/index.php\\\/la-consultation-ophtalmologique-2\\\/\",\"name\":\"La consultation ophtalmologique - Ophtalmologie Var\",\"isPartOf\":{\"@id\":\"https:\\\/\\\/ophtalmo-toulon.com\\\/#website\"},\"primaryImageOfPage\":{\"@id\":\"https:\\\/\\\/ophtalmo-toulon.com\\\/index.php\\\/la-consultation-ophtalmologique-2\\\/#primaryimage\"},\"image\":{\"@id\":\"https:\\\/\\\/ophtalmo-toulon.com\\\/index.php\\\/la-consultation-ophtalmologique-2\\\/#primaryimage\"},\"thumbnailUrl\":\"https:\\\/\\\/ophtalmo-toulon.com\\\/wp-content\\\/uploads\\\/elementor\\\/thumbs\\\/ophthalmology-concept-patient-eye-vision-examinat-2021-08-27-09-36-21-utc-pkzq7qn5aja3zrjypi7p65yxarx5pq26qvqbhxge3c.jpg\",\"datePublished\":\"2022-02-24T16:56:23+00:00\",\"dateModified\":\"2022-03-01T10:05:42+00:00\",\"description\":\"La consultation ophtalmologique - Centre D'ophtalmologie de la Valette du Var - consultation & chirurgie d'ophtalmologie\",\"breadcrumb\":{\"@id\":\"https:\\\/\\\/ophtalmo-toulon.com\\\/index.php\\\/la-consultation-ophtalmologique-2\\\/#breadcrumb\"},\"inLanguage\":\"fr-FR\",\"potentialAction\":[{\"@type\":\"ReadAction\",\"target\":[\"https:\\\/\\\/ophtalmo-toulon.com\\\/index.php\\\/la-consultation-ophtalmologique-2\\\/\"]}]},{\"@type\":\"ImageObject\",\"inLanguage\":\"fr-FR\",\"@id\":\"https:\\\/\\\/ophtalmo-toulon.com\\\/index.php\\\/la-consultation-ophtalmologique-2\\\/#primaryimage\",\"url\":\"https:\\\/\\\/ophtalmo-toulon.com\\\/wp-content\\\/uploads\\\/elementor\\\/thumbs\\\/ophthalmology-concept-patient-eye-vision-examinat-2021-08-27-09-36-21-utc-pkzq7qn5aja3zrjypi7p65yxarx5pq26qvqbhxge3c.jpg\",\"contentUrl\":\"https:\\\/\\\/ophtalmo-toulon.com\\\/wp-content\\\/uploads\\\/elementor\\\/thumbs\\\/ophthalmology-concept-patient-eye-vision-examinat-2021-08-27-09-36-21-utc-pkzq7qn5aja3zrjypi7p65yxarx5pq26qvqbhxge3c.jpg\"},{\"@type\":\"BreadcrumbList\",\"@id\":\"https:\\\/\\\/ophtalmo-toulon.com\\\/index.php\\\/la-consultation-ophtalmologique-2\\\/#breadcrumb\",\"itemListElement\":[{\"@type\":\"ListItem\",\"position\":1,\"name\":\"Accueil\",\"item\":\"https:\\\/\\\/ophtalmo-toulon.com\\\/\"},{\"@type\":\"ListItem\",\"position\":2,\"name\":\"La consultation ophtalmologique\"}]},{\"@type\":\"WebSite\",\"@id\":\"https:\\\/\\\/ophtalmo-toulon.com\\\/#website\",\"url\":\"https:\\\/\\\/ophtalmo-toulon.com\\\/\",\"name\":\"Ophtaval\",\"description\":\"Ophtalmologie La Valette du Var\",\"potentialAction\":[{\"@type\":\"SearchAction\",\"target\":{\"@type\":\"EntryPoint\",\"urlTemplate\":\"https:\\\/\\\/ophtalmo-toulon.com\\\/?s={search_term_string}\"},\"query-input\":{\"@type\":\"PropertyValueSpecification\",\"valueRequired\":true,\"valueName\":\"search_term_string\"}}],\"inLanguage\":\"fr-FR\"}]}<\/script>\n<!-- \/ Yoast SEO plugin. -->","yoast_head_json":{"title":"La consultation ophtalmologique - Ophtalmologie Var","description":"La consultation ophtalmologique - Centre D'ophtalmologie de la Valette du Var - consultation & chirurgie d'ophtalmologie","robots":{"index":"index","follow":"follow","max-snippet":"max-snippet:-1","max-image-preview":"max-image-preview:large","max-video-preview":"max-video-preview:-1"},"canonical":"https:\/\/ophtalmo-toulon.com\/index.php\/la-consultation-ophtalmologique-2\/","og_locale":"fr_FR","og_type":"article","og_title":"La consultation ophtalmologique - Ophtalmologie Var","og_description":"La consultation ophtalmologique - Centre D'ophtalmologie de la Valette du Var - consultation & chirurgie d'ophtalmologie","og_url":"https:\/\/ophtalmo-toulon.com\/index.php\/la-consultation-ophtalmologique-2\/","og_site_name":"Ophtaval","article_modified_time":"2022-03-01T10:05:42+00:00","og_image":[{"url":"https:\/\/ophtalmo-toulon.com\/wp-content\/uploads\/elementor\/thumbs\/ophthalmology-concept-patient-eye-vision-examinat-2021-08-27-09-36-21-utc-pkzq7qn5aja3zrjypi7p65yxarx5pq26qvqbhxge3c.jpg","type":"","width":"","height":""}],"twitter_card":"summary_large_image","twitter_misc":{"Dur\u00e9e de lecture estim\u00e9e":"3 minutes"},"schema":{"@context":"https:\/\/schema.org","@graph":[{"@type":"WebPage","@id":"https:\/\/ophtalmo-toulon.com\/index.php\/la-consultation-ophtalmologique-2\/","url":"https:\/\/ophtalmo-toulon.com\/index.php\/la-consultation-ophtalmologique-2\/","name":"La consultation ophtalmologique - Ophtalmologie Var","isPartOf":{"@id":"https:\/\/ophtalmo-toulon.com\/#website"},"primaryImageOfPage":{"@id":"https:\/\/ophtalmo-toulon.com\/index.php\/la-consultation-ophtalmologique-2\/#primaryimage"},"image":{"@id":"https:\/\/ophtalmo-toulon.com\/index.php\/la-consultation-ophtalmologique-2\/#primaryimage"},"thumbnailUrl":"https:\/\/ophtalmo-toulon.com\/wp-content\/uploads\/elementor\/thumbs\/ophthalmology-concept-patient-eye-vision-examinat-2021-08-27-09-36-21-utc-pkzq7qn5aja3zrjypi7p65yxarx5pq26qvqbhxge3c.jpg","datePublished":"2022-02-24T16:56:23+00:00","dateModified":"2022-03-01T10:05:42+00:00","description":"La consultation ophtalmologique - Centre D'ophtalmologie de la Valette du Var - consultation & chirurgie d'ophtalmologie","breadcrumb":{"@id":"https:\/\/ophtalmo-toulon.com\/index.php\/la-consultation-ophtalmologique-2\/#breadcrumb"},"inLanguage":"fr-FR","potentialAction":[{"@type":"ReadAction","target":["https:\/\/ophtalmo-toulon.com\/index.php\/la-consultation-ophtalmologique-2\/"]}]},{"@type":"ImageObject","inLanguage":"fr-FR","@id":"https:\/\/ophtalmo-toulon.com\/index.php\/la-consultation-ophtalmologique-2\/#primaryimage","url":"https:\/\/ophtalmo-toulon.com\/wp-content\/uploads\/elementor\/thumbs\/ophthalmology-concept-patient-eye-vision-examinat-2021-08-27-09-36-21-utc-pkzq7qn5aja3zrjypi7p65yxarx5pq26qvqbhxge3c.jpg","contentUrl":"https:\/\/ophtalmo-toulon.com\/wp-content\/uploads\/elementor\/thumbs\/ophthalmology-concept-patient-eye-vision-examinat-2021-08-27-09-36-21-utc-pkzq7qn5aja3zrjypi7p65yxarx5pq26qvqbhxge3c.jpg"},{"@type":"BreadcrumbList","@id":"https:\/\/ophtalmo-toulon.com\/index.php\/la-consultation-ophtalmologique-2\/#breadcrumb","itemListElement":[{"@type":"ListItem","position":1,"name":"Accueil","item":"https:\/\/ophtalmo-toulon.com\/"},{"@type":"ListItem","position":2,"name":"La consultation ophtalmologique"}]},{"@type":"WebSite","@id":"https:\/\/ophtalmo-toulon.com\/#website","url":"https:\/\/ophtalmo-toulon.com\/","name":"Ophtaval","description":"Ophtalmologie La Valette du Var","potentialAction":[{"@type":"SearchAction","target":{"@type":"EntryPoint","urlTemplate":"https:\/\/ophtalmo-toulon.com\/?s={search_term_string}"},"query-input":{"@type":"PropertyValueSpecification","valueRequired":true,"valueName":"search_term_string"}}],"inLanguage":"fr-FR"}]}},"_links":{"self":[{"href":"https:\/\/ophtalmo-toulon.com\/index.php\/wp-json\/wp\/v2\/pages\/297","targetHints":{"allow":["GET"]}}],"collection":[{"href":"https:\/\/ophtalmo-toulon.com\/index.php\/wp-json\/wp\/v2\/pages"}],"about":[{"href":"https:\/\/ophtalmo-toulon.com\/index.php\/wp-json\/wp\/v2\/types\/page"}],"author":[{"embeddable":true,"href":"https:\/\/ophtalmo-toulon.com\/index.php\/wp-json\/wp\/v2\/users\/1"}],"replies":[{"embeddable":true,"href":"https:\/\/ophtalmo-toulon.com\/index.php\/wp-json\/wp\/v2\/comments?post=297"}],"version-history":[{"count":17,"href":"https:\/\/ophtalmo-toulon.com\/index.php\/wp-json\/wp\/v2\/pages\/297\/revisions"}],"predecessor-version":[{"id":655,"href":"https:\/\/ophtalmo-toulon.com\/index.php\/wp-json\/wp\/v2\/pages\/297\/revisions\/655"}],"wp:attachment":[{"href":"https:\/\/ophtalmo-toulon.com\/index.php\/wp-json\/wp\/v2\/media?parent=297"}],"curies":[{"name":"wp","href":"https:\/\/api.w.org\/{rel}","templated":true}]}}