{"id":327,"date":"2022-02-28T09:01:40","date_gmt":"2022-02-28T09:01:40","guid":{"rendered":"https:\/\/toty.fr\/ophtalmologievar\/?page_id=327"},"modified":"2026-02-17T17:19:40","modified_gmt":"2026-02-17T17:19:40","slug":"la-chirurgie-de-la-cataracte","status":"publish","type":"page","link":"https:\/\/ophtalmo-toulon.com\/index.php\/la-chirurgie-de-la-cataracte\/","title":{"rendered":"La chirurgie de la cataracte"},"content":{"rendered":"\t\t<div data-elementor-type=\"wp-page\" data-elementor-id=\"327\" class=\"elementor elementor-327\">\n\t\t\t\t\t\t<section class=\"elementor-section elementor-top-section elementor-element elementor-element-520ab0f8 elementor-section-stretched elementor-section-height-min-height elementor-section-boxed elementor-section-height-default elementor-section-items-middle\" data-id=\"520ab0f8\" data-element_type=\"section\" data-e-type=\"section\" data-settings=\"{&quot;background_background&quot;:&quot;classic&quot;,&quot;stretch_section&quot;:&quot;section-stretched&quot;}\">\n\t\t\t\t\t\t\t<div class=\"elementor-background-overlay\"><\/div>\n\t\t\t\t\t\t\t<div class=\"elementor-container elementor-column-gap-no\">\n\t\t\t\t\t<div class=\"elementor-column elementor-col-100 elementor-top-column elementor-element elementor-element-4823ecb6\" data-id=\"4823ecb6\" data-element_type=\"column\" data-e-type=\"column\">\n\t\t\t<div class=\"elementor-widget-wrap elementor-element-populated\">\n\t\t\t\t\t\t<div class=\"elementor-element elementor-element-5b576d88 elementor-widget elementor-widget-heading\" data-id=\"5b576d88\" data-element_type=\"widget\" data-e-type=\"widget\" data-widget_type=\"heading.default\">\n\t\t\t\t<div class=\"elementor-widget-container\">\n\t\t\t\t\t<h1 class=\"elementor-heading-title elementor-size-default\">La chirurgie de la cataracte<\/h1>\t\t\t\t<\/div>\n\t\t\t\t<\/div>\n\t\t\t\t<div class=\"elementor-element elementor-element-11406ec elementor-widget__width-auto elementor-widget elementor-widget-text-editor\" data-id=\"11406ec\" data-element_type=\"widget\" data-e-type=\"widget\" data-widget_type=\"text-editor.default\">\n\t\t\t\t<div class=\"elementor-widget-container\">\n\t\t\t\t\t\t\t\t\t<p>Accueil \/<\/p>\t\t\t\t\t\t\t\t<\/div>\n\t\t\t\t<\/div>\n\t\t\t\t<div class=\"elementor-element elementor-element-1f03362b elementor-widget__width-auto elementor-widget elementor-widget-text-editor\" data-id=\"1f03362b\" data-element_type=\"widget\" data-e-type=\"widget\" data-widget_type=\"text-editor.default\">\n\t\t\t\t<div class=\"elementor-widget-container\">\n\t\t\t\t\t\t\t\t\t<p>La chirurgie de la cataracte<\/p>\t\t\t\t\t\t\t\t<\/div>\n\t\t\t\t<\/div>\n\t\t\t\t\t<\/div>\n\t\t<\/div>\n\t\t\t\t\t<\/div>\n\t\t<\/section>\n\t\t\t\t<section class=\"elementor-section elementor-top-section elementor-element elementor-element-27055a14 elementor-section-content-middle elementor-section-stretched elementor-section-boxed elementor-section-height-default elementor-section-height-default\" data-id=\"27055a14\" data-element_type=\"section\" data-e-type=\"section\" data-settings=\"{&quot;background_background&quot;:&quot;classic&quot;,&quot;stretch_section&quot;:&quot;section-stretched&quot;}\">\n\t\t\t\t\t\t<div class=\"elementor-container elementor-column-gap-no\">\n\t\t\t\t\t<div class=\"elementor-column elementor-col-50 elementor-top-column elementor-element elementor-element-6711f52c\" data-id=\"6711f52c\" data-element_type=\"column\" data-e-type=\"column\">\n\t\t\t<div class=\"elementor-widget-wrap elementor-element-populated\">\n\t\t\t\t\t\t<div class=\"elementor-element elementor-element-2671fcc3 animated-slow elementor-invisible elementor-widget elementor-widget-heading\" data-id=\"2671fcc3\" data-element_type=\"widget\" data-e-type=\"widget\" data-settings=\"{&quot;_animation&quot;:&quot;fadeInLeft&quot;}\" data-widget_type=\"heading.default\">\n\t\t\t\t<div class=\"elementor-widget-container\">\n\t\t\t\t\t<h5 class=\"elementor-heading-title elementor-size-default\">OPHTAVAL, CENTRE D'OPHTALMOLOGIE DE LA VALETTE DU VAR<\/h5>\t\t\t\t<\/div>\n\t\t\t\t<\/div>\n\t\t\t\t<div class=\"elementor-element elementor-element-4f249000 elementor-widget elementor-widget-heading\" data-id=\"4f249000\" data-element_type=\"widget\" data-e-type=\"widget\" data-widget_type=\"heading.default\">\n\t\t\t\t<div class=\"elementor-widget-container\">\n\t\t\t\t\t<h2 class=\"elementor-heading-title elementor-size-default\">La chirurgie de la cataracte<\/h2>\t\t\t\t<\/div>\n\t\t\t\t<\/div>\n\t\t\t\t<div class=\"elementor-element elementor-element-57b28c3d elementor-widget elementor-widget-text-editor\" data-id=\"57b28c3d\" data-element_type=\"widget\" data-e-type=\"widget\" data-widget_type=\"text-editor.default\">\n\t\t\t\t<div class=\"elementor-widget-container\">\n\t\t\t\t\t\t\t\t\t<p><span style=\"color: #333333;\">La cataracte est une maladie qui atteint g\u00e9n\u00e9ralement les personnes \u00e2g\u00e9es.\u00a0<\/span><span style=\"color: #333333;\">Une personne peut en \u00eatre touch\u00e9e d\u00e8s l\u2019\u00e2ge de 50 ans, voire moins, et l\u2019on estime que la cataracte atteint 85% \u00a0des personnes qui ont plus de 85 ans.<\/span><br \/><span style=\"color: #333333;\"><strong>Actuellement, la chirurgie est la seule\u00a0solution\u00a0pour y rem\u00e9dier.<\/strong><\/span><\/p>\t\t\t\t\t\t\t\t<\/div>\n\t\t\t\t<\/div>\n\t\t\t\t<div class=\"elementor-element elementor-element-02b7737 elementor-widget elementor-widget-heading\" data-id=\"02b7737\" data-element_type=\"widget\" data-e-type=\"widget\" data-widget_type=\"heading.default\">\n\t\t\t\t<div class=\"elementor-widget-container\">\n\t\t\t\t\t<h2 class=\"elementor-heading-title elementor-size-default\">Pourquoi une op\u00e9ration de la cataracte\u00a0?<\/h2>\t\t\t\t<\/div>\n\t\t\t\t<\/div>\n\t\t\t\t<div class=\"elementor-element elementor-element-0543d54 elementor-widget elementor-widget-text-editor\" data-id=\"0543d54\" data-element_type=\"widget\" data-e-type=\"widget\" data-widget_type=\"text-editor.default\">\n\t\t\t\t<div class=\"elementor-widget-container\">\n\t\t\t\t\t\t\t\t\t<p><span style=\"color: #333333;\">Le cristallin, qui fait fonction de lentille \u00e0 l\u2019int\u00e9rieur de l\u2019\u0153il, permet le passage des rayons lumineux et de diriger l\u2019image sur la r\u00e9tine qui, elle-m\u00eame,\u00a0la\u00a0transmet au cerveau.<\/span><br \/><span style=\"color: #333333;\"><strong>La\u00a0cataracte apparait lorsque ce cristallin devient opaque et emp\u00eache le passage des rayons lumineux.<\/strong> Le patient\u00a0atteint de la maladie verra alors sa vision brouill\u00e9e malgr\u00e9 ses lunettes et ne percevra plus l\u2019intensit\u00e9 des couleurs.<\/span><br \/><span style=\"color: #333333;\">La cataracte peut atteindre les deux yeux (elle est dite bilat\u00e9rale), mais g\u00e9n\u00e9ralement un \u0153il est plus touch\u00e9 que l\u2019autre.<\/span><br \/><span style=\"color: #333333;\">Faute de traitement ad\u00e9quat, l\u2019opacit\u00e9 du cristallin \u00e9voluera, la pupille deviendra blanch\u00e2tre, et la maladie am\u00e8nera la c\u00e9cit\u00e9.\u00a0L\u2019\u00e9volution de la cataracte peut mettre des mois ou des ann\u00e9es.<\/span><\/p>\t\t\t\t\t\t\t\t<\/div>\n\t\t\t\t<\/div>\n\t\t\t\t\t<\/div>\n\t\t<\/div>\n\t\t\t\t<div class=\"elementor-column elementor-col-50 elementor-top-column elementor-element elementor-element-4093abc1 animated-slow elementor-invisible\" data-id=\"4093abc1\" data-element_type=\"column\" data-e-type=\"column\" data-settings=\"{&quot;animation&quot;:&quot;fadeInDown&quot;}\">\n\t\t\t<div class=\"elementor-widget-wrap elementor-element-populated\">\n\t\t\t\t\t\t<div class=\"elementor-element elementor-element-2d9ce1ef elementor-widget elementor-widget-image\" data-id=\"2d9ce1ef\" data-element_type=\"widget\" data-e-type=\"widget\" data-widget_type=\"image.default\">\n\t\t\t\t<div class=\"elementor-widget-container\">\n\t\t\t\t\t\t\t\t\t\t\t\t\t\t\t<img decoding=\"async\" src=\"https:\/\/ophtalmo-toulon.com\/wp-content\/uploads\/elementor\/thumbs\/old-man-reading-newspaper-2021-09-02-08-35-11-utc-pmmiise6l9lui9m5urytlmnth7nlw1d25re4ry5pw8.jpg\" title=\"La chirurgie de la cataracte Centre D&rsquo;ophtalmologie de la Valette du Var &#8211; consultation &#038; chirurgie d&rsquo;ophtalmologie\" alt=\"La chirurgie de la cataracte Centre D&#039;ophtalmologie de la Valette du Var - consultation &amp; chirurgie d&#039;ophtalmologie\" class=\"elementor-animation-shrink\" loading=\"lazy\" \/>\t\t\t\t\t\t\t\t\t\t\t\t\t\t\t<\/div>\n\t\t\t\t<\/div>\n\t\t\t\t\t<\/div>\n\t\t<\/div>\n\t\t\t\t\t<\/div>\n\t\t<\/section>\n\t\t\t\t<section class=\"elementor-section elementor-top-section elementor-element elementor-element-f61e6a1 elementor-section-stretched elementor-section-boxed elementor-section-height-default elementor-section-height-default\" data-id=\"f61e6a1\" data-element_type=\"section\" data-e-type=\"section\" data-settings=\"{&quot;stretch_section&quot;:&quot;section-stretched&quot;,&quot;background_background&quot;:&quot;classic&quot;}\">\n\t\t\t\t\t\t<div class=\"elementor-container elementor-column-gap-default\">\n\t\t\t\t\t<div class=\"elementor-column elementor-col-100 elementor-top-column elementor-element elementor-element-fd46d22\" data-id=\"fd46d22\" data-element_type=\"column\" data-e-type=\"column\">\n\t\t\t<div class=\"elementor-widget-wrap elementor-element-populated\">\n\t\t\t\t\t\t<div class=\"elementor-element elementor-element-221bbba elementor-widget elementor-widget-heading\" data-id=\"221bbba\" data-element_type=\"widget\" data-e-type=\"widget\" data-widget_type=\"heading.default\">\n\t\t\t\t<div class=\"elementor-widget-container\">\n\t\t\t\t\t<h3 class=\"elementor-heading-title elementor-size-default\">Comment se d\u00e9roule l\u2019intervention  ?<\/h3>\t\t\t\t<\/div>\n\t\t\t\t<\/div>\n\t\t\t\t<section class=\"elementor-section elementor-inner-section elementor-element elementor-element-8269a7b elementor-section-boxed elementor-section-height-default elementor-section-height-default\" data-id=\"8269a7b\" data-element_type=\"section\" data-e-type=\"section\">\n\t\t\t\t\t\t<div class=\"elementor-container elementor-column-gap-default\">\n\t\t\t\t\t<div class=\"elementor-column elementor-col-50 elementor-inner-column elementor-element elementor-element-893b49d\" data-id=\"893b49d\" data-element_type=\"column\" data-e-type=\"column\">\n\t\t\t<div class=\"elementor-widget-wrap elementor-element-populated\">\n\t\t\t\t\t\t<div class=\"elementor-element elementor-element-10ed906 elementor-widget elementor-widget-text-editor\" data-id=\"10ed906\" data-element_type=\"widget\" data-e-type=\"widget\" data-widget_type=\"text-editor.default\">\n\t\t\t\t<div class=\"elementor-widget-container\">\n\t\t\t\t\t\t\t\t\t<p><span style=\"color: #333333;\"><strong>L\u2019intervention chirurgicale de la cataracte consiste\u00a0\u00e0 retirer le cristallin opaque et \u00e0 lui substituer un implant.<\/strong><\/span><\/p><p><span style=\"color: #333333;\">Une consultation est indispensable avant l\u2019op\u00e9ration, d\u2019abord pour faire un bilan ophtalmologique mais \u00e9galement\u00a0pour relever les mesures n\u00e9cessaires (biom\u00e9trie) \u00e0\u00a0l\u2019adaptation du cristallin artificiel.<\/span><\/p><p><span style=\"color: #333333;\"><strong>L\u2019op\u00e9ration se d\u00e9roule sous anesth\u00e9sie locale,<\/strong> et un suivi post op\u00e9ratoire est indispensable.<\/span><\/p><p><span style=\"color: #333333;\"><strong>La technique par phako-\u00e9mulsififation aux\u00a0ultrasons est la plus s\u00fbre et la plus performante<\/strong><\/span><\/p><ul><li><span style=\"color: #333333;\">La dur\u00e9e du s\u00e9jour \u00e0 la clinique sera d\u2019environ trois\u00a0heures. Le centre ophtalmologique Saint Vincent vous accueille dans ses nouveaux locaux au sein de la clinique Saint Michel.<\/span><\/li><li><span style=\"color: #333333;\">L\u2019intervention se d\u00e9roule sous anesth\u00e9sie locale (instillation de collyres anesth\u00e9siants).<\/span><\/li><li><span style=\"color: #333333;\">L\u2019intervention se passe sous microscope op\u00e9ratoire qui permet une grande pr\u00e9cision dans les gestes.<\/span><\/li><li><span style=\"color: #333333;\">Le cristallin est d\u2019abord fragment\u00e9 par des ultrasons puis aspir\u00e9 par la technique dite de \u00ab\u00a0<em><strong>phako-emulsification<\/strong>\u00ab\u00a0<\/em>.\u00a0La capsule ou enveloppe post\u00e9rieure du cristallin est laiss\u00e9e en place.<\/span><\/li><li><span style=\"color: #333333;\">Ensuite le cristallin est remplac\u00e9 par une lentille synth\u00e9tique ou implant intraoculaire. Cet\u00a0implant peut-\u00eatre <strong>soit mono focal,<\/strong> calcul\u00e9 le plus souvent pour corriger la vision de loin sans lunettes,\u00a0<strong>soit\u00a0multi focal<\/strong>\u00a0permettant alors\u00a0d\u2019avoir la meilleure correction possible de loin et de pr\u00e8s.<\/span><\/li><li><span style=\"color: #333333;\">Les patients astigmates peuvent b\u00e9n\u00e9ficier d\u2019un <strong>implant torique<\/strong> corrigeant leur astigmatisme. <br \/><strong>Le choix de l\u2019implant fait l\u2019objet d\u2019une attention toute particuli\u00e8re.<\/strong><\/span><\/li><\/ul><p><span style=\"color: #333333;\">La vision est <strong>nettement am\u00e9lior\u00e9e<\/strong> apr\u00e8s quelques jours et est m\u00eame <strong>excellente<\/strong> si le nerf optique et la r\u00e9tine du patient sont encore en bon \u00e9tat.<\/span><\/p>\t\t\t\t\t\t\t\t<\/div>\n\t\t\t\t<\/div>\n\t\t\t\t\t<\/div>\n\t\t<\/div>\n\t\t\t\t<div class=\"elementor-column elementor-col-50 elementor-inner-column elementor-element elementor-element-6f975c9\" data-id=\"6f975c9\" data-element_type=\"column\" data-e-type=\"column\">\n\t\t\t<div class=\"elementor-widget-wrap elementor-element-populated\">\n\t\t\t\t\t\t<div class=\"elementor-element elementor-element-85a6bd6 elementor-widget elementor-widget-image\" data-id=\"85a6bd6\" data-element_type=\"widget\" data-e-type=\"widget\" data-widget_type=\"image.default\">\n\t\t\t\t<div class=\"elementor-widget-container\">\n\t\t\t\t\t\t\t\t\t\t\t\t\t\t\t<img decoding=\"async\" src=\"https:\/\/ophtalmo-toulon.com\/wp-content\/uploads\/elementor\/thumbs\/1000042685-rjapnx3ksjt1g3ovgk6otogmypmk8xpyoldyyf6wd4.jpg\" title=\"Chirurgie r\u00e9fractive \u00e0 Toulon\" alt=\"Chirurgie r\u00e9fractive \u00e0 Toulon\" class=\"elementor-animation-shrink\" loading=\"lazy\" \/>\t\t\t\t\t\t\t\t\t\t\t\t\t\t\t<\/div>\n\t\t\t\t<\/div>\n\t\t\t\t\t<\/div>\n\t\t<\/div>\n\t\t\t\t\t<\/div>\n\t\t<\/section>\n\t\t\t\t\t<\/div>\n\t\t<\/div>\n\t\t\t\t\t<\/div>\n\t\t<\/section>\n\t\t\t\t<section class=\"elementor-section elementor-top-section elementor-element elementor-element-f626210 elementor-section-content-middle elementor-section-stretched elementor-section-boxed elementor-section-height-default elementor-section-height-default\" data-id=\"f626210\" data-element_type=\"section\" data-e-type=\"section\" data-settings=\"{&quot;background_background&quot;:&quot;classic&quot;,&quot;stretch_section&quot;:&quot;section-stretched&quot;}\">\n\t\t\t\t\t\t<div class=\"elementor-container elementor-column-gap-no\">\n\t\t\t\t\t<div class=\"elementor-column elementor-col-50 elementor-top-column elementor-element elementor-element-ca93dc0 animated-slow elementor-invisible\" data-id=\"ca93dc0\" data-element_type=\"column\" data-e-type=\"column\" data-settings=\"{&quot;animation&quot;:&quot;fadeInDown&quot;}\">\n\t\t\t<div class=\"elementor-widget-wrap elementor-element-populated\">\n\t\t\t\t\t\t<div class=\"elementor-element elementor-element-6af1f74 elementor-widget elementor-widget-image\" data-id=\"6af1f74\" data-element_type=\"widget\" data-e-type=\"widget\" data-widget_type=\"image.default\">\n\t\t\t\t<div class=\"elementor-widget-container\">\n\t\t\t\t\t\t\t\t\t\t\t\t\t\t\t<img decoding=\"async\" src=\"https:\/\/ophtalmo-toulon.com\/wp-content\/uploads\/elementor\/thumbs\/IMG_2455-scaled-pmmiinozn3gjtehkadaltdij9z76dbsro34dfhemug.jpg\" title=\"IMG_2455\" alt=\"IMG_2455\" class=\"elementor-animation-shrink\" loading=\"lazy\" \/>\t\t\t\t\t\t\t\t\t\t\t\t\t\t\t<\/div>\n\t\t\t\t<\/div>\n\t\t\t\t\t<\/div>\n\t\t<\/div>\n\t\t\t\t<div class=\"elementor-column elementor-col-50 elementor-top-column elementor-element elementor-element-b0d2a7b\" data-id=\"b0d2a7b\" data-element_type=\"column\" data-e-type=\"column\">\n\t\t\t<div class=\"elementor-widget-wrap elementor-element-populated\">\n\t\t\t\t\t\t<div class=\"elementor-element elementor-element-aa7ce8c elementor-widget elementor-widget-heading\" data-id=\"aa7ce8c\" data-element_type=\"widget\" data-e-type=\"widget\" data-widget_type=\"heading.default\">\n\t\t\t\t<div class=\"elementor-widget-container\">\n\t\t\t\t\t<h2 class=\"elementor-heading-title elementor-size-default\">Les progr\u00e8s r\u00e9alis\u00e9s<\/h2>\t\t\t\t<\/div>\n\t\t\t\t<\/div>\n\t\t\t\t<div class=\"elementor-element elementor-element-b3e01fa elementor-widget elementor-widget-text-editor\" data-id=\"b3e01fa\" data-element_type=\"widget\" data-e-type=\"widget\" data-widget_type=\"text-editor.default\">\n\t\t\t\t<div class=\"elementor-widget-container\">\n\t\t\t\t\t\t\t\t\t<p><span style=\"color: #333333;\"><strong>Les mat\u00e9riaux ont \u00e9volu\u00e9 et l\u2019on dispose d\u00e9sormais d\u2019appareils plus s\u00e9curisants qui limitent les risques de complications:<\/strong><\/span><\/p><ul><li><span style=\"color: #333333;\"><strong>Les appareils de phako-\u00e9mulsification n\u2019ont cess\u00e9 de se perfectionner<\/strong> au cours de ces derni\u00e8res ann\u00e9es, devenant plus maniables et plus fiables.<\/span><\/li><li><span style=\"color: #333333;\">La pratique des micros incisions qui emp\u00eachent la fragilisation de l\u2019\u0153il est maintenant courante. \u00a0L\u2019incision principale mesure d\u00e9sormais 1.8 mm.<\/span><\/li><li><span style=\"color: #333333;\"><strong>Les implants ont aussi \u00e9volu\u00e9\u00a0: leur qualit\u00e9 optique est meilleure,<\/strong> certains assurent une meilleure protection de la r\u00e9tine, d\u2019autres diminuent les d\u00e9fauts optique et permettent dans certains cas de se passer de lunettes.<\/span><\/li><\/ul>\t\t\t\t\t\t\t\t<\/div>\n\t\t\t\t<\/div>\n\t\t\t\t<div class=\"elementor-element elementor-element-c38267b elementor-widget elementor-widget-heading\" data-id=\"c38267b\" data-element_type=\"widget\" data-e-type=\"widget\" data-widget_type=\"heading.default\">\n\t\t\t\t<div class=\"elementor-widget-container\">\n\t\t\t\t\t<h2 class=\"elementor-heading-title elementor-size-default\">Quelques questions\/r\u00e9ponses<\/h2>\t\t\t\t<\/div>\n\t\t\t\t<\/div>\n\t\t\t\t<div class=\"elementor-element elementor-element-c33f932 elementor-widget elementor-widget-accordion\" data-id=\"c33f932\" data-element_type=\"widget\" data-e-type=\"widget\" data-widget_type=\"accordion.default\">\n\t\t\t\t<div class=\"elementor-widget-container\">\n\t\t\t\t\t\t\t<div class=\"elementor-accordion\">\n\t\t\t\t\t\t\t<div class=\"elementor-accordion-item\">\n\t\t\t\t\t<div id=\"elementor-tab-title-2041\" class=\"elementor-tab-title\" data-tab=\"1\" role=\"button\" aria-controls=\"elementor-tab-content-2041\" aria-expanded=\"false\">\n\t\t\t\t\t\t\t\t\t\t\t\t\t<span class=\"elementor-accordion-icon elementor-accordion-icon-left\" aria-hidden=\"true\">\n\t\t\t\t\t\t\t\t\t\t\t\t\t\t\t<span class=\"elementor-accordion-icon-closed\"><i class=\"fas fa-plus\"><\/i><\/span>\n\t\t\t\t\t\t\t\t<span class=\"elementor-accordion-icon-opened\"><i class=\"fas fa-minus\"><\/i><\/span>\n\t\t\t\t\t\t\t\t\t\t\t\t\t\t<\/span>\n\t\t\t\t\t\t\t\t\t\t\t\t<a class=\"elementor-accordion-title\" tabindex=\"0\">L\u2019intervention fait elle mal ?<\/a>\n\t\t\t\t\t<\/div>\n\t\t\t\t\t<div id=\"elementor-tab-content-2041\" class=\"elementor-tab-content elementor-clearfix\" data-tab=\"1\" role=\"region\" aria-labelledby=\"elementor-tab-title-2041\"><p><span style=\"color: #333333;\"><strong>NON<\/strong>.\u00a0Des gouttes anesth\u00e9siantes insensibilisent la surface de votre oeil.\u00a0Les anesth\u00e9sistes sont sp\u00e9cialis\u00e9s en ophtalmologie au centre Saint-Vincent.<\/span><\/p><\/div>\n\t\t\t\t<\/div>\n\t\t\t\t\t\t\t<div class=\"elementor-accordion-item\">\n\t\t\t\t\t<div id=\"elementor-tab-title-2042\" class=\"elementor-tab-title\" data-tab=\"2\" role=\"button\" aria-controls=\"elementor-tab-content-2042\" aria-expanded=\"false\">\n\t\t\t\t\t\t\t\t\t\t\t\t\t<span class=\"elementor-accordion-icon elementor-accordion-icon-left\" aria-hidden=\"true\">\n\t\t\t\t\t\t\t\t\t\t\t\t\t\t\t<span class=\"elementor-accordion-icon-closed\"><i class=\"fas fa-plus\"><\/i><\/span>\n\t\t\t\t\t\t\t\t<span class=\"elementor-accordion-icon-opened\"><i class=\"fas fa-minus\"><\/i><\/span>\n\t\t\t\t\t\t\t\t\t\t\t\t\t\t<\/span>\n\t\t\t\t\t\t\t\t\t\t\t\t<a class=\"elementor-accordion-title\" tabindex=\"0\">Aurais je besoin de lunettes apr\u00e8s l\u2019intervention ?<\/a>\n\t\t\t\t\t<\/div>\n\t\t\t\t\t<div id=\"elementor-tab-content-2042\" class=\"elementor-tab-content elementor-clearfix\" data-tab=\"2\" role=\"region\" aria-labelledby=\"elementor-tab-title-2042\"><p><span style=\"color: #333333;\">La mise en place de l\u2019implant intraoculaire corrige les d\u00e9fauts visuels. Le choix du type d\u2019implant fait l\u2019objet d\u2019une consultation sp\u00e9cifique.<\/span><\/p><\/div>\n\t\t\t\t<\/div>\n\t\t\t\t\t\t\t<div class=\"elementor-accordion-item\">\n\t\t\t\t\t<div id=\"elementor-tab-title-2043\" class=\"elementor-tab-title\" data-tab=\"3\" role=\"button\" aria-controls=\"elementor-tab-content-2043\" aria-expanded=\"false\">\n\t\t\t\t\t\t\t\t\t\t\t\t\t<span class=\"elementor-accordion-icon elementor-accordion-icon-left\" aria-hidden=\"true\">\n\t\t\t\t\t\t\t\t\t\t\t\t\t\t\t<span class=\"elementor-accordion-icon-closed\"><i class=\"fas fa-plus\"><\/i><\/span>\n\t\t\t\t\t\t\t\t<span class=\"elementor-accordion-icon-opened\"><i class=\"fas fa-minus\"><\/i><\/span>\n\t\t\t\t\t\t\t\t\t\t\t\t\t\t<\/span>\n\t\t\t\t\t\t\t\t\t\t\t\t<a class=\"elementor-accordion-title\" tabindex=\"0\">Qu\u2019est-ce que la cataracte secondaire ?<\/a>\n\t\t\t\t\t<\/div>\n\t\t\t\t\t<div id=\"elementor-tab-content-2043\" class=\"elementor-tab-content elementor-clearfix\" data-tab=\"3\" role=\"region\" aria-labelledby=\"elementor-tab-title-2043\"><p><span style=\"color: #333333;\">Il s\u2019agit d\u2019une opacification secondaire derri\u00e8re l\u2019implant. C\u2019est la principale cause de baisse de vision dans les suites d\u2019une op\u00e9ration. Elle se traite ais\u00e9ment et sans douleur gr\u00e2ce \u00e0 un laser Yag disponible au cabinet.<\/span><\/p><\/div>\n\t\t\t\t<\/div>\n\t\t\t\t\t\t\t<div class=\"elementor-accordion-item\">\n\t\t\t\t\t<div id=\"elementor-tab-title-2044\" class=\"elementor-tab-title\" data-tab=\"4\" role=\"button\" aria-controls=\"elementor-tab-content-2044\" aria-expanded=\"false\">\n\t\t\t\t\t\t\t\t\t\t\t\t\t<span class=\"elementor-accordion-icon elementor-accordion-icon-left\" aria-hidden=\"true\">\n\t\t\t\t\t\t\t\t\t\t\t\t\t\t\t<span class=\"elementor-accordion-icon-closed\"><i class=\"fas fa-plus\"><\/i><\/span>\n\t\t\t\t\t\t\t\t<span class=\"elementor-accordion-icon-opened\"><i class=\"fas fa-minus\"><\/i><\/span>\n\t\t\t\t\t\t\t\t\t\t\t\t\t\t<\/span>\n\t\t\t\t\t\t\t\t\t\t\t\t<a class=\"elementor-accordion-title\" tabindex=\"0\">Faut il pr\u00e9voir de changer l\u2019implant apr\u00e8s une chirurgie ?<\/a>\n\t\t\t\t\t<\/div>\n\t\t\t\t\t<div id=\"elementor-tab-content-2044\" class=\"elementor-tab-content elementor-clearfix\" data-tab=\"4\" role=\"region\" aria-labelledby=\"elementor-tab-title-2044\"><p><span style=\"color: #333333;\">NON. L\u2019implant intraoculaire en acrylique est tol\u00e9r\u00e9 sans rejet par l\u2019organisme et il reste stable dans le temps.<\/span><\/p><\/div>\n\t\t\t\t<\/div>\n\t\t\t\t\t\t\t\t<\/div>\n\t\t\t\t\t\t<\/div>\n\t\t\t\t<\/div>\n\t\t\t\t\t<\/div>\n\t\t<\/div>\n\t\t\t\t\t<\/div>\n\t\t<\/section>\n\t\t\t\t<section class=\"elementor-section elementor-top-section elementor-element elementor-element-1f48ad7 elementor-section-stretched elementor-section-boxed elementor-section-height-default elementor-section-height-default\" data-id=\"1f48ad7\" data-element_type=\"section\" data-e-type=\"section\" data-settings=\"{&quot;stretch_section&quot;:&quot;section-stretched&quot;,&quot;background_background&quot;:&quot;classic&quot;}\">\n\t\t\t\t\t\t<div class=\"elementor-container elementor-column-gap-default\">\n\t\t\t\t\t<div class=\"elementor-column elementor-col-100 elementor-top-column elementor-element elementor-element-e1124bc\" data-id=\"e1124bc\" data-element_type=\"column\" data-e-type=\"column\">\n\t\t\t<div class=\"elementor-widget-wrap elementor-element-populated\">\n\t\t\t\t\t\t<div class=\"elementor-element elementor-element-8b290e0 elementor-widget elementor-widget-heading\" data-id=\"8b290e0\" data-element_type=\"widget\" data-e-type=\"widget\" data-widget_type=\"heading.default\">\n\t\t\t\t<div class=\"elementor-widget-container\">\n\t\t\t\t\t<h3 class=\"elementor-heading-title elementor-size-default\">Recommandations SFO\/SAFIR<\/h3>\t\t\t\t<\/div>\n\t\t\t\t<\/div>\n\t\t\t\t<div class=\"elementor-element elementor-element-160ce4d elementor-widget elementor-widget-accordion\" data-id=\"160ce4d\" data-element_type=\"widget\" data-e-type=\"widget\" data-widget_type=\"accordion.default\">\n\t\t\t\t<div class=\"elementor-widget-container\">\n\t\t\t\t\t\t\t<div class=\"elementor-accordion\">\n\t\t\t\t\t\t\t<div class=\"elementor-accordion-item\">\n\t\t\t\t\t<div id=\"elementor-tab-title-2311\" class=\"elementor-tab-title\" data-tab=\"1\" role=\"button\" aria-controls=\"elementor-tab-content-2311\" aria-expanded=\"false\">\n\t\t\t\t\t\t\t\t\t\t\t\t\t<span class=\"elementor-accordion-icon elementor-accordion-icon-left\" aria-hidden=\"true\">\n\t\t\t\t\t\t\t\t\t\t\t\t\t\t\t<span class=\"elementor-accordion-icon-closed\"><i class=\"fas fa-plus\"><\/i><\/span>\n\t\t\t\t\t\t\t\t<span class=\"elementor-accordion-icon-opened\"><i class=\"fas fa-minus\"><\/i><\/span>\n\t\t\t\t\t\t\t\t\t\t\t\t\t\t<\/span>\n\t\t\t\t\t\t\t\t\t\t\t\t<a class=\"elementor-accordion-title\" tabindex=\"0\">Pour votre retour au domicile<\/a>\n\t\t\t\t\t<\/div>\n\t\t\t\t\t<div id=\"elementor-tab-content-2311\" class=\"elementor-tab-content elementor-clearfix\" data-tab=\"1\" role=\"region\" aria-labelledby=\"elementor-tab-title-2311\"><ul><li><span style=\"color: #333333;\">Vous ne devez pas prendre le volant<\/span><\/li><li><span style=\"color: #333333;\">Il est conseill\u00e9 de se reposer jusqu\u2019au lendemain et de manger normalement<\/span><\/li><\/ul><\/div>\n\t\t\t\t<\/div>\n\t\t\t\t\t\t\t<div class=\"elementor-accordion-item\">\n\t\t\t\t\t<div id=\"elementor-tab-title-2312\" class=\"elementor-tab-title\" data-tab=\"2\" role=\"button\" aria-controls=\"elementor-tab-content-2312\" aria-expanded=\"false\">\n\t\t\t\t\t\t\t\t\t\t\t\t\t<span class=\"elementor-accordion-icon elementor-accordion-icon-left\" aria-hidden=\"true\">\n\t\t\t\t\t\t\t\t\t\t\t\t\t\t\t<span class=\"elementor-accordion-icon-closed\"><i class=\"fas fa-plus\"><\/i><\/span>\n\t\t\t\t\t\t\t\t<span class=\"elementor-accordion-icon-opened\"><i class=\"fas fa-minus\"><\/i><\/span>\n\t\t\t\t\t\t\t\t\t\t\t\t\t\t<\/span>\n\t\t\t\t\t\t\t\t\t\t\t\t<a class=\"elementor-accordion-title\" tabindex=\"0\">Ce qui ne doit pas inqui\u00e9ter<\/a>\n\t\t\t\t\t<\/div>\n\t\t\t\t\t<div id=\"elementor-tab-content-2312\" class=\"elementor-tab-content elementor-clearfix\" data-tab=\"2\" role=\"region\" aria-labelledby=\"elementor-tab-title-2312\"><ul><li><span style=\"color: #333333;\">Un\u00a0 \u0153il op\u00e9r\u00e9 plus ou moins rouge et qui pleure<\/span><\/li><li><span style=\"color: #333333;\">Une vision trouble ou color\u00e9e (souvent rouge, rose, parfois jaune ou bleu).<\/span><\/li><li><span style=\"color: #333333;\">Une\u00a0 sensation de grain de sable de l\u2019\u0153il op\u00e9r\u00e9 et m\u00eame de l\u2019autre \u0153il<\/span><\/li><\/ul><\/div>\n\t\t\t\t<\/div>\n\t\t\t\t\t\t\t<div class=\"elementor-accordion-item\">\n\t\t\t\t\t<div id=\"elementor-tab-title-2313\" class=\"elementor-tab-title\" data-tab=\"3\" role=\"button\" aria-controls=\"elementor-tab-content-2313\" aria-expanded=\"false\">\n\t\t\t\t\t\t\t\t\t\t\t\t\t<span class=\"elementor-accordion-icon elementor-accordion-icon-left\" aria-hidden=\"true\">\n\t\t\t\t\t\t\t\t\t\t\t\t\t\t\t<span class=\"elementor-accordion-icon-closed\"><i class=\"fas fa-plus\"><\/i><\/span>\n\t\t\t\t\t\t\t\t<span class=\"elementor-accordion-icon-opened\"><i class=\"fas fa-minus\"><\/i><\/span>\n\t\t\t\t\t\t\t\t\t\t\t\t\t\t<\/span>\n\t\t\t\t\t\t\t\t\t\t\t\t<a class=\"elementor-accordion-title\" tabindex=\"0\">Ce que vous devez faire<\/a>\n\t\t\t\t\t<\/div>\n\t\t\t\t\t<div id=\"elementor-tab-content-2313\" class=\"elementor-tab-content elementor-clearfix\" data-tab=\"3\" role=\"region\" aria-labelledby=\"elementor-tab-title-2313\"><ul><li><span style=\"color: #333333;\">D\u00e9buter le traitement prescrit par votre chirurgien pour l\u2019\u0153il op\u00e9r\u00e9<\/span><\/li><li><span style=\"color: #333333;\">Poursuivre et respecter la prescription durant le temps pr\u00e9cis\u00e9 sur l\u2019ordonnance m\u00e9dicale<\/span><\/li><li><span style=\"color: #333333;\">Poursuivre votre traitement m\u00e9dicamenteux habituel, g\u00e9n\u00e9ral et oculaire,\u00a0 sauf contre-indication par le chirurgien ophtalmologiste et\/ou l\u2019anesth\u00e9siste<\/span><\/li><li><span style=\"color: #333333;\">Si la mise en place d\u2019une coque protectrice vous a \u00e9t\u00e9 conseill\u00e9e pour les premi\u00e8res nuits, elle doit \u00eatre lav\u00e9e \u00e0 l\u2019eau et au savon et s\u00e9ch\u00e9e avec un tissu propre avant<\/span> <span style=\"color: #333333;\">utilisation<\/span><\/li><\/ul><\/div>\n\t\t\t\t<\/div>\n\t\t\t\t\t\t\t<div class=\"elementor-accordion-item\">\n\t\t\t\t\t<div id=\"elementor-tab-title-2314\" class=\"elementor-tab-title\" data-tab=\"4\" role=\"button\" aria-controls=\"elementor-tab-content-2314\" aria-expanded=\"false\">\n\t\t\t\t\t\t\t\t\t\t\t\t\t<span class=\"elementor-accordion-icon elementor-accordion-icon-left\" aria-hidden=\"true\">\n\t\t\t\t\t\t\t\t\t\t\t\t\t\t\t<span class=\"elementor-accordion-icon-closed\"><i class=\"fas fa-plus\"><\/i><\/span>\n\t\t\t\t\t\t\t\t<span class=\"elementor-accordion-icon-opened\"><i class=\"fas fa-minus\"><\/i><\/span>\n\t\t\t\t\t\t\t\t\t\t\t\t\t\t<\/span>\n\t\t\t\t\t\t\t\t\t\t\t\t<a class=\"elementor-accordion-title\" tabindex=\"0\">Ce que vous pouvez faire d\u00e8s le lendemain<\/a>\n\t\t\t\t\t<\/div>\n\t\t\t\t\t<div id=\"elementor-tab-content-2314\" class=\"elementor-tab-content elementor-clearfix\" data-tab=\"4\" role=\"region\" aria-labelledby=\"elementor-tab-title-2314\"><ul><li><span style=\"color: #333333;\">Reprendre une activit\u00e9 normale dans la vie quotidienne. Si vous exercez une activit\u00e9 professionnelle, votre chirurgien vous pr\u00e9cisera les conditions de votre reprise d\u2019activit\u00e9. Il\u00a0 en est de m\u00eame pour la conduite automobile et les activit\u00e9s physiques ou sportives<\/span><\/li><li><span style=\"color: #333333;\">Sortir de chez vous, vous d\u00e9placer, lire, coudre, regarder la t\u00e9l\u00e9vision.<\/span><\/li><li><span style=\"color: #333333;\">Prendre une douche ou un bain<\/span><\/li><li><span style=\"color: #333333;\">Vous laver les cheveux en \u00e9vitant de mettre du shampooing dans l\u2019\u0153il op\u00e9r\u00e9<\/span><\/li><li><span style=\"color: #333333;\">Pencher la t\u00eate ou vous baisser<\/span><\/li><li><span style=\"color: #333333;\">Prendre l\u2019avion sauf si votre chirurgie a \u00e9t\u00e9 combin\u00e9e avec une chirurgie r\u00e9tinienne avec injection de gaz<\/span><\/li><li><span style=\"color: #333333;\">La correction optique d\u00e9finitive est prescrite, si n\u00e9cessaire, par votre ophtalmologiste en g\u00e9n\u00e9ral 3 \u00e0 4 semaines apr\u00e8s la chirurgie. Jusqu\u2019\u00e0 cette date, ne vous inqui\u00e9tez donc pas si votre vision n\u2019est pas tout \u00e0 fait satisfaisante, notamment pour la lecture.\u00a0 Vous pouvez porter d\u2019anciennes lunettes (peu importe si elles ne sont pas ou plus \u00e0 votre vue) pour vous prot\u00e9ger d\u2019\u00e9ventuels traumatismes de l\u2019\u0153il<\/span><\/li><\/ul><\/div>\n\t\t\t\t<\/div>\n\t\t\t\t\t\t\t<div class=\"elementor-accordion-item\">\n\t\t\t\t\t<div id=\"elementor-tab-title-2315\" class=\"elementor-tab-title\" data-tab=\"5\" role=\"button\" aria-controls=\"elementor-tab-content-2315\" aria-expanded=\"false\">\n\t\t\t\t\t\t\t\t\t\t\t\t\t<span class=\"elementor-accordion-icon elementor-accordion-icon-left\" aria-hidden=\"true\">\n\t\t\t\t\t\t\t\t\t\t\t\t\t\t\t<span class=\"elementor-accordion-icon-closed\"><i class=\"fas fa-plus\"><\/i><\/span>\n\t\t\t\t\t\t\t\t<span class=\"elementor-accordion-icon-opened\"><i class=\"fas fa-minus\"><\/i><\/span>\n\t\t\t\t\t\t\t\t\t\t\t\t\t\t<\/span>\n\t\t\t\t\t\t\t\t\t\t\t\t<a class=\"elementor-accordion-title\" tabindex=\"0\">Ce que vous ne devez pas faire<\/a>\n\t\t\t\t\t<\/div>\n\t\t\t\t\t<div id=\"elementor-tab-content-2315\" class=\"elementor-tab-content elementor-clearfix\" data-tab=\"5\" role=\"region\" aria-labelledby=\"elementor-tab-title-2315\"><ul><li><span style=\"color: #333333;\">Frotter l\u2019\u0153il op\u00e9r\u00e9<\/span><\/li><li><span style=\"color: #333333;\">Maquiller vos yeux la premi\u00e8re semaine<\/span><\/li><\/ul><\/div>\n\t\t\t\t<\/div>\n\t\t\t\t\t\t\t<div class=\"elementor-accordion-item\">\n\t\t\t\t\t<div id=\"elementor-tab-title-2316\" class=\"elementor-tab-title\" data-tab=\"6\" role=\"button\" aria-controls=\"elementor-tab-content-2316\" aria-expanded=\"false\">\n\t\t\t\t\t\t\t\t\t\t\t\t\t<span class=\"elementor-accordion-icon elementor-accordion-icon-left\" aria-hidden=\"true\">\n\t\t\t\t\t\t\t\t\t\t\t\t\t\t\t<span class=\"elementor-accordion-icon-closed\"><i class=\"fas fa-plus\"><\/i><\/span>\n\t\t\t\t\t\t\t\t<span class=\"elementor-accordion-icon-opened\"><i class=\"fas fa-minus\"><\/i><\/span>\n\t\t\t\t\t\t\t\t\t\t\t\t\t\t<\/span>\n\t\t\t\t\t\t\t\t\t\t\t\t<a class=\"elementor-accordion-title\" tabindex=\"0\">Ce qui doit vous amener \u00e0 contacter votre chirurgien en urgence<\/a>\n\t\t\t\t\t<\/div>\n\t\t\t\t\t<div id=\"elementor-tab-content-2316\" class=\"elementor-tab-content elementor-clearfix\" data-tab=\"6\" role=\"region\" aria-labelledby=\"elementor-tab-title-2316\"><ul><li><span style=\"color: #333333;\">Douleur de l\u2019\u0153il op\u00e9r\u00e9<\/span><\/li><li><span style=\"color: #333333;\">Baisse de vision par rapport au lendemain de l\u2019intervention<\/span><\/li><li><span style=\"color: #333333;\">Aggravation de la rougeur du globe oculaire<\/span><\/li><li><span style=\"color: #333333;\">Survenue d\u2019un gonflement de la paupi\u00e8re et\/ou d\u2019un \u0153il coll\u00e9<\/span><\/li><li><span style=\"color: #333333;\">Perception importante de mouches volantes, taches, d\u2019un voile noir ou d\u2019\u00e9clairs<\/span><\/li><\/ul><\/div>\n\t\t\t\t<\/div>\n\t\t\t\t\t\t\t\t<\/div>\n\t\t\t\t\t\t<\/div>\n\t\t\t\t<\/div>\n\t\t\t\t<div class=\"elementor-element elementor-element-494e77c elementor-widget elementor-widget-button\" data-id=\"494e77c\" data-element_type=\"widget\" data-e-type=\"widget\" data-widget_type=\"button.default\">\n\t\t\t\t<div class=\"elementor-widget-container\">\n\t\t\t\t\t\t\t\t\t<div class=\"elementor-button-wrapper\">\n\t\t\t\t\t<a class=\"elementor-button elementor-button-link elementor-size-sm\" href=\"https:\/\/ophtalmo-toulon.com\/wp-content\/uploads\/2022\/02\/Ophtalmologie-toulon_Operation_de_la_cataracte.pdf\">\n\t\t\t\t\t\t<span class=\"elementor-button-content-wrapper\">\n\t\t\t\t\t\t\t\t\t<span class=\"elementor-button-text\">Fiche SFO cataracte<\/span>\n\t\t\t\t\t<\/span>\n\t\t\t\t\t<\/a>\n\t\t\t\t<\/div>\n\t\t\t\t\t\t\t\t<\/div>\n\t\t\t\t<\/div>\n\t\t\t\t<div class=\"elementor-element elementor-element-7131a2b elementor-widget elementor-widget-button\" data-id=\"7131a2b\" data-element_type=\"widget\" data-e-type=\"widget\" data-widget_type=\"button.default\">\n\t\t\t\t<div class=\"elementor-widget-container\">\n\t\t\t\t\t\t\t\t\t<div class=\"elementor-button-wrapper\">\n\t\t\t\t\t<a class=\"elementor-button elementor-button-link elementor-size-sm\" href=\"https:\/\/ophtalmo-toulon.com\/wp-content\/uploads\/2022\/02\/01B_Implants_toriques_multifocaux_accommodatifs.pdf\">\n\t\t\t\t\t\t<span class=\"elementor-button-content-wrapper\">\n\t\t\t\t\t\t\t\t\t<span class=\"elementor-button-text\">Fiche SFO implants toriques, multifocaux, accomodatifs<\/span>\n\t\t\t\t\t<\/span>\n\t\t\t\t\t<\/a>\n\t\t\t\t<\/div>\n\t\t\t\t\t\t\t\t<\/div>\n\t\t\t\t<\/div>\n\t\t\t\t\t<\/div>\n\t\t<\/div>\n\t\t\t\t\t<\/div>\n\t\t<\/section>\n\t\t\t\t<section class=\"elementor-section elementor-top-section elementor-element elementor-element-1f5a92e elementor-section-stretched elementor-section-boxed elementor-section-height-default elementor-section-height-default\" data-id=\"1f5a92e\" data-element_type=\"section\" data-e-type=\"section\" data-settings=\"{&quot;background_background&quot;:&quot;classic&quot;,&quot;stretch_section&quot;:&quot;section-stretched&quot;}\">\n\t\t\t\t\t\t\t<div class=\"elementor-background-overlay\"><\/div>\n\t\t\t\t\t\t\t<div class=\"elementor-container elementor-column-gap-default\">\n\t\t\t\t\t<div class=\"elementor-column elementor-col-100 elementor-top-column elementor-element elementor-element-32f0e1ff\" data-id=\"32f0e1ff\" data-element_type=\"column\" data-e-type=\"column\">\n\t\t\t<div class=\"elementor-widget-wrap elementor-element-populated\">\n\t\t\t\t\t\t<div class=\"elementor-element elementor-element-18f6621b animated-slow elementor-invisible elementor-widget elementor-widget-jkit_video_button\" data-id=\"18f6621b\" data-element_type=\"widget\" data-e-type=\"widget\" data-settings=\"{&quot;_animation&quot;:&quot;fadeInUp&quot;,&quot;_animation_delay&quot;:10}\" data-widget_type=\"jkit_video_button.default\">\n\t\t\t\t<div class=\"elementor-widget-container\">\n\t\t\t\t\t<div  class=\"jeg-elementor-kit jkit-video-button jeg_module___69f2a78924609\"  data-autoplay=\"0\" data-loop=\"0\" data-controls=\"0\" data-type=\"youtube\" data-mute=\"0\" data-start=\"0\" data-end=\"0\"><a href=\"https:\/\/www.youtube.com\/watch?v=MLpWrANjFbI\" class=\"jkit-video-popup-btn glow-enable\" aria-label=\"video-button\"><span class=\"icon-position-before\"><i aria-hidden=\"true\" class=\"fas fa-play\"><\/i><\/span><\/a><\/div>\t\t\t\t<\/div>\n\t\t\t\t<\/div>\n\t\t\t\t<div class=\"elementor-element elementor-element-3852a6c4 elementor-widget elementor-widget-heading\" data-id=\"3852a6c4\" data-element_type=\"widget\" data-e-type=\"widget\" data-widget_type=\"heading.default\">\n\t\t\t\t<div class=\"elementor-widget-container\">\n\t\t\t\t\t<h2 class=\"elementor-heading-title elementor-size-default\">D\u00e9couvrez le Centre Ophtaval en vid\u00e9o<\/h2>\t\t\t\t<\/div>\n\t\t\t\t<\/div>\n\t\t\t\t<div class=\"elementor-element elementor-element-675162d7 elementor-widget elementor-widget-text-editor\" data-id=\"675162d7\" data-element_type=\"widget\" data-e-type=\"widget\" data-widget_type=\"text-editor.default\">\n\t\t\t\t<div class=\"elementor-widget-container\">\n\t\t\t\t\t\t\t\t\t<p>Votre Centre d&rsquo;Ophtalmologie de la Valette du Var vous pr\u00e9sente quelques vid\u00e9os. Retrouvez les toutes en ligne sur notre cha\u00eene.<\/p>\t\t\t\t\t\t\t\t<\/div>\n\t\t\t\t<\/div>\n\t\t\t\t\t<\/div>\n\t\t<\/div>\n\t\t\t\t\t<\/div>\n\t\t<\/section>\n\t\t\t\t<section class=\"elementor-section elementor-top-section elementor-element elementor-element-19314733 animated-slow elementor-section-stretched elementor-section-boxed elementor-section-height-default elementor-section-height-default elementor-invisible\" data-id=\"19314733\" data-element_type=\"section\" data-e-type=\"section\" data-settings=\"{&quot;animation&quot;:&quot;fadeInUp&quot;,&quot;stretch_section&quot;:&quot;section-stretched&quot;}\">\n\t\t\t\t\t\t<div class=\"elementor-container elementor-column-gap-no\">\n\t\t\t\t\t<div class=\"elementor-column elementor-col-100 elementor-top-column elementor-element elementor-element-32545d48\" data-id=\"32545d48\" data-element_type=\"column\" data-e-type=\"column\">\n\t\t\t<div class=\"elementor-widget-wrap elementor-element-populated\">\n\t\t\t\t\t\t<section class=\"elementor-section elementor-inner-section elementor-element elementor-element-62934142 elementor-section-content-middle elementor-section-boxed elementor-section-height-default elementor-section-height-default\" data-id=\"62934142\" data-element_type=\"section\" data-e-type=\"section\">\n\t\t\t\t\t\t<div class=\"elementor-container elementor-column-gap-no\">\n\t\t\t\t\t<div class=\"elementor-column elementor-col-50 elementor-inner-column elementor-element elementor-element-3f60d47e\" data-id=\"3f60d47e\" data-element_type=\"column\" data-e-type=\"column\" data-settings=\"{&quot;background_background&quot;:&quot;classic&quot;}\">\n\t\t\t<div class=\"elementor-widget-wrap elementor-element-populated\">\n\t\t\t\t\t\t<div class=\"elementor-element elementor-element-14a2c3ae animated-slow elementor-invisible elementor-widget elementor-widget-heading\" data-id=\"14a2c3ae\" data-element_type=\"widget\" data-e-type=\"widget\" data-settings=\"{&quot;_animation&quot;:&quot;fadeInLeft&quot;}\" data-widget_type=\"heading.default\">\n\t\t\t\t<div class=\"elementor-widget-container\">\n\t\t\t\t\t<h5 class=\"elementor-heading-title elementor-size-default\">RENDEZ-VOUS OPHTAVAL<\/h5>\t\t\t\t<\/div>\n\t\t\t\t<\/div>\n\t\t\t\t<div class=\"elementor-element elementor-element-48280597 elementor-widget elementor-widget-heading\" data-id=\"48280597\" data-element_type=\"widget\" data-e-type=\"widget\" data-widget_type=\"heading.default\">\n\t\t\t\t<div class=\"elementor-widget-container\">\n\t\t\t\t\t<h2 class=\"elementor-heading-title elementor-size-default\">Prise de rendez-vous en ligne<\/h2>\t\t\t\t<\/div>\n\t\t\t\t<\/div>\n\t\t\t\t<div class=\"elementor-element elementor-element-3dd811f0 elementor-widget elementor-widget-text-editor\" data-id=\"3dd811f0\" data-element_type=\"widget\" data-e-type=\"widget\" data-widget_type=\"text-editor.default\">\n\t\t\t\t<div class=\"elementor-widget-container\">\n\t\t\t\t\t\t\t\t\t<p>Pour faciliter votre prise de rendez-vous avec nos m\u00e9decins, notre centre d&rsquo;ophtalmologie de La Valette du Var vous propose une prise de rendez-vous en ligne. Choisissez votre consultant, le jour et l&rsquo;heure pour votre consultation.\u00a0<\/p>\t\t\t\t\t\t\t\t<\/div>\n\t\t\t\t<\/div>\n\t\t\t\t<div class=\"elementor-element elementor-element-72d984ef elementor-align-left elementor-widget elementor-widget-button\" data-id=\"72d984ef\" data-element_type=\"widget\" data-e-type=\"widget\" data-widget_type=\"button.default\">\n\t\t\t\t<div class=\"elementor-widget-container\">\n\t\t\t\t\t\t\t\t\t<div class=\"elementor-button-wrapper\">\n\t\t\t\t\t<a class=\"elementor-button elementor-button-link elementor-size-sm elementor-animation-float\" href=\"https:\/\/www.doctolib.fr\/cabinet-medical\/la-valette-du-var\/ophtaval\">\n\t\t\t\t\t\t<span class=\"elementor-button-content-wrapper\">\n\t\t\t\t\t\t\t\t\t<span class=\"elementor-button-text\">PRENDRE RENDEZ-VOUS EN LIGNE \u2192<\/span>\n\t\t\t\t\t<\/span>\n\t\t\t\t\t<\/a>\n\t\t\t\t<\/div>\n\t\t\t\t\t\t\t\t<\/div>\n\t\t\t\t<\/div>\n\t\t\t\t\t<\/div>\n\t\t<\/div>\n\t\t\t\t<div class=\"elementor-column elementor-col-50 elementor-inner-column elementor-element elementor-element-59ee679d\" data-id=\"59ee679d\" data-element_type=\"column\" data-e-type=\"column\" data-settings=\"{&quot;background_background&quot;:&quot;classic&quot;}\">\n\t\t\t<div class=\"elementor-widget-wrap elementor-element-populated\">\n\t\t\t\t\t\t<div class=\"elementor-element elementor-element-4829b8d1 elementor-widget elementor-widget-jkit_testimonials\" data-id=\"4829b8d1\" data-element_type=\"widget\" data-e-type=\"widget\" data-widget_type=\"jkit_testimonials.default\">\n\t\t\t\t<div class=\"elementor-widget-container\">\n\t\t\t\t\t<div  class=\"jeg-elementor-kit jkit-testimonials arrow-middle-edge style-2 quote-override jeg_module__1_69f2a789276ae\"  data-id=\"jeg_module__1_69f2a789276ae\" data-settings=\"{&quot;autoplay&quot;:true,&quot;autoplay_speed&quot;:3500,&quot;autoplay_hover_pause&quot;:false,&quot;show_navigation&quot;:false,&quot;navigation_left&quot;:&quot;&lt;span&gt;&lt;i aria-hidden=\\&quot;true\\&quot; class=\\&quot;fas fa-angle-left\\&quot;&gt;&lt;\\\/i&gt;&lt;\\\/span&gt;&quot;,&quot;navigation_right&quot;:&quot;&lt;span&gt;&lt;i aria-hidden=\\&quot;true\\&quot; class=\\&quot;fas fa-angle-right\\&quot;&gt;&lt;\\\/i&gt;&lt;\\\/span&gt;&quot;,&quot;show_dots&quot;:true,&quot;arrow_position&quot;:&quot;bottom&quot;,&quot;responsive&quot;:{&quot;desktop&quot;:{&quot;items&quot;:1,&quot;margin&quot;:10,&quot;breakpoint&quot;:1025},&quot;tablet&quot;:{&quot;items&quot;:1,&quot;margin&quot;:10,&quot;breakpoint&quot;:768},&quot;mobile&quot;:{&quot;items&quot;:1,&quot;margin&quot;:10,&quot;breakpoint&quot;:0}}}\"><div class=\"testimonials-list\">\n            <div class=\"testimonials-track\"><div class=\"testimonial-item  elementor-repeater-item-6e9b2e1\">\n                    <div class=\"testimonial-box hover-from-left\" >\n                        <div class=\"icon-content\"><i aria-hidden=\"true\" class=\"jki jki-quote-left-solid\"><\/i><\/div>\n                    <div class=\"comment-content\"><p>Rien a redire sur la prise de rendez-vous via Doctolib, c'est facile et l'heure du rdv a \u00e9t\u00e9 respect\u00e9e et le personnel est comp\u00e9tent !<\/p><\/div>\n                    <div class=\"comment-header\"><ul class=\"rating-stars\"><\/ul><\/div>\n                    <div class=\"comment-bio\"><div class=\"bio-details\">\n                <div class=\"profile-image\"><\/div>\n                <span class=\"profile-info\">\n                    <strong class=\"profile-name\">Shinseiki<\/strong>\n                    <p class=\"profile-des\">Avis google<\/p>\n                <\/span>\n            <\/div><\/div>\n                    <\/div>\n                <\/div><div class=\"testimonial-item  elementor-repeater-item-aadab23\">\n                    <div class=\"testimonial-box hover-from-left\" >\n                        <div class=\"icon-content\"><i aria-hidden=\"true\" class=\"jki jki-quote-left-solid\"><\/i><\/div>\n                    <div class=\"comment-content\"><p>Enfin un ophtalmo qui trouve ce qu'a ma fille apr\u00e8s six mois de traitements qui n'ont fait aucune am\u00e9lioration !<\/p><\/div>\n                    <div class=\"comment-header\"><ul class=\"rating-stars\"><\/ul><\/div>\n                    <div class=\"comment-bio\"><div class=\"bio-details\">\n                <div class=\"profile-image\"><\/div>\n                <span class=\"profile-info\">\n                    <strong class=\"profile-name\">Nathalie Demotie<\/strong>\n                    <p class=\"profile-des\">Avis google<\/p>\n                <\/span>\n            <\/div><\/div>\n                    <\/div>\n                <\/div><div class=\"testimonial-item  elementor-repeater-item-cf4260e\">\n                    <div class=\"testimonial-box hover-from-left\" >\n                        <div class=\"icon-content\"><i aria-hidden=\"true\" class=\"jki jki-quote-left-solid\"><\/i><\/div>\n                    <div class=\"comment-content\"><p>Bon accueil, ophtamologue comp\u00e9tente et gentille !<\/p><\/div>\n                    <div class=\"comment-header\"><ul class=\"rating-stars\"><\/ul><\/div>\n                    <div class=\"comment-bio\"><div class=\"bio-details\">\n                <div class=\"profile-image\"><\/div>\n                <span class=\"profile-info\">\n                    <strong class=\"profile-name\">Jeannice<\/strong>\n                    <p class=\"profile-des\">Avis google<\/p>\n                <\/span>\n            <\/div><\/div>\n                    <\/div>\n                <\/div><div class=\"testimonial-item  elementor-repeater-item-07f47b5\">\n                    <div class=\"testimonial-box hover-from-left\" >\n                        <div class=\"icon-content\"><i aria-hidden=\"true\" class=\"jki jki-quote-left-solid\"><\/i><\/div>\n                    <div class=\"comment-content\"><p>Parfait.  \u00c9quipe s\u00e9rieuse, cabinet impeccable !<\/p><\/div>\n                    <div class=\"comment-header\"><ul class=\"rating-stars\"><\/ul><\/div>\n                    <div class=\"comment-bio\"><div class=\"bio-details\">\n                <div class=\"profile-image\"><\/div>\n                <span class=\"profile-info\">\n                    <strong class=\"profile-name\">Cecilien<\/strong>\n                    <p class=\"profile-des\">Avis google<\/p>\n                <\/span>\n            <\/div><\/div>\n                    <\/div>\n                <\/div><\/div>\n        <\/div><\/div>\t\t\t\t<\/div>\n\t\t\t\t<\/div>\n\t\t\t\t\t<\/div>\n\t\t<\/div>\n\t\t\t\t\t<\/div>\n\t\t<\/section>\n\t\t\t\t\t<\/div>\n\t\t<\/div>\n\t\t\t\t\t<\/div>\n\t\t<\/section>\n\t\t\t\t<\/div>\n\t\t","protected":false},"excerpt":{"rendered":"<p>La chirurgie de la cataracte Accueil \/ La chirurgie de la cataracte OPHTAVAL, CENTRE D&rsquo;OPHTALMOLOGIE DE LA VALETTE DU VAR La chirurgie de la cataracte La cataracte est une maladie qui atteint g\u00e9n\u00e9ralement les personnes \u00e2g\u00e9es.\u00a0Une personne peut en \u00eatre touch\u00e9e d\u00e8s l\u2019\u00e2ge de 50 ans, voire moins, et l\u2019on estime que la cataracte atteint [&hellip;]<\/p>\n","protected":false},"author":1,"featured_media":0,"parent":0,"menu_order":0,"comment_status":"closed","ping_status":"closed","template":"elementor_header_footer","meta":{"footnotes":""},"class_list":["post-327","page","type-page","status-publish","hentry"],"yoast_head":"<!-- This site is optimized with the Yoast SEO plugin v27.5 - https:\/\/yoast.com\/product\/yoast-seo-wordpress\/ -->\n<title>La chirurgie de la cataracte - Centre D&#039;ophtalmologie de la Valette du Var<\/title>\n<meta name=\"description\" content=\"La chirurgie de la cataracte - Centre D&#039;ophtalmologie de la Valette du Var - consultation &amp; chirurgie d&#039;ophtalmologie\" \/>\n<meta name=\"robots\" content=\"index, follow, max-snippet:-1, max-image-preview:large, max-video-preview:-1\" \/>\n<link rel=\"canonical\" href=\"https:\/\/ophtalmo-toulon.com\/index.php\/la-chirurgie-de-la-cataracte\/\" \/>\n<meta property=\"og:locale\" content=\"fr_FR\" \/>\n<meta property=\"og:type\" content=\"article\" \/>\n<meta property=\"og:title\" content=\"La chirurgie de la cataracte - Centre D&#039;ophtalmologie de la Valette du Var\" \/>\n<meta property=\"og:description\" content=\"La chirurgie de la cataracte - Centre D&#039;ophtalmologie de la Valette du Var - consultation &amp; chirurgie d&#039;ophtalmologie\" \/>\n<meta property=\"og:url\" content=\"https:\/\/ophtalmo-toulon.com\/index.php\/la-chirurgie-de-la-cataracte\/\" \/>\n<meta property=\"og:site_name\" content=\"Ophtaval\" \/>\n<meta property=\"article:modified_time\" content=\"2026-02-17T17:19:40+00:00\" \/>\n<meta property=\"og:image\" content=\"https:\/\/ophtalmo-toulon.com\/wp-content\/uploads\/elementor\/thumbs\/old-man-reading-newspaper-2021-09-02-08-35-11-utc-pmmiise6l9lui9m5urytlmnth7nlw1d25re4ry5pw8.jpg\" \/>\n<meta name=\"twitter:card\" content=\"summary_large_image\" \/>\n<meta name=\"twitter:label1\" content=\"Dur\u00e9e de lecture estim\u00e9e\" \/>\n\t<meta name=\"twitter:data1\" content=\"7 minutes\" \/>\n<script type=\"application\/ld+json\" class=\"yoast-schema-graph\">{\"@context\":\"https:\\\/\\\/schema.org\",\"@graph\":[{\"@type\":\"WebPage\",\"@id\":\"https:\\\/\\\/ophtalmo-toulon.com\\\/index.php\\\/la-chirurgie-de-la-cataracte\\\/\",\"url\":\"https:\\\/\\\/ophtalmo-toulon.com\\\/index.php\\\/la-chirurgie-de-la-cataracte\\\/\",\"name\":\"La chirurgie de la cataracte - Centre D'ophtalmologie de la Valette du Var\",\"isPartOf\":{\"@id\":\"https:\\\/\\\/ophtalmo-toulon.com\\\/#website\"},\"primaryImageOfPage\":{\"@id\":\"https:\\\/\\\/ophtalmo-toulon.com\\\/index.php\\\/la-chirurgie-de-la-cataracte\\\/#primaryimage\"},\"image\":{\"@id\":\"https:\\\/\\\/ophtalmo-toulon.com\\\/index.php\\\/la-chirurgie-de-la-cataracte\\\/#primaryimage\"},\"thumbnailUrl\":\"https:\\\/\\\/ophtalmo-toulon.com\\\/wp-content\\\/uploads\\\/elementor\\\/thumbs\\\/old-man-reading-newspaper-2021-09-02-08-35-11-utc-pmmiise6l9lui9m5urytlmnth7nlw1d25re4ry5pw8.jpg\",\"datePublished\":\"2022-02-28T09:01:40+00:00\",\"dateModified\":\"2026-02-17T17:19:40+00:00\",\"description\":\"La chirurgie de la cataracte - Centre D'ophtalmologie de la Valette du Var - consultation & chirurgie d'ophtalmologie\",\"breadcrumb\":{\"@id\":\"https:\\\/\\\/ophtalmo-toulon.com\\\/index.php\\\/la-chirurgie-de-la-cataracte\\\/#breadcrumb\"},\"inLanguage\":\"fr-FR\",\"potentialAction\":[{\"@type\":\"ReadAction\",\"target\":[\"https:\\\/\\\/ophtalmo-toulon.com\\\/index.php\\\/la-chirurgie-de-la-cataracte\\\/\"]}]},{\"@type\":\"ImageObject\",\"inLanguage\":\"fr-FR\",\"@id\":\"https:\\\/\\\/ophtalmo-toulon.com\\\/index.php\\\/la-chirurgie-de-la-cataracte\\\/#primaryimage\",\"url\":\"https:\\\/\\\/ophtalmo-toulon.com\\\/wp-content\\\/uploads\\\/elementor\\\/thumbs\\\/old-man-reading-newspaper-2021-09-02-08-35-11-utc-pmmiise6l9lui9m5urytlmnth7nlw1d25re4ry5pw8.jpg\",\"contentUrl\":\"https:\\\/\\\/ophtalmo-toulon.com\\\/wp-content\\\/uploads\\\/elementor\\\/thumbs\\\/old-man-reading-newspaper-2021-09-02-08-35-11-utc-pmmiise6l9lui9m5urytlmnth7nlw1d25re4ry5pw8.jpg\"},{\"@type\":\"BreadcrumbList\",\"@id\":\"https:\\\/\\\/ophtalmo-toulon.com\\\/index.php\\\/la-chirurgie-de-la-cataracte\\\/#breadcrumb\",\"itemListElement\":[{\"@type\":\"ListItem\",\"position\":1,\"name\":\"Accueil\",\"item\":\"https:\\\/\\\/ophtalmo-toulon.com\\\/\"},{\"@type\":\"ListItem\",\"position\":2,\"name\":\"La chirurgie de la cataracte\"}]},{\"@type\":\"WebSite\",\"@id\":\"https:\\\/\\\/ophtalmo-toulon.com\\\/#website\",\"url\":\"https:\\\/\\\/ophtalmo-toulon.com\\\/\",\"name\":\"Ophtaval\",\"description\":\"Ophtalmologie La Valette du Var\",\"potentialAction\":[{\"@type\":\"SearchAction\",\"target\":{\"@type\":\"EntryPoint\",\"urlTemplate\":\"https:\\\/\\\/ophtalmo-toulon.com\\\/?s={search_term_string}\"},\"query-input\":{\"@type\":\"PropertyValueSpecification\",\"valueRequired\":true,\"valueName\":\"search_term_string\"}}],\"inLanguage\":\"fr-FR\"}]}<\/script>\n<!-- \/ Yoast SEO plugin. -->","yoast_head_json":{"title":"La chirurgie de la cataracte - Centre D'ophtalmologie de la Valette du Var","description":"La chirurgie de la cataracte - Centre D'ophtalmologie de la Valette du Var - consultation & chirurgie d'ophtalmologie","robots":{"index":"index","follow":"follow","max-snippet":"max-snippet:-1","max-image-preview":"max-image-preview:large","max-video-preview":"max-video-preview:-1"},"canonical":"https:\/\/ophtalmo-toulon.com\/index.php\/la-chirurgie-de-la-cataracte\/","og_locale":"fr_FR","og_type":"article","og_title":"La chirurgie de la cataracte - Centre D'ophtalmologie de la Valette du Var","og_description":"La chirurgie de la cataracte - Centre D'ophtalmologie de la Valette du Var - consultation & chirurgie d'ophtalmologie","og_url":"https:\/\/ophtalmo-toulon.com\/index.php\/la-chirurgie-de-la-cataracte\/","og_site_name":"Ophtaval","article_modified_time":"2026-02-17T17:19:40+00:00","og_image":[{"url":"https:\/\/ophtalmo-toulon.com\/wp-content\/uploads\/elementor\/thumbs\/old-man-reading-newspaper-2021-09-02-08-35-11-utc-pmmiise6l9lui9m5urytlmnth7nlw1d25re4ry5pw8.jpg","type":"","width":"","height":""}],"twitter_card":"summary_large_image","twitter_misc":{"Dur\u00e9e de lecture estim\u00e9e":"7 minutes"},"schema":{"@context":"https:\/\/schema.org","@graph":[{"@type":"WebPage","@id":"https:\/\/ophtalmo-toulon.com\/index.php\/la-chirurgie-de-la-cataracte\/","url":"https:\/\/ophtalmo-toulon.com\/index.php\/la-chirurgie-de-la-cataracte\/","name":"La chirurgie de la cataracte - Centre D'ophtalmologie de la Valette du Var","isPartOf":{"@id":"https:\/\/ophtalmo-toulon.com\/#website"},"primaryImageOfPage":{"@id":"https:\/\/ophtalmo-toulon.com\/index.php\/la-chirurgie-de-la-cataracte\/#primaryimage"},"image":{"@id":"https:\/\/ophtalmo-toulon.com\/index.php\/la-chirurgie-de-la-cataracte\/#primaryimage"},"thumbnailUrl":"https:\/\/ophtalmo-toulon.com\/wp-content\/uploads\/elementor\/thumbs\/old-man-reading-newspaper-2021-09-02-08-35-11-utc-pmmiise6l9lui9m5urytlmnth7nlw1d25re4ry5pw8.jpg","datePublished":"2022-02-28T09:01:40+00:00","dateModified":"2026-02-17T17:19:40+00:00","description":"La chirurgie de la cataracte - Centre D'ophtalmologie de la Valette du Var - consultation & chirurgie d'ophtalmologie","breadcrumb":{"@id":"https:\/\/ophtalmo-toulon.com\/index.php\/la-chirurgie-de-la-cataracte\/#breadcrumb"},"inLanguage":"fr-FR","potentialAction":[{"@type":"ReadAction","target":["https:\/\/ophtalmo-toulon.com\/index.php\/la-chirurgie-de-la-cataracte\/"]}]},{"@type":"ImageObject","inLanguage":"fr-FR","@id":"https:\/\/ophtalmo-toulon.com\/index.php\/la-chirurgie-de-la-cataracte\/#primaryimage","url":"https:\/\/ophtalmo-toulon.com\/wp-content\/uploads\/elementor\/thumbs\/old-man-reading-newspaper-2021-09-02-08-35-11-utc-pmmiise6l9lui9m5urytlmnth7nlw1d25re4ry5pw8.jpg","contentUrl":"https:\/\/ophtalmo-toulon.com\/wp-content\/uploads\/elementor\/thumbs\/old-man-reading-newspaper-2021-09-02-08-35-11-utc-pmmiise6l9lui9m5urytlmnth7nlw1d25re4ry5pw8.jpg"},{"@type":"BreadcrumbList","@id":"https:\/\/ophtalmo-toulon.com\/index.php\/la-chirurgie-de-la-cataracte\/#breadcrumb","itemListElement":[{"@type":"ListItem","position":1,"name":"Accueil","item":"https:\/\/ophtalmo-toulon.com\/"},{"@type":"ListItem","position":2,"name":"La chirurgie de la cataracte"}]},{"@type":"WebSite","@id":"https:\/\/ophtalmo-toulon.com\/#website","url":"https:\/\/ophtalmo-toulon.com\/","name":"Ophtaval","description":"Ophtalmologie La Valette du Var","potentialAction":[{"@type":"SearchAction","target":{"@type":"EntryPoint","urlTemplate":"https:\/\/ophtalmo-toulon.com\/?s={search_term_string}"},"query-input":{"@type":"PropertyValueSpecification","valueRequired":true,"valueName":"search_term_string"}}],"inLanguage":"fr-FR"}]}},"_links":{"self":[{"href":"https:\/\/ophtalmo-toulon.com\/index.php\/wp-json\/wp\/v2\/pages\/327","targetHints":{"allow":["GET"]}}],"collection":[{"href":"https:\/\/ophtalmo-toulon.com\/index.php\/wp-json\/wp\/v2\/pages"}],"about":[{"href":"https:\/\/ophtalmo-toulon.com\/index.php\/wp-json\/wp\/v2\/types\/page"}],"author":[{"embeddable":true,"href":"https:\/\/ophtalmo-toulon.com\/index.php\/wp-json\/wp\/v2\/users\/1"}],"replies":[{"embeddable":true,"href":"https:\/\/ophtalmo-toulon.com\/index.php\/wp-json\/wp\/v2\/comments?post=327"}],"version-history":[{"count":24,"href":"https:\/\/ophtalmo-toulon.com\/index.php\/wp-json\/wp\/v2\/pages\/327\/revisions"}],"predecessor-version":[{"id":3648,"href":"https:\/\/ophtalmo-toulon.com\/index.php\/wp-json\/wp\/v2\/pages\/327\/revisions\/3648"}],"wp:attachment":[{"href":"https:\/\/ophtalmo-toulon.com\/index.php\/wp-json\/wp\/v2\/media?parent=327"}],"curies":[{"name":"wp","href":"https:\/\/api.w.org\/{rel}","templated":true}]}}