{"id":381,"date":"2022-02-28T10:26:58","date_gmt":"2022-02-28T10:26:58","guid":{"rendered":"https:\/\/toty.fr\/ophtalmologievar\/?page_id=381"},"modified":"2024-08-23T14:16:06","modified_gmt":"2024-08-23T14:16:06","slug":"correction-de-la-myopie-au-laser","status":"publish","type":"page","link":"https:\/\/ophtalmo-toulon.com\/index.php\/correction-de-la-myopie-au-laser\/","title":{"rendered":"Correction de la myopie au laser"},"content":{"rendered":"\t\t<div data-elementor-type=\"wp-page\" data-elementor-id=\"381\" class=\"elementor elementor-381\">\n\t\t\t\t\t\t<section class=\"elementor-section elementor-top-section elementor-element elementor-element-5032df5c elementor-section-stretched elementor-section-height-min-height elementor-section-boxed elementor-section-height-default elementor-section-items-middle\" data-id=\"5032df5c\" data-element_type=\"section\" data-e-type=\"section\" data-settings=\"{&quot;background_background&quot;:&quot;classic&quot;,&quot;stretch_section&quot;:&quot;section-stretched&quot;}\">\n\t\t\t\t\t\t\t<div class=\"elementor-background-overlay\"><\/div>\n\t\t\t\t\t\t\t<div class=\"elementor-container elementor-column-gap-no\">\n\t\t\t\t\t<div class=\"elementor-column elementor-col-100 elementor-top-column elementor-element elementor-element-7e1401f5\" data-id=\"7e1401f5\" data-element_type=\"column\" data-e-type=\"column\">\n\t\t\t<div class=\"elementor-widget-wrap elementor-element-populated\">\n\t\t\t\t\t\t<div class=\"elementor-element elementor-element-36fb0d29 elementor-widget elementor-widget-heading\" data-id=\"36fb0d29\" data-element_type=\"widget\" data-e-type=\"widget\" data-widget_type=\"heading.default\">\n\t\t\t\t<div class=\"elementor-widget-container\">\n\t\t\t\t\t<h1 class=\"elementor-heading-title elementor-size-default\">Correction de la myopie au laser<\/h1>\t\t\t\t<\/div>\n\t\t\t\t<\/div>\n\t\t\t\t<div class=\"elementor-element elementor-element-3f9925d4 elementor-widget__width-auto elementor-widget elementor-widget-text-editor\" data-id=\"3f9925d4\" data-element_type=\"widget\" data-e-type=\"widget\" data-widget_type=\"text-editor.default\">\n\t\t\t\t<div class=\"elementor-widget-container\">\n\t\t\t\t\t\t\t\t\t<p>Accueil \/<\/p>\t\t\t\t\t\t\t\t<\/div>\n\t\t\t\t<\/div>\n\t\t\t\t<div class=\"elementor-element elementor-element-39dab7df elementor-widget__width-auto elementor-widget elementor-widget-text-editor\" data-id=\"39dab7df\" data-element_type=\"widget\" data-e-type=\"widget\" data-widget_type=\"text-editor.default\">\n\t\t\t\t<div class=\"elementor-widget-container\">\n\t\t\t\t\t\t\t\t\t<p>Myopie<\/p>\t\t\t\t\t\t\t\t<\/div>\n\t\t\t\t<\/div>\n\t\t\t\t<div class=\"elementor-element elementor-element-5aba0e5 elementor-widget__width-auto elementor-widget elementor-widget-text-editor\" data-id=\"5aba0e5\" data-element_type=\"widget\" data-e-type=\"widget\" data-widget_type=\"text-editor.default\">\n\t\t\t\t<div class=\"elementor-widget-container\">\n\t\t\t\t\t\t\t\t\t<a style=\"font-weight: bold;\" href=\"mailto:refractive@ophtalmo-toulon.com\">refractive@ophtalmo-toulon.com<\/a>\t\t\t\t\t\t\t\t<\/div>\n\t\t\t\t<\/div>\n\t\t\t\t\t<\/div>\n\t\t<\/div>\n\t\t\t\t\t<\/div>\n\t\t<\/section>\n\t\t\t\t<section class=\"elementor-section elementor-top-section elementor-element elementor-element-27055a14 elementor-section-content-middle elementor-section-stretched elementor-section-boxed elementor-section-height-default elementor-section-height-default\" data-id=\"27055a14\" data-element_type=\"section\" data-e-type=\"section\" data-settings=\"{&quot;background_background&quot;:&quot;classic&quot;,&quot;stretch_section&quot;:&quot;section-stretched&quot;}\">\n\t\t\t\t\t\t<div class=\"elementor-container elementor-column-gap-no\">\n\t\t\t\t\t<div class=\"elementor-column elementor-col-50 elementor-top-column elementor-element elementor-element-6711f52c\" data-id=\"6711f52c\" data-element_type=\"column\" data-e-type=\"column\">\n\t\t\t<div class=\"elementor-widget-wrap elementor-element-populated\">\n\t\t\t\t\t\t<div class=\"elementor-element elementor-element-2671fcc3 animated-slow elementor-invisible elementor-widget elementor-widget-heading\" data-id=\"2671fcc3\" data-element_type=\"widget\" data-e-type=\"widget\" data-settings=\"{&quot;_animation&quot;:&quot;fadeInLeft&quot;}\" data-widget_type=\"heading.default\">\n\t\t\t\t<div class=\"elementor-widget-container\">\n\t\t\t\t\t<h5 class=\"elementor-heading-title elementor-size-default\">OPHTAVAL, CENTRE D'OPHTALMOLOGIE DE LA VALETTE DU VAR<\/h5>\t\t\t\t<\/div>\n\t\t\t\t<\/div>\n\t\t\t\t<div class=\"elementor-element elementor-element-4f249000 elementor-widget elementor-widget-heading\" data-id=\"4f249000\" data-element_type=\"widget\" data-e-type=\"widget\" data-widget_type=\"heading.default\">\n\t\t\t\t<div class=\"elementor-widget-container\">\n\t\t\t\t\t<h2 class=\"elementor-heading-title elementor-size-default\">Correction de la myopie au laser<\/h2>\t\t\t\t<\/div>\n\t\t\t\t<\/div>\n\t\t\t\t<div class=\"elementor-element elementor-element-57b28c3d elementor-widget elementor-widget-text-editor\" data-id=\"57b28c3d\" data-element_type=\"widget\" data-e-type=\"widget\" data-widget_type=\"text-editor.default\">\n\t\t\t\t<div class=\"elementor-widget-container\">\n\t\t\t\t\t\t\t\t\t<p><span style=\"color: #333333;\">La myopie figure parmi les troubles de la vue les plus r\u00e9pandus. Elle\u00a0appara\u00eet habituellement dans l\u2019enfance vers 6 \u00e0 8 ans et \u00e9volue jusqu\u2019\u00e0 l\u2019\u00e2ge de 20-25 ans puis se stabilise.<br \/><br \/><strong>La myopie est le plus souvent due \u00e0 un oeil trop long qui induit une d\u00e9ficience de la vue de loin.<\/strong> Dans le cas d\u2019un \u0153il normal, l\u2019image d\u2019un objet qui est \u00e9loign\u00e9 se forme sur la r\u00e9tine, mais dans celui d\u2019un \u0153il myope, elle se forme en avant de celle-ci, ce qui entraine le d\u00e9faut visuel.<br \/>L\u2019importance de la myopie s\u2019\u00e9value en dioptries, et elle se cat\u00e9gorise en faible (1 \u00e0 3), moyenne (3 \u00e0 6) et forte (au-dessus de 6).<br \/><strong>La correction de la myopie se fait soit par le port de lunettes ou de lentilles de contact\u00a0soit par la chirurgie au laser.<\/strong><br \/><\/span><\/p>\t\t\t\t\t\t\t\t<\/div>\n\t\t\t\t<\/div>\n\t\t\t\t<div class=\"elementor-element elementor-element-a38aeba elementor-widget elementor-widget-image\" data-id=\"a38aeba\" data-element_type=\"widget\" data-e-type=\"widget\" data-widget_type=\"image.default\">\n\t\t\t\t<div class=\"elementor-widget-container\">\n\t\t\t\t\t\t\t\t\t\t\t\t\t\t\t<img fetchpriority=\"high\" decoding=\"async\" width=\"768\" height=\"130\" src=\"https:\/\/ophtalmo-toulon.com\/wp-content\/uploads\/2022\/02\/oeil-myope-myopie-768x130.jpg\" class=\"attachment-medium_large size-medium_large wp-image-384\" alt=\"\" srcset=\"https:\/\/ophtalmo-toulon.com\/wp-content\/uploads\/2022\/02\/oeil-myope-myopie-768x130.jpg 768w, https:\/\/ophtalmo-toulon.com\/wp-content\/uploads\/2022\/02\/oeil-myope-myopie-300x51.jpg 300w, https:\/\/ophtalmo-toulon.com\/wp-content\/uploads\/2022\/02\/oeil-myope-myopie.jpg 1024w\" sizes=\"(max-width: 768px) 100vw, 768px\" \/>\t\t\t\t\t\t\t\t\t\t\t\t\t\t\t<\/div>\n\t\t\t\t<\/div>\n\t\t\t\t\t<\/div>\n\t\t<\/div>\n\t\t\t\t<div class=\"elementor-column elementor-col-50 elementor-top-column elementor-element elementor-element-4093abc1 animated-slow elementor-invisible\" data-id=\"4093abc1\" data-element_type=\"column\" data-e-type=\"column\" data-settings=\"{&quot;animation&quot;:&quot;fadeInDown&quot;}\">\n\t\t\t<div class=\"elementor-widget-wrap elementor-element-populated\">\n\t\t\t\t\t\t<div class=\"elementor-element elementor-element-2d9ce1ef elementor-widget elementor-widget-image\" data-id=\"2d9ce1ef\" data-element_type=\"widget\" data-e-type=\"widget\" data-widget_type=\"image.default\">\n\t\t\t\t<div class=\"elementor-widget-container\">\n\t\t\t\t\t\t\t\t\t\t\t\t\t\t\t<img decoding=\"async\" src=\"https:\/\/ophtalmo-toulon.com\/wp-content\/uploads\/elementor\/thumbs\/eye-examination-on-slit-lamp-2021-08-28-22-12-50-utc-pmmiirgcefkk6nnj09k714wcvts8oc9btmqnao742g.jpg\" title=\"myopie Centre D&rsquo;ophtalmologie de la Valette du Var &#8211; consultation &#038; chirurgie d&rsquo;ophtalmologie\" alt=\"myopie Centre D&#039;ophtalmologie de la Valette du Var - consultation &amp; chirurgie d&#039;ophtalmologie\" class=\"elementor-animation-shrink\" loading=\"lazy\" \/>\t\t\t\t\t\t\t\t\t\t\t\t\t\t\t<\/div>\n\t\t\t\t<\/div>\n\t\t\t\t\t<\/div>\n\t\t<\/div>\n\t\t\t\t\t<\/div>\n\t\t<\/section>\n\t\t\t\t<section class=\"elementor-section elementor-top-section elementor-element elementor-element-f61e6a1 elementor-section-stretched elementor-section-boxed elementor-section-height-default elementor-section-height-default\" data-id=\"f61e6a1\" data-element_type=\"section\" data-e-type=\"section\" data-settings=\"{&quot;stretch_section&quot;:&quot;section-stretched&quot;,&quot;background_background&quot;:&quot;classic&quot;}\">\n\t\t\t\t\t\t<div class=\"elementor-container elementor-column-gap-default\">\n\t\t\t\t\t<div class=\"elementor-column elementor-col-100 elementor-top-column elementor-element elementor-element-fd46d22\" data-id=\"fd46d22\" data-element_type=\"column\" data-e-type=\"column\">\n\t\t\t<div class=\"elementor-widget-wrap elementor-element-populated\">\n\t\t\t\t\t\t<div class=\"elementor-element elementor-element-221bbba elementor-widget elementor-widget-heading\" data-id=\"221bbba\" data-element_type=\"widget\" data-e-type=\"widget\" data-widget_type=\"heading.default\">\n\t\t\t\t<div class=\"elementor-widget-container\">\n\t\t\t\t\t<h3 class=\"elementor-heading-title elementor-size-default\">Bilan ophtalmologique avant la correction laser de la myopie<\/h3>\t\t\t\t<\/div>\n\t\t\t\t<\/div>\n\t\t\t\t<div class=\"elementor-element elementor-element-10ed906 elementor-widget elementor-widget-text-editor\" data-id=\"10ed906\" data-element_type=\"widget\" data-e-type=\"widget\" data-widget_type=\"text-editor.default\">\n\t\t\t\t<div class=\"elementor-widget-container\">\n\t\t\t\t\t\t\t\t\t<p><span style=\"color: #333333;\"><strong>Avant d\u2019envisager la correction de son d\u00e9faut visuel, il est imp\u00e9ratif d\u2019effectuer\u00a0un bilan pr\u00e9op\u00e9ratoire complet<\/strong>\u00a0avec votre\u00a0chirurgien ophtalmologiste sp\u00e9cialis\u00e9 en correction laser de la vision.<\/span><\/p><p><span style=\"color: #333333;\">Ce bilan permet de d\u00e9terminer votre d\u00e9faut visuel, d\u2019effectuer l\u2019examen du \u00ab fond d\u2019oeil \u00bb, de d\u00e9celer une \u00e9ventuelle contre-indication sur le plan m\u00e9dical et enfin de d\u00e9terminer la technique op\u00e9ratoire adapt\u00e9e \u00e0 votre cas.<\/span><\/p>\t\t\t\t\t\t\t\t<\/div>\n\t\t\t\t<\/div>\n\t\t\t\t<div class=\"elementor-element elementor-element-7131a2b elementor-widget elementor-widget-button\" data-id=\"7131a2b\" data-element_type=\"widget\" data-e-type=\"widget\" data-widget_type=\"button.default\">\n\t\t\t\t<div class=\"elementor-widget-container\">\n\t\t\t\t\t\t\t\t\t<div class=\"elementor-button-wrapper\">\n\t\t\t\t\t<a class=\"elementor-button elementor-button-link elementor-size-sm\" href=\"https:\/\/ophtalmo-toulon.com\/wp-content\/uploads\/2022\/02\/ophtalmologie-toulon-Chirurgie-refractive-au-laser-2.pdf\">\n\t\t\t\t\t\t<span class=\"elementor-button-content-wrapper\">\n\t\t\t\t\t\t\t\t\t<span class=\"elementor-button-text\">Fiche SFO de la chirurgie r\u00e9fractive<\/span>\n\t\t\t\t\t<\/span>\n\t\t\t\t\t<\/a>\n\t\t\t\t<\/div>\n\t\t\t\t\t\t\t\t<\/div>\n\t\t\t\t<\/div>\n\t\t\t\t\t<\/div>\n\t\t<\/div>\n\t\t\t\t\t<\/div>\n\t\t<\/section>\n\t\t\t\t<section class=\"elementor-section elementor-top-section elementor-element elementor-element-5583c67 elementor-section-boxed elementor-section-height-default elementor-section-height-default\" data-id=\"5583c67\" data-element_type=\"section\" data-e-type=\"section\" data-settings=\"{&quot;background_background&quot;:&quot;classic&quot;}\">\n\t\t\t\t\t\t<div class=\"elementor-container elementor-column-gap-default\">\n\t\t\t\t\t<div class=\"elementor-column elementor-col-100 elementor-top-column elementor-element elementor-element-2e81058\" data-id=\"2e81058\" data-element_type=\"column\" data-e-type=\"column\">\n\t\t\t<div class=\"elementor-widget-wrap elementor-element-populated\">\n\t\t\t\t\t\t<div class=\"elementor-element elementor-element-13e09d0 elementor-widget elementor-widget-spacer\" data-id=\"13e09d0\" data-element_type=\"widget\" data-e-type=\"widget\" data-widget_type=\"spacer.default\">\n\t\t\t\t<div class=\"elementor-widget-container\">\n\t\t\t\t\t\t\t<div class=\"elementor-spacer\">\n\t\t\t<div class=\"elementor-spacer-inner\"><\/div>\n\t\t<\/div>\n\t\t\t\t\t\t<\/div>\n\t\t\t\t<\/div>\n\t\t\t\t<div class=\"elementor-element elementor-element-6b9cc6e elementor-widget elementor-widget-text-editor\" data-id=\"6b9cc6e\" data-element_type=\"widget\" data-e-type=\"widget\" data-widget_type=\"text-editor.default\">\n\t\t\t\t<div class=\"elementor-widget-container\">\n\t\t\t\t\t\t\t\t\t<p style=\"text-align: center;\"><strong><span style=\"color: #ffffff;\">Retrouvez davantage d&rsquo;informations sur la chirurgie r\u00e9fractive et<br>\nla<\/span> <span style=\"color: #ffffff;\">Correction de la myopie au laser sur notre site sp\u00e9cialis\u00e9<\/span> <span style=\"color: #ffffff;\">:<\/span><\/strong><\/p>\t\t\t\t\t\t\t\t<\/div>\n\t\t\t\t<\/div>\n\t\t\t\t<div class=\"elementor-element elementor-element-986712d elementor-align-center elementor-widget elementor-widget-button\" data-id=\"986712d\" data-element_type=\"widget\" data-e-type=\"widget\" data-widget_type=\"button.default\">\n\t\t\t\t<div class=\"elementor-widget-container\">\n\t\t\t\t\t\t\t\t\t<div class=\"elementor-button-wrapper\">\n\t\t\t\t\t<a class=\"elementor-button elementor-button-link elementor-size-sm\" href=\"https:\/\/laser-vision-toulon.fr\/\" target=\"_blank\">\n\t\t\t\t\t\t<span class=\"elementor-button-content-wrapper\">\n\t\t\t\t\t\t\t\t\t<span class=\"elementor-button-text\">www.laser-vision-toulon.fr\/<\/span>\n\t\t\t\t\t<\/span>\n\t\t\t\t\t<\/a>\n\t\t\t\t<\/div>\n\t\t\t\t\t\t\t\t<\/div>\n\t\t\t\t<\/div>\n\t\t\t\t<div class=\"elementor-element elementor-element-1eed7de elementor-widget elementor-widget-spacer\" data-id=\"1eed7de\" data-element_type=\"widget\" data-e-type=\"widget\" data-widget_type=\"spacer.default\">\n\t\t\t\t<div class=\"elementor-widget-container\">\n\t\t\t\t\t\t\t<div class=\"elementor-spacer\">\n\t\t\t<div class=\"elementor-spacer-inner\"><\/div>\n\t\t<\/div>\n\t\t\t\t\t\t<\/div>\n\t\t\t\t<\/div>\n\t\t\t\t\t<\/div>\n\t\t<\/div>\n\t\t\t\t\t<\/div>\n\t\t<\/section>\n\t\t\t\t<section class=\"elementor-section elementor-top-section elementor-element elementor-element-1f5a92e elementor-section-stretched elementor-section-boxed elementor-section-height-default elementor-section-height-default\" data-id=\"1f5a92e\" data-element_type=\"section\" data-e-type=\"section\" data-settings=\"{&quot;background_background&quot;:&quot;classic&quot;,&quot;stretch_section&quot;:&quot;section-stretched&quot;}\">\n\t\t\t\t\t\t\t<div class=\"elementor-background-overlay\"><\/div>\n\t\t\t\t\t\t\t<div class=\"elementor-container elementor-column-gap-default\">\n\t\t\t\t\t<div class=\"elementor-column elementor-col-100 elementor-top-column elementor-element elementor-element-32f0e1ff\" data-id=\"32f0e1ff\" data-element_type=\"column\" data-e-type=\"column\">\n\t\t\t<div class=\"elementor-widget-wrap elementor-element-populated\">\n\t\t\t\t\t\t<div class=\"elementor-element elementor-element-18f6621b animated-slow elementor-invisible elementor-widget elementor-widget-jkit_video_button\" data-id=\"18f6621b\" data-element_type=\"widget\" data-e-type=\"widget\" data-settings=\"{&quot;_animation&quot;:&quot;fadeInUp&quot;,&quot;_animation_delay&quot;:10}\" data-widget_type=\"jkit_video_button.default\">\n\t\t\t\t<div class=\"elementor-widget-container\">\n\t\t\t\t\t<div  class=\"jeg-elementor-kit jkit-video-button jeg_module___69f32b257de6d\"  data-autoplay=\"0\" data-loop=\"0\" data-controls=\"0\" data-type=\"youtube\" data-mute=\"0\" data-start=\"0\" data-end=\"0\"><a href=\"https:\/\/www.youtube.com\/watch?v=MLpWrANjFbI\" class=\"jkit-video-popup-btn glow-enable\" aria-label=\"video-button\"><span class=\"icon-position-before\"><i aria-hidden=\"true\" class=\"fas fa-play\"><\/i><\/span><\/a><\/div>\t\t\t\t<\/div>\n\t\t\t\t<\/div>\n\t\t\t\t<div class=\"elementor-element elementor-element-3852a6c4 elementor-widget elementor-widget-heading\" data-id=\"3852a6c4\" data-element_type=\"widget\" data-e-type=\"widget\" data-widget_type=\"heading.default\">\n\t\t\t\t<div class=\"elementor-widget-container\">\n\t\t\t\t\t<h2 class=\"elementor-heading-title elementor-size-default\">D\u00e9couvrez le Centre Ophtaval en vid\u00e9o<\/h2>\t\t\t\t<\/div>\n\t\t\t\t<\/div>\n\t\t\t\t<div class=\"elementor-element elementor-element-675162d7 elementor-widget elementor-widget-text-editor\" data-id=\"675162d7\" data-element_type=\"widget\" data-e-type=\"widget\" data-widget_type=\"text-editor.default\">\n\t\t\t\t<div class=\"elementor-widget-container\">\n\t\t\t\t\t\t\t\t\t<p>Votre Centre d&rsquo;Ophtalmologie de la Valette du Var vous pr\u00e9sente quelques vid\u00e9os. Retrouvez les toutes en ligne sur notre cha\u00eene.<\/p>\t\t\t\t\t\t\t\t<\/div>\n\t\t\t\t<\/div>\n\t\t\t\t\t<\/div>\n\t\t<\/div>\n\t\t\t\t\t<\/div>\n\t\t<\/section>\n\t\t\t\t<section class=\"elementor-section elementor-top-section elementor-element elementor-element-19314733 animated-slow elementor-section-stretched elementor-section-boxed elementor-section-height-default elementor-section-height-default elementor-invisible\" data-id=\"19314733\" data-element_type=\"section\" data-e-type=\"section\" data-settings=\"{&quot;animation&quot;:&quot;fadeInUp&quot;,&quot;stretch_section&quot;:&quot;section-stretched&quot;}\">\n\t\t\t\t\t\t<div class=\"elementor-container elementor-column-gap-no\">\n\t\t\t\t\t<div class=\"elementor-column elementor-col-100 elementor-top-column elementor-element elementor-element-32545d48\" data-id=\"32545d48\" data-element_type=\"column\" data-e-type=\"column\">\n\t\t\t<div class=\"elementor-widget-wrap elementor-element-populated\">\n\t\t\t\t\t\t<section class=\"elementor-section elementor-inner-section elementor-element elementor-element-62934142 elementor-section-content-middle elementor-section-boxed elementor-section-height-default elementor-section-height-default\" data-id=\"62934142\" data-element_type=\"section\" data-e-type=\"section\">\n\t\t\t\t\t\t<div class=\"elementor-container elementor-column-gap-no\">\n\t\t\t\t\t<div class=\"elementor-column elementor-col-50 elementor-inner-column elementor-element elementor-element-3f60d47e\" data-id=\"3f60d47e\" data-element_type=\"column\" data-e-type=\"column\" data-settings=\"{&quot;background_background&quot;:&quot;classic&quot;}\">\n\t\t\t<div class=\"elementor-widget-wrap elementor-element-populated\">\n\t\t\t\t\t\t<div class=\"elementor-element elementor-element-14a2c3ae animated-slow elementor-invisible elementor-widget elementor-widget-heading\" data-id=\"14a2c3ae\" data-element_type=\"widget\" data-e-type=\"widget\" data-settings=\"{&quot;_animation&quot;:&quot;fadeInLeft&quot;}\" data-widget_type=\"heading.default\">\n\t\t\t\t<div class=\"elementor-widget-container\">\n\t\t\t\t\t<h5 class=\"elementor-heading-title elementor-size-default\">RENDEZ-VOUS OPHTAVAL<\/h5>\t\t\t\t<\/div>\n\t\t\t\t<\/div>\n\t\t\t\t<div class=\"elementor-element elementor-element-48280597 elementor-widget elementor-widget-heading\" data-id=\"48280597\" data-element_type=\"widget\" data-e-type=\"widget\" data-widget_type=\"heading.default\">\n\t\t\t\t<div class=\"elementor-widget-container\">\n\t\t\t\t\t<h2 class=\"elementor-heading-title elementor-size-default\">Prise de rendez-vous en ligne<\/h2>\t\t\t\t<\/div>\n\t\t\t\t<\/div>\n\t\t\t\t<div class=\"elementor-element elementor-element-3dd811f0 elementor-widget elementor-widget-text-editor\" data-id=\"3dd811f0\" data-element_type=\"widget\" data-e-type=\"widget\" data-widget_type=\"text-editor.default\">\n\t\t\t\t<div class=\"elementor-widget-container\">\n\t\t\t\t\t\t\t\t\t<p>Pour faciliter votre prise de rendez-vous avec nos m\u00e9decins, notre centre d&rsquo;ophtalmologie de La Valette du Var vous propose une prise de rendez-vous en ligne. Choisissez votre consultant, le jour et l&rsquo;heure pour votre consultation.\u00a0<\/p>\t\t\t\t\t\t\t\t<\/div>\n\t\t\t\t<\/div>\n\t\t\t\t<div class=\"elementor-element elementor-element-72d984ef elementor-align-left elementor-widget elementor-widget-button\" data-id=\"72d984ef\" data-element_type=\"widget\" data-e-type=\"widget\" data-widget_type=\"button.default\">\n\t\t\t\t<div class=\"elementor-widget-container\">\n\t\t\t\t\t\t\t\t\t<div class=\"elementor-button-wrapper\">\n\t\t\t\t\t<a class=\"elementor-button elementor-button-link elementor-size-sm elementor-animation-float\" href=\"https:\/\/www.doctolib.fr\/cabinet-medical\/la-valette-du-var\/ophtaval\">\n\t\t\t\t\t\t<span class=\"elementor-button-content-wrapper\">\n\t\t\t\t\t\t\t\t\t<span class=\"elementor-button-text\">PRENDRE RENDEZ-VOUS EN LIGNE \u2192<\/span>\n\t\t\t\t\t<\/span>\n\t\t\t\t\t<\/a>\n\t\t\t\t<\/div>\n\t\t\t\t\t\t\t\t<\/div>\n\t\t\t\t<\/div>\n\t\t\t\t\t<\/div>\n\t\t<\/div>\n\t\t\t\t<div class=\"elementor-column elementor-col-50 elementor-inner-column elementor-element elementor-element-59ee679d\" data-id=\"59ee679d\" data-element_type=\"column\" data-e-type=\"column\" data-settings=\"{&quot;background_background&quot;:&quot;classic&quot;}\">\n\t\t\t<div class=\"elementor-widget-wrap elementor-element-populated\">\n\t\t\t\t\t\t<div class=\"elementor-element elementor-element-4829b8d1 elementor-widget elementor-widget-jkit_testimonials\" data-id=\"4829b8d1\" data-element_type=\"widget\" data-e-type=\"widget\" data-widget_type=\"jkit_testimonials.default\">\n\t\t\t\t<div class=\"elementor-widget-container\">\n\t\t\t\t\t<div  class=\"jeg-elementor-kit jkit-testimonials arrow-middle-edge style-2 quote-override jeg_module__1_69f32b25809ff\"  data-id=\"jeg_module__1_69f32b25809ff\" data-settings=\"{&quot;autoplay&quot;:true,&quot;autoplay_speed&quot;:3500,&quot;autoplay_hover_pause&quot;:false,&quot;show_navigation&quot;:false,&quot;navigation_left&quot;:&quot;&lt;span&gt;&lt;i aria-hidden=\\&quot;true\\&quot; class=\\&quot;fas fa-angle-left\\&quot;&gt;&lt;\\\/i&gt;&lt;\\\/span&gt;&quot;,&quot;navigation_right&quot;:&quot;&lt;span&gt;&lt;i aria-hidden=\\&quot;true\\&quot; class=\\&quot;fas fa-angle-right\\&quot;&gt;&lt;\\\/i&gt;&lt;\\\/span&gt;&quot;,&quot;show_dots&quot;:true,&quot;arrow_position&quot;:&quot;bottom&quot;,&quot;responsive&quot;:{&quot;desktop&quot;:{&quot;items&quot;:1,&quot;margin&quot;:10,&quot;breakpoint&quot;:1025},&quot;tablet&quot;:{&quot;items&quot;:1,&quot;margin&quot;:10,&quot;breakpoint&quot;:768},&quot;mobile&quot;:{&quot;items&quot;:1,&quot;margin&quot;:10,&quot;breakpoint&quot;:0}}}\"><div class=\"testimonials-list\">\n            <div class=\"testimonials-track\"><div class=\"testimonial-item  elementor-repeater-item-6e9b2e1\">\n                    <div class=\"testimonial-box hover-from-left\" >\n                        <div class=\"icon-content\"><i aria-hidden=\"true\" class=\"jki jki-quote-left-solid\"><\/i><\/div>\n                    <div class=\"comment-content\"><p>Rien a redire sur la prise de rendez-vous via Doctolib, c'est facile et l'heure du rdv a \u00e9t\u00e9 respect\u00e9e et le personnel est comp\u00e9tent !<\/p><\/div>\n                    <div class=\"comment-header\"><ul class=\"rating-stars\"><\/ul><\/div>\n                    <div class=\"comment-bio\"><div class=\"bio-details\">\n                <div class=\"profile-image\"><\/div>\n                <span class=\"profile-info\">\n                    <strong class=\"profile-name\">Shinseiki<\/strong>\n                    <p class=\"profile-des\">Avis google<\/p>\n                <\/span>\n            <\/div><\/div>\n                    <\/div>\n                <\/div><div class=\"testimonial-item  elementor-repeater-item-aadab23\">\n                    <div class=\"testimonial-box hover-from-left\" >\n                        <div class=\"icon-content\"><i aria-hidden=\"true\" class=\"jki jki-quote-left-solid\"><\/i><\/div>\n                    <div class=\"comment-content\"><p>Enfin un ophtalmo qui trouve ce qu'a ma fille apr\u00e8s six mois de traitements qui n'ont fait aucune am\u00e9lioration !<\/p><\/div>\n                    <div class=\"comment-header\"><ul class=\"rating-stars\"><\/ul><\/div>\n                    <div class=\"comment-bio\"><div class=\"bio-details\">\n                <div class=\"profile-image\"><\/div>\n                <span class=\"profile-info\">\n                    <strong class=\"profile-name\">Nathalie Demotie<\/strong>\n                    <p class=\"profile-des\">Avis google<\/p>\n                <\/span>\n            <\/div><\/div>\n                    <\/div>\n                <\/div><div class=\"testimonial-item  elementor-repeater-item-cf4260e\">\n                    <div class=\"testimonial-box hover-from-left\" >\n                        <div class=\"icon-content\"><i aria-hidden=\"true\" class=\"jki jki-quote-left-solid\"><\/i><\/div>\n                    <div class=\"comment-content\"><p>Bon accueil, ophtamologue comp\u00e9tente et gentille !<\/p><\/div>\n                    <div class=\"comment-header\"><ul class=\"rating-stars\"><\/ul><\/div>\n                    <div class=\"comment-bio\"><div class=\"bio-details\">\n                <div class=\"profile-image\"><\/div>\n                <span class=\"profile-info\">\n                    <strong class=\"profile-name\">Jeannice<\/strong>\n                    <p class=\"profile-des\">Avis google<\/p>\n                <\/span>\n            <\/div><\/div>\n                    <\/div>\n                <\/div><div class=\"testimonial-item  elementor-repeater-item-07f47b5\">\n                    <div class=\"testimonial-box hover-from-left\" >\n                        <div class=\"icon-content\"><i aria-hidden=\"true\" class=\"jki jki-quote-left-solid\"><\/i><\/div>\n                    <div class=\"comment-content\"><p>Parfait.  \u00c9quipe s\u00e9rieuse, cabinet impeccable !<\/p><\/div>\n                    <div class=\"comment-header\"><ul class=\"rating-stars\"><\/ul><\/div>\n                    <div class=\"comment-bio\"><div class=\"bio-details\">\n                <div class=\"profile-image\"><\/div>\n                <span class=\"profile-info\">\n                    <strong class=\"profile-name\">Cecilien<\/strong>\n                    <p class=\"profile-des\">Avis google<\/p>\n                <\/span>\n            <\/div><\/div>\n                    <\/div>\n                <\/div><\/div>\n        <\/div><\/div>\t\t\t\t<\/div>\n\t\t\t\t<\/div>\n\t\t\t\t\t<\/div>\n\t\t<\/div>\n\t\t\t\t\t<\/div>\n\t\t<\/section>\n\t\t\t\t\t<\/div>\n\t\t<\/div>\n\t\t\t\t\t<\/div>\n\t\t<\/section>\n\t\t\t\t<section class=\"elementor-section elementor-top-section elementor-element elementor-element-d5e988a elementor-section-boxed elementor-section-height-default elementor-section-height-default\" data-id=\"d5e988a\" data-element_type=\"section\" data-e-type=\"section\">\n\t\t\t\t\t\t<div class=\"elementor-container elementor-column-gap-default\">\n\t\t\t\t\t<div class=\"elementor-column elementor-col-100 elementor-top-column elementor-element elementor-element-ec7f6b9\" data-id=\"ec7f6b9\" data-element_type=\"column\" data-e-type=\"column\">\n\t\t\t<div class=\"elementor-widget-wrap elementor-element-populated\">\n\t\t\t\t\t\t<div class=\"elementor-element elementor-element-df9afd0 elementor-widget elementor-widget-text-editor\" data-id=\"df9afd0\" data-element_type=\"widget\" data-e-type=\"widget\" data-widget_type=\"text-editor.default\">\n\t\t\t\t<div class=\"elementor-widget-container\">\n\t\t\t\t\t\t\t\t\tPour <strong>une urgence<\/strong> ou <strong>toutes questions sur la Chirurgie R\u00e9fractive<\/strong> vous pouvez nous contacter via l&rsquo;adresse mail suivante :\u00a0<strong><a href=\"mailto:refractive@ophtalmo-toulon.com\">refractive@ophtalmo-toulon.com<\/a><\/strong>\t\t\t\t\t\t\t\t<\/div>\n\t\t\t\t<\/div>\n\t\t\t\t\t<\/div>\n\t\t<\/div>\n\t\t\t\t\t<\/div>\n\t\t<\/section>\n\t\t\t\t<\/div>\n\t\t","protected":false},"excerpt":{"rendered":"<p>Correction de la myopie au laser Accueil \/ Myopie refractive@ophtalmo-toulon.com OPHTAVAL, CENTRE D&rsquo;OPHTALMOLOGIE DE LA VALETTE DU VAR Correction de la myopie au laser La myopie figure parmi les troubles de la vue les plus r\u00e9pandus. Elle\u00a0appara\u00eet habituellement dans l\u2019enfance vers 6 \u00e0 8 ans et \u00e9volue jusqu\u2019\u00e0 l\u2019\u00e2ge de 20-25 ans puis se stabilise. [&hellip;]<\/p>\n","protected":false},"author":1,"featured_media":0,"parent":0,"menu_order":0,"comment_status":"closed","ping_status":"closed","template":"elementor_header_footer","meta":{"footnotes":""},"class_list":["post-381","page","type-page","status-publish","hentry"],"yoast_head":"<!-- This site is optimized with the Yoast SEO plugin v27.5 - https:\/\/yoast.com\/product\/yoast-seo-wordpress\/ -->\n<title>Correction de la myopie au laser - Ophtalmologie Var<\/title>\n<meta name=\"description\" content=\"Correction de la myopie au laser - Centre D&#039;ophtalmologie de la Valette du Var - consultation &amp; chirurgie d&#039;ophtalmologie\" \/>\n<meta name=\"robots\" content=\"index, follow, max-snippet:-1, max-image-preview:large, max-video-preview:-1\" \/>\n<link rel=\"canonical\" href=\"https:\/\/ophtalmo-toulon.com\/index.php\/correction-de-la-myopie-au-laser\/\" \/>\n<meta property=\"og:locale\" content=\"fr_FR\" \/>\n<meta property=\"og:type\" content=\"article\" \/>\n<meta property=\"og:title\" content=\"Correction de la myopie au laser - Ophtalmologie Var\" \/>\n<meta property=\"og:description\" content=\"Correction de la myopie au laser - Centre D&#039;ophtalmologie de la Valette du Var - consultation &amp; chirurgie d&#039;ophtalmologie\" \/>\n<meta property=\"og:url\" content=\"https:\/\/ophtalmo-toulon.com\/index.php\/correction-de-la-myopie-au-laser\/\" \/>\n<meta property=\"og:site_name\" content=\"Ophtaval\" \/>\n<meta property=\"article:modified_time\" content=\"2024-08-23T14:16:06+00:00\" \/>\n<meta property=\"og:image\" content=\"https:\/\/ophtalmo-toulon.com\/wp-content\/uploads\/2022\/02\/oeil-myope-myopie-768x130.jpg\" \/>\n<meta name=\"twitter:card\" content=\"summary_large_image\" \/>\n<meta name=\"twitter:label1\" content=\"Dur\u00e9e de lecture estim\u00e9e\" \/>\n\t<meta name=\"twitter:data1\" content=\"3 minutes\" \/>\n<script type=\"application\/ld+json\" class=\"yoast-schema-graph\">{\"@context\":\"https:\\\/\\\/schema.org\",\"@graph\":[{\"@type\":\"WebPage\",\"@id\":\"https:\\\/\\\/ophtalmo-toulon.com\\\/index.php\\\/correction-de-la-myopie-au-laser\\\/\",\"url\":\"https:\\\/\\\/ophtalmo-toulon.com\\\/index.php\\\/correction-de-la-myopie-au-laser\\\/\",\"name\":\"Correction de la myopie au laser - Ophtalmologie Var\",\"isPartOf\":{\"@id\":\"https:\\\/\\\/ophtalmo-toulon.com\\\/#website\"},\"primaryImageOfPage\":{\"@id\":\"https:\\\/\\\/ophtalmo-toulon.com\\\/index.php\\\/correction-de-la-myopie-au-laser\\\/#primaryimage\"},\"image\":{\"@id\":\"https:\\\/\\\/ophtalmo-toulon.com\\\/index.php\\\/correction-de-la-myopie-au-laser\\\/#primaryimage\"},\"thumbnailUrl\":\"https:\\\/\\\/ophtalmo-toulon.com\\\/wp-content\\\/uploads\\\/2022\\\/02\\\/oeil-myope-myopie-768x130.jpg\",\"datePublished\":\"2022-02-28T10:26:58+00:00\",\"dateModified\":\"2024-08-23T14:16:06+00:00\",\"description\":\"Correction de la myopie au laser - Centre D'ophtalmologie de la Valette du Var - consultation & chirurgie d'ophtalmologie\",\"breadcrumb\":{\"@id\":\"https:\\\/\\\/ophtalmo-toulon.com\\\/index.php\\\/correction-de-la-myopie-au-laser\\\/#breadcrumb\"},\"inLanguage\":\"fr-FR\",\"potentialAction\":[{\"@type\":\"ReadAction\",\"target\":[\"https:\\\/\\\/ophtalmo-toulon.com\\\/index.php\\\/correction-de-la-myopie-au-laser\\\/\"]}]},{\"@type\":\"ImageObject\",\"inLanguage\":\"fr-FR\",\"@id\":\"https:\\\/\\\/ophtalmo-toulon.com\\\/index.php\\\/correction-de-la-myopie-au-laser\\\/#primaryimage\",\"url\":\"https:\\\/\\\/ophtalmo-toulon.com\\\/wp-content\\\/uploads\\\/2022\\\/02\\\/oeil-myope-myopie.jpg\",\"contentUrl\":\"https:\\\/\\\/ophtalmo-toulon.com\\\/wp-content\\\/uploads\\\/2022\\\/02\\\/oeil-myope-myopie.jpg\",\"width\":1024,\"height\":173,\"caption\":\"myopie Centre D'ophtalmologie de la Valette du Var - consultation & chirurgie d'ophtalmologie\"},{\"@type\":\"BreadcrumbList\",\"@id\":\"https:\\\/\\\/ophtalmo-toulon.com\\\/index.php\\\/correction-de-la-myopie-au-laser\\\/#breadcrumb\",\"itemListElement\":[{\"@type\":\"ListItem\",\"position\":1,\"name\":\"Accueil\",\"item\":\"https:\\\/\\\/ophtalmo-toulon.com\\\/\"},{\"@type\":\"ListItem\",\"position\":2,\"name\":\"Correction de la myopie au laser\"}]},{\"@type\":\"WebSite\",\"@id\":\"https:\\\/\\\/ophtalmo-toulon.com\\\/#website\",\"url\":\"https:\\\/\\\/ophtalmo-toulon.com\\\/\",\"name\":\"Ophtaval\",\"description\":\"Ophtalmologie La Valette du Var\",\"potentialAction\":[{\"@type\":\"SearchAction\",\"target\":{\"@type\":\"EntryPoint\",\"urlTemplate\":\"https:\\\/\\\/ophtalmo-toulon.com\\\/?s={search_term_string}\"},\"query-input\":{\"@type\":\"PropertyValueSpecification\",\"valueRequired\":true,\"valueName\":\"search_term_string\"}}],\"inLanguage\":\"fr-FR\"}]}<\/script>\n<!-- \/ Yoast SEO plugin. -->","yoast_head_json":{"title":"Correction de la myopie au laser - Ophtalmologie Var","description":"Correction de la myopie au laser - Centre D'ophtalmologie de la Valette du Var - consultation & chirurgie d'ophtalmologie","robots":{"index":"index","follow":"follow","max-snippet":"max-snippet:-1","max-image-preview":"max-image-preview:large","max-video-preview":"max-video-preview:-1"},"canonical":"https:\/\/ophtalmo-toulon.com\/index.php\/correction-de-la-myopie-au-laser\/","og_locale":"fr_FR","og_type":"article","og_title":"Correction de la myopie au laser - Ophtalmologie Var","og_description":"Correction de la myopie au laser - Centre D'ophtalmologie de la Valette du Var - consultation & chirurgie d'ophtalmologie","og_url":"https:\/\/ophtalmo-toulon.com\/index.php\/correction-de-la-myopie-au-laser\/","og_site_name":"Ophtaval","article_modified_time":"2024-08-23T14:16:06+00:00","og_image":[{"url":"https:\/\/ophtalmo-toulon.com\/wp-content\/uploads\/2022\/02\/oeil-myope-myopie-768x130.jpg","type":"","width":"","height":""}],"twitter_card":"summary_large_image","twitter_misc":{"Dur\u00e9e de lecture estim\u00e9e":"3 minutes"},"schema":{"@context":"https:\/\/schema.org","@graph":[{"@type":"WebPage","@id":"https:\/\/ophtalmo-toulon.com\/index.php\/correction-de-la-myopie-au-laser\/","url":"https:\/\/ophtalmo-toulon.com\/index.php\/correction-de-la-myopie-au-laser\/","name":"Correction de la myopie au laser - Ophtalmologie Var","isPartOf":{"@id":"https:\/\/ophtalmo-toulon.com\/#website"},"primaryImageOfPage":{"@id":"https:\/\/ophtalmo-toulon.com\/index.php\/correction-de-la-myopie-au-laser\/#primaryimage"},"image":{"@id":"https:\/\/ophtalmo-toulon.com\/index.php\/correction-de-la-myopie-au-laser\/#primaryimage"},"thumbnailUrl":"https:\/\/ophtalmo-toulon.com\/wp-content\/uploads\/2022\/02\/oeil-myope-myopie-768x130.jpg","datePublished":"2022-02-28T10:26:58+00:00","dateModified":"2024-08-23T14:16:06+00:00","description":"Correction de la myopie au laser - Centre D'ophtalmologie de la Valette du Var - consultation & chirurgie d'ophtalmologie","breadcrumb":{"@id":"https:\/\/ophtalmo-toulon.com\/index.php\/correction-de-la-myopie-au-laser\/#breadcrumb"},"inLanguage":"fr-FR","potentialAction":[{"@type":"ReadAction","target":["https:\/\/ophtalmo-toulon.com\/index.php\/correction-de-la-myopie-au-laser\/"]}]},{"@type":"ImageObject","inLanguage":"fr-FR","@id":"https:\/\/ophtalmo-toulon.com\/index.php\/correction-de-la-myopie-au-laser\/#primaryimage","url":"https:\/\/ophtalmo-toulon.com\/wp-content\/uploads\/2022\/02\/oeil-myope-myopie.jpg","contentUrl":"https:\/\/ophtalmo-toulon.com\/wp-content\/uploads\/2022\/02\/oeil-myope-myopie.jpg","width":1024,"height":173,"caption":"myopie Centre D'ophtalmologie de la Valette du Var - consultation & chirurgie d'ophtalmologie"},{"@type":"BreadcrumbList","@id":"https:\/\/ophtalmo-toulon.com\/index.php\/correction-de-la-myopie-au-laser\/#breadcrumb","itemListElement":[{"@type":"ListItem","position":1,"name":"Accueil","item":"https:\/\/ophtalmo-toulon.com\/"},{"@type":"ListItem","position":2,"name":"Correction de la myopie au laser"}]},{"@type":"WebSite","@id":"https:\/\/ophtalmo-toulon.com\/#website","url":"https:\/\/ophtalmo-toulon.com\/","name":"Ophtaval","description":"Ophtalmologie La Valette du Var","potentialAction":[{"@type":"SearchAction","target":{"@type":"EntryPoint","urlTemplate":"https:\/\/ophtalmo-toulon.com\/?s={search_term_string}"},"query-input":{"@type":"PropertyValueSpecification","valueRequired":true,"valueName":"search_term_string"}}],"inLanguage":"fr-FR"}]}},"_links":{"self":[{"href":"https:\/\/ophtalmo-toulon.com\/index.php\/wp-json\/wp\/v2\/pages\/381","targetHints":{"allow":["GET"]}}],"collection":[{"href":"https:\/\/ophtalmo-toulon.com\/index.php\/wp-json\/wp\/v2\/pages"}],"about":[{"href":"https:\/\/ophtalmo-toulon.com\/index.php\/wp-json\/wp\/v2\/types\/page"}],"author":[{"embeddable":true,"href":"https:\/\/ophtalmo-toulon.com\/index.php\/wp-json\/wp\/v2\/users\/1"}],"replies":[{"embeddable":true,"href":"https:\/\/ophtalmo-toulon.com\/index.php\/wp-json\/wp\/v2\/comments?post=381"}],"version-history":[{"count":17,"href":"https:\/\/ophtalmo-toulon.com\/index.php\/wp-json\/wp\/v2\/pages\/381\/revisions"}],"predecessor-version":[{"id":3360,"href":"https:\/\/ophtalmo-toulon.com\/index.php\/wp-json\/wp\/v2\/pages\/381\/revisions\/3360"}],"wp:attachment":[{"href":"https:\/\/ophtalmo-toulon.com\/index.php\/wp-json\/wp\/v2\/media?parent=381"}],"curies":[{"name":"wp","href":"https:\/\/api.w.org\/{rel}","templated":true}]}}