{"id":454,"date":"2022-02-28T13:53:34","date_gmt":"2022-02-28T13:53:34","guid":{"rendered":"https:\/\/toty.fr\/ophtalmologievar\/?page_id=454"},"modified":"2022-03-30T07:57:36","modified_gmt":"2022-03-30T07:57:36","slug":"le-diabete","status":"publish","type":"page","link":"https:\/\/ophtalmo-toulon.com\/index.php\/le-diabete\/","title":{"rendered":"Le diab\u00e8te"},"content":{"rendered":"\t\t<div data-elementor-type=\"wp-page\" data-elementor-id=\"454\" class=\"elementor elementor-454\">\n\t\t\t\t\t\t<section class=\"elementor-section elementor-top-section elementor-element elementor-element-4b4bc3aa elementor-section-stretched elementor-section-height-min-height elementor-section-boxed elementor-section-height-default elementor-section-items-middle\" data-id=\"4b4bc3aa\" data-element_type=\"section\" data-e-type=\"section\" data-settings=\"{&quot;background_background&quot;:&quot;classic&quot;,&quot;stretch_section&quot;:&quot;section-stretched&quot;}\">\n\t\t\t\t\t\t\t<div class=\"elementor-background-overlay\"><\/div>\n\t\t\t\t\t\t\t<div class=\"elementor-container elementor-column-gap-no\">\n\t\t\t\t\t<div class=\"elementor-column elementor-col-100 elementor-top-column elementor-element elementor-element-3e470580\" data-id=\"3e470580\" data-element_type=\"column\" data-e-type=\"column\">\n\t\t\t<div class=\"elementor-widget-wrap elementor-element-populated\">\n\t\t\t\t\t\t<div class=\"elementor-element elementor-element-57b4eb5e elementor-widget elementor-widget-heading\" data-id=\"57b4eb5e\" data-element_type=\"widget\" data-e-type=\"widget\" data-widget_type=\"heading.default\">\n\t\t\t\t<div class=\"elementor-widget-container\">\n\t\t\t\t\t<h1 class=\"elementor-heading-title elementor-size-default\">Le diab\u00e8te<\/h1>\t\t\t\t<\/div>\n\t\t\t\t<\/div>\n\t\t\t\t<div class=\"elementor-element elementor-element-64bb916c elementor-widget__width-auto elementor-widget elementor-widget-text-editor\" data-id=\"64bb916c\" data-element_type=\"widget\" data-e-type=\"widget\" data-widget_type=\"text-editor.default\">\n\t\t\t\t<div class=\"elementor-widget-container\">\n\t\t\t\t\t\t\t\t\t<p>Accueil \/<\/p>\t\t\t\t\t\t\t\t<\/div>\n\t\t\t\t<\/div>\n\t\t\t\t<div class=\"elementor-element elementor-element-4ee1ceff elementor-widget__width-auto elementor-widget elementor-widget-text-editor\" data-id=\"4ee1ceff\" data-element_type=\"widget\" data-e-type=\"widget\" data-widget_type=\"text-editor.default\">\n\t\t\t\t<div class=\"elementor-widget-container\">\n\t\t\t\t\t\t\t\t\t<p>Diab\u00e8te<\/p>\t\t\t\t\t\t\t\t<\/div>\n\t\t\t\t<\/div>\n\t\t\t\t\t<\/div>\n\t\t<\/div>\n\t\t\t\t\t<\/div>\n\t\t<\/section>\n\t\t\t\t<section class=\"elementor-section elementor-top-section elementor-element elementor-element-27055a14 elementor-section-content-middle elementor-section-stretched elementor-section-boxed elementor-section-height-default elementor-section-height-default\" data-id=\"27055a14\" data-element_type=\"section\" data-e-type=\"section\" data-settings=\"{&quot;background_background&quot;:&quot;classic&quot;,&quot;stretch_section&quot;:&quot;section-stretched&quot;}\">\n\t\t\t\t\t\t<div class=\"elementor-container elementor-column-gap-no\">\n\t\t\t\t\t<div class=\"elementor-column elementor-col-50 elementor-top-column elementor-element elementor-element-6711f52c\" data-id=\"6711f52c\" data-element_type=\"column\" data-e-type=\"column\">\n\t\t\t<div class=\"elementor-widget-wrap elementor-element-populated\">\n\t\t\t\t\t\t<div class=\"elementor-element elementor-element-2671fcc3 animated-slow elementor-invisible elementor-widget elementor-widget-heading\" data-id=\"2671fcc3\" data-element_type=\"widget\" data-e-type=\"widget\" data-settings=\"{&quot;_animation&quot;:&quot;fadeInLeft&quot;}\" data-widget_type=\"heading.default\">\n\t\t\t\t<div class=\"elementor-widget-container\">\n\t\t\t\t\t<h5 class=\"elementor-heading-title elementor-size-default\">OPHTAVAL, CENTRE D'OPHTALMOLOGIE DE LA VALETTE DU VAR<\/h5>\t\t\t\t<\/div>\n\t\t\t\t<\/div>\n\t\t\t\t<div class=\"elementor-element elementor-element-4f249000 elementor-widget elementor-widget-heading\" data-id=\"4f249000\" data-element_type=\"widget\" data-e-type=\"widget\" data-widget_type=\"heading.default\">\n\t\t\t\t<div class=\"elementor-widget-container\">\n\t\t\t\t\t<h2 class=\"elementor-heading-title elementor-size-default\">Le diab\u00e8te<\/h2>\t\t\t\t<\/div>\n\t\t\t\t<\/div>\n\t\t\t\t<div class=\"elementor-element elementor-element-57b28c3d elementor-widget elementor-widget-text-editor\" data-id=\"57b28c3d\" data-element_type=\"widget\" data-e-type=\"widget\" data-widget_type=\"text-editor.default\">\n\t\t\t\t<div class=\"elementor-widget-container\">\n\t\t\t\t\t\t\t\t\t<p><span style=\"color: #333333;\"><strong>Le diab\u00e8te, un mal avec lequel il faut savoir vivre<\/strong><\/span><\/p><p><span style=\"color: #333333;\">Si en 1998, on a \u00e9valu\u00e9 \u00e0 143 millions, le nombre de diab\u00e9tiques dans le monde, on pr\u00e9voit pour l\u2019ann\u00e9e 2025, le chiffre de 300 millions.<\/span><br \/><span style=\"color: #333333;\">Cette maladie chronique qui est en pleine croissance est pourtant grave car, non soign\u00e9e, elle peut en g\u00e9n\u00e9rer d\u2019autres et notamment la r\u00e9tinopathie diab\u00e9tique.<\/span><\/p><p><span style=\"color: #333333;\"><strong>La r\u00e9tinopathie diab\u00e9tique<\/strong> est une grave complication du diab\u00e8te, elle appara\u00eet lorsque l\u2019exc\u00e8s de sucre dans le sang, caract\u00e9ristique du diab\u00e8te, a endommag\u00e9 les petits vaisseaux qui approvisionnent la r\u00e9tine.<\/span><br \/><span style=\"color: #333333;\">Malgr\u00e9 l\u2019existence de traitements, cette pathologie est la premi\u00e8re cause de c\u00e9cit\u00e9 et de handicap visuel en France.<\/span><\/p>\t\t\t\t\t\t\t\t<\/div>\n\t\t\t\t<\/div>\n\t\t\t\t<div class=\"elementor-element elementor-element-82eabc4 elementor-widget elementor-widget-image\" data-id=\"82eabc4\" data-element_type=\"widget\" data-e-type=\"widget\" data-widget_type=\"image.default\">\n\t\t\t\t<div class=\"elementor-widget-container\">\n\t\t\t\t\t\t\t\t\t\t\t\t\t\t\t<img decoding=\"async\" src=\"https:\/\/ophtalmo-toulon.com\/wp-content\/uploads\/2022\/02\/diabete-retinopathie-diabetique.jpg\" title=\"diabete glaucome Centre D&rsquo;ophtalmologie de la Valette du Var &#8211; consultation &#038; chirurgie d&rsquo;ophtalmologie\" alt=\"diabete Centre D&#039;ophtalmologie de la Valette du Var - consultation &amp; chirurgie d&#039;ophtalmologie\" loading=\"lazy\" \/>\t\t\t\t\t\t\t\t\t\t\t\t\t\t\t<\/div>\n\t\t\t\t<\/div>\n\t\t\t\t\t<\/div>\n\t\t<\/div>\n\t\t\t\t<div class=\"elementor-column elementor-col-50 elementor-top-column elementor-element elementor-element-4093abc1 animated-slow elementor-invisible\" data-id=\"4093abc1\" data-element_type=\"column\" data-e-type=\"column\" data-settings=\"{&quot;animation&quot;:&quot;fadeInDown&quot;}\">\n\t\t\t<div class=\"elementor-widget-wrap elementor-element-populated\">\n\t\t\t\t\t\t<div class=\"elementor-element elementor-element-2d9ce1ef elementor-widget elementor-widget-image\" data-id=\"2d9ce1ef\" data-element_type=\"widget\" data-e-type=\"widget\" data-widget_type=\"image.default\">\n\t\t\t\t<div class=\"elementor-widget-container\">\n\t\t\t\t\t\t\t\t\t\t\t\t\t\t\t<img decoding=\"async\" src=\"https:\/\/ophtalmo-toulon.com\/wp-content\/uploads\/elementor\/thumbs\/ophthalmology-eyesight-diagnostic-concept-modern-2021-08-26-17-35-10-utc-copie-2-pmmiirgeu54uy2mpi0m2q6r2knrapypkzqf5kiml34.jpg\" title=\"diabete Centre D&rsquo;ophtalmologie de la Valette du Var &#8211; consultation &#038; chirurgie d&rsquo;ophtalmologie\" alt=\"diabete Centre D&#039;ophtalmologie de la Valette du Var - consultation &amp; chirurgie d&#039;ophtalmologie\" class=\"elementor-animation-shrink\" loading=\"lazy\" \/>\t\t\t\t\t\t\t\t\t\t\t\t\t\t\t<\/div>\n\t\t\t\t<\/div>\n\t\t\t\t\t<\/div>\n\t\t<\/div>\n\t\t\t\t\t<\/div>\n\t\t<\/section>\n\t\t\t\t<section class=\"elementor-section elementor-top-section elementor-element elementor-element-f61e6a1 elementor-section-stretched elementor-section-boxed elementor-section-height-default elementor-section-height-default\" data-id=\"f61e6a1\" data-element_type=\"section\" data-e-type=\"section\" data-settings=\"{&quot;stretch_section&quot;:&quot;section-stretched&quot;,&quot;background_background&quot;:&quot;classic&quot;}\">\n\t\t\t\t\t\t<div class=\"elementor-container elementor-column-gap-default\">\n\t\t\t\t\t<div class=\"elementor-column elementor-col-50 elementor-top-column elementor-element elementor-element-fd46d22\" data-id=\"fd46d22\" data-element_type=\"column\" data-e-type=\"column\">\n\t\t\t<div class=\"elementor-widget-wrap elementor-element-populated\">\n\t\t\t\t\t\t<div class=\"elementor-element elementor-element-221bbba elementor-widget elementor-widget-heading\" data-id=\"221bbba\" data-element_type=\"widget\" data-e-type=\"widget\" data-widget_type=\"heading.default\">\n\t\t\t\t<div class=\"elementor-widget-container\">\n\t\t\t\t\t<h3 class=\"elementor-heading-title elementor-size-default\">La r\u00e9tinopathie diab\u00e9tique<\/h3>\t\t\t\t<\/div>\n\t\t\t\t<\/div>\n\t\t\t\t<div class=\"elementor-element elementor-element-10ed906 elementor-widget elementor-widget-text-editor\" data-id=\"10ed906\" data-element_type=\"widget\" data-e-type=\"widget\" data-widget_type=\"text-editor.default\">\n\t\t\t\t<div class=\"elementor-widget-container\">\n\t\t\t\t\t\t\t\t\t<p><span style=\"color: #333333;\">Diab\u00e8te de type 1 et 2 sont susceptibles d\u2019endommager les petits vaisseaux sanguins qui transportent le sang vers la r\u00e9tine.<\/span><\/p><p><strong><span style=\"color: #333333;\">On distingue diff\u00e9rents stades de la maladie.<\/span><\/strong><\/p><ul><li><span style=\"color: #333333;\"><strong>La r\u00e9tinopathie non prolif\u00e9rante<\/strong>\u00a0:\u00a0c\u2019est le d\u00e9veloppement progressif et sans retentissement pour le patient de l\u00e9sions r\u00e9tiniennes du fait de l\u2019hyperglyc\u00e9mie chronique. C\u2019est le bon moment pour b\u00e9n\u00e9ficier d\u2019un d\u00e9pistage.<\/span><\/li><li><span style=\"color: #333333;\">\u00a0<strong>La r\u00e9tinopathie prolif\u00e9rante<\/strong>\u00a0:\u00a0Pour remplacer les vaisseaux ab\u00eem\u00e9s, la r\u00e9tine en fabrique de nouveaux, qui sont n\u00e9anmoins plus fragiles et peuvent saigner dans une partie de l\u2019oeil appel\u00e9e le vitr\u00e9e. Dans ce cas, la vue est gravement d\u00e9t\u00e9rior\u00e9e\u00a0;<\/span><\/li><li><span style=\"color: #333333;\"><strong class=\"style8\">L\u2019oed\u00e8me maculaire: <\/strong>c\u2019est la cause la plus fr\u00e9quente de baisse de l\u2019acuit\u00e9 visuelle chez le patient diab\u00e9tique. C\u2019est une complication grave mais nous avons actuellement les moyens de la traiter.<strong class=\"style8\"><br \/><\/strong>En r\u00e8gle g\u00e9n\u00e9rale, les sympt\u00f4mes de la r\u00e9tinopathie diab\u00e9tique apparaissent \u00e0 un stade avanc\u00e9 de la maladie. Longtemps le patient n\u2019a aucun retentissement visuel.<\/span><\/li><\/ul><p><span style=\"color: #333333;\">C\u2019est pourquoi il est important que les patients diab\u00e9tiques effectuent <strong>tous les ans un examen du fond d\u2019\u0153il.<\/strong><\/span><\/p>\t\t\t\t\t\t\t\t<\/div>\n\t\t\t\t<\/div>\n\t\t\t\t\t<\/div>\n\t\t<\/div>\n\t\t\t\t<div class=\"elementor-column elementor-col-50 elementor-top-column elementor-element elementor-element-8a32687\" data-id=\"8a32687\" data-element_type=\"column\" data-e-type=\"column\">\n\t\t\t<div class=\"elementor-widget-wrap elementor-element-populated\">\n\t\t\t\t\t\t<div class=\"elementor-element elementor-element-7a26930 elementor-widget elementor-widget-image\" data-id=\"7a26930\" data-element_type=\"widget\" data-e-type=\"widget\" data-widget_type=\"image.default\">\n\t\t\t\t<div class=\"elementor-widget-container\">\n\t\t\t\t\t\t\t\t\t\t\t\t\t\t\t<img decoding=\"async\" src=\"https:\/\/ophtalmo-toulon.com\/wp-content\/uploads\/elementor\/thumbs\/oedeme-maculaire-01-pmmiirgb6kqzngt7x7c3uudz2so7gt38qv5t3cnxy8.png\" title=\"diabete Centre D&rsquo;ophtalmologie de la Valette du Var &#8211; consultation &#038; chirurgie d&rsquo;ophtalmologie\" alt=\"diabete Centre D&#039;ophtalmologie de la Valette du Var - consultation &amp; chirurgie d&#039;ophtalmologie\" loading=\"lazy\" \/>\t\t\t\t\t\t\t\t\t\t\t\t\t\t\t<\/div>\n\t\t\t\t<\/div>\n\t\t\t\t<div class=\"elementor-element elementor-element-7423fec elementor-widget elementor-widget-image\" data-id=\"7423fec\" data-element_type=\"widget\" data-e-type=\"widget\" data-widget_type=\"image.default\">\n\t\t\t\t<div class=\"elementor-widget-container\">\n\t\t\t\t\t\t\t\t\t\t\t\t\t\t\t<img fetchpriority=\"high\" decoding=\"async\" width=\"300\" height=\"254\" src=\"https:\/\/ophtalmo-toulon.com\/wp-content\/uploads\/2022\/02\/oedeme-maculaire-02.png\" class=\"attachment-large size-large wp-image-458\" alt=\"\" \/>\t\t\t\t\t\t\t\t\t\t\t\t\t\t\t<\/div>\n\t\t\t\t<\/div>\n\t\t\t\t\t<\/div>\n\t\t<\/div>\n\t\t\t\t\t<\/div>\n\t\t<\/section>\n\t\t\t\t<section class=\"elementor-section elementor-top-section elementor-element elementor-element-f626210 elementor-section-content-middle elementor-section-stretched elementor-section-boxed elementor-section-height-default elementor-section-height-default\" data-id=\"f626210\" data-element_type=\"section\" data-e-type=\"section\" data-settings=\"{&quot;background_background&quot;:&quot;classic&quot;,&quot;stretch_section&quot;:&quot;section-stretched&quot;}\">\n\t\t\t\t\t\t<div class=\"elementor-container elementor-column-gap-no\">\n\t\t\t\t\t<div class=\"elementor-column elementor-col-50 elementor-top-column elementor-element elementor-element-ca93dc0 animated-slow elementor-invisible\" data-id=\"ca93dc0\" data-element_type=\"column\" data-e-type=\"column\" data-settings=\"{&quot;animation&quot;:&quot;fadeInDown&quot;}\">\n\t\t\t<div class=\"elementor-widget-wrap elementor-element-populated\">\n\t\t\t\t\t\t<div class=\"elementor-element elementor-element-6af1f74 elementor-widget elementor-widget-image\" data-id=\"6af1f74\" data-element_type=\"widget\" data-e-type=\"widget\" data-widget_type=\"image.default\">\n\t\t\t\t<div class=\"elementor-widget-container\">\n\t\t\t\t\t\t\t\t\t\t\t\t\t\t\t<img decoding=\"async\" src=\"https:\/\/ophtalmo-toulon.com\/wp-content\/uploads\/elementor\/thumbs\/IMG_1302-scaled-pmmiiomttxg4r8fc4nnusjryptpxrcyy7ractvsbjk.jpg\" title=\"Centre D&rsquo;ophtalmologie de la Valette du Var &#8211; consultation &#038; chirurgie d&rsquo;ophtalmologie\" alt=\"Centre D&#039;ophtalmologie de la Valette du Var - consultation &amp; chirurgie d&#039;ophtalmologie\" class=\"elementor-animation-shrink\" loading=\"lazy\" \/>\t\t\t\t\t\t\t\t\t\t\t\t\t\t\t<\/div>\n\t\t\t\t<\/div>\n\t\t\t\t\t<\/div>\n\t\t<\/div>\n\t\t\t\t<div class=\"elementor-column elementor-col-50 elementor-top-column elementor-element elementor-element-b0d2a7b\" data-id=\"b0d2a7b\" data-element_type=\"column\" data-e-type=\"column\">\n\t\t\t<div class=\"elementor-widget-wrap elementor-element-populated\">\n\t\t\t\t\t\t<div class=\"elementor-element elementor-element-aa7ce8c elementor-widget elementor-widget-heading\" data-id=\"aa7ce8c\" data-element_type=\"widget\" data-e-type=\"widget\" data-widget_type=\"heading.default\">\n\t\t\t\t<div class=\"elementor-widget-container\">\n\t\t\t\t\t<h2 class=\"elementor-heading-title elementor-size-default\">Les traitements <\/h2>\t\t\t\t<\/div>\n\t\t\t\t<\/div>\n\t\t\t\t<div class=\"elementor-element elementor-element-b3e01fa elementor-widget elementor-widget-text-editor\" data-id=\"b3e01fa\" data-element_type=\"widget\" data-e-type=\"widget\" data-widget_type=\"text-editor.default\">\n\t\t\t\t<div class=\"elementor-widget-container\">\n\t\t\t\t\t\t\t\t\t<p><span style=\"text-decoration: underline; color: #fdc00d;\"><strong>Contr\u00f4le de l\u2019\u00e9quilibre glyc\u00e9mique et tensionnel<\/strong><\/span><br \/><span style=\"color: #333333;\">Le traitement de la r\u00e9tinopathie diab\u00e9tique repose avant tout sur le bon \u00e9quilibre du diab\u00e8te au long cours. L\u2019indice le plus utile pour l\u2019ophtalmologiste est <strong>l\u2019h\u00e9moglobine glyqu\u00e9e<\/strong>, v\u00e9ritable reflet en un seul chiffre de l\u2019\u00e9quilibre du diab\u00e8te sur les trois mois qui pr\u00e9c\u00e9dent. Amenez cette analyse \u00e0 votre m\u00e9decin.<\/span><br \/><span style=\"color: #333333;\"><strong>Ainsi, un contr\u00f4le r\u00e9gulier de la glyc\u00e9mie et de la tension art\u00e9rielle permet de r\u00e9duire les risques et la progression de la r\u00e9tinopathie diab\u00e9tique.<br \/><\/strong><\/span><\/p><p class=\"style730\" lang=\"fr\"><span style=\"text-decoration: underline; color: #fdc00d;\"><strong>Traitement par photocoagulation au laser Argon au Cabinet<br \/><\/strong><\/span><span style=\"color: #333333;\">Le traitement laser par photocoagulation panr\u00e9tinienne est un traitement\u00a0qui permet\u00a0d\u2019\u00e9liminer les nouveaux vaisseaux anormaux qui se sont form\u00e9s sur la r\u00e9tine.<strong>\u00a0C\u2019est un traitement qui n\u00e9cessite parfois plusieurs s\u00e9ances, il est peu douloureux et se d\u00e9roule sous anesth\u00e9sie locale.<\/strong><\/span><\/p><p class=\"style730\" lang=\"fr\"><span style=\"text-decoration: underline;\"><span style=\"color: #fdc00d; text-decoration: underline;\"><strong>Traitement chirurgical &#8211;\u00a0<\/strong><strong>La Vitrectomie<\/strong><\/span><\/span><br \/><span style=\"color: #333333;\">Cette intervention consiste\u00a0\u00e0 retirer le sang pr\u00e9sent dans l\u2019\u0153il\u00a0mais \u00e9galement\u00a0indiqu\u00e9 en cas d\u2019h\u00e9morragie intra-vitr\u00e9enne ou de d\u00e9collement de r\u00e9tine\u00a0\u00e0 d\u00e9truire les nouveaux vaisseaux et si cela s\u2019av\u00e9re n\u00e9cessaire \u00e0 recoller la r\u00e9tine.<\/span><\/p>\t\t\t\t\t\t\t\t<\/div>\n\t\t\t\t<\/div>\n\t\t\t\t\t<\/div>\n\t\t<\/div>\n\t\t\t\t\t<\/div>\n\t\t<\/section>\n\t\t\t\t<section class=\"elementor-section elementor-top-section elementor-element elementor-element-1f5a92e elementor-section-stretched elementor-section-boxed elementor-section-height-default elementor-section-height-default\" data-id=\"1f5a92e\" data-element_type=\"section\" data-e-type=\"section\" data-settings=\"{&quot;background_background&quot;:&quot;classic&quot;,&quot;stretch_section&quot;:&quot;section-stretched&quot;}\">\n\t\t\t\t\t\t\t<div class=\"elementor-background-overlay\"><\/div>\n\t\t\t\t\t\t\t<div class=\"elementor-container elementor-column-gap-default\">\n\t\t\t\t\t<div class=\"elementor-column elementor-col-100 elementor-top-column elementor-element elementor-element-32f0e1ff\" data-id=\"32f0e1ff\" data-element_type=\"column\" data-e-type=\"column\">\n\t\t\t<div class=\"elementor-widget-wrap elementor-element-populated\">\n\t\t\t\t\t\t<div class=\"elementor-element elementor-element-18f6621b animated-slow elementor-invisible elementor-widget elementor-widget-jkit_video_button\" data-id=\"18f6621b\" data-element_type=\"widget\" data-e-type=\"widget\" data-settings=\"{&quot;_animation&quot;:&quot;fadeInUp&quot;,&quot;_animation_delay&quot;:10}\" data-widget_type=\"jkit_video_button.default\">\n\t\t\t\t<div class=\"elementor-widget-container\">\n\t\t\t\t\t<div  class=\"jeg-elementor-kit jkit-video-button jeg_module___69f255054ae74\"  data-autoplay=\"0\" data-loop=\"0\" data-controls=\"0\" data-type=\"youtube\" data-mute=\"0\" data-start=\"0\" data-end=\"0\"><a href=\"https:\/\/www.youtube.com\/watch?v=MLpWrANjFbI\" class=\"jkit-video-popup-btn glow-enable\" aria-label=\"video-button\"><span class=\"icon-position-before\"><i aria-hidden=\"true\" class=\"fas fa-play\"><\/i><\/span><\/a><\/div>\t\t\t\t<\/div>\n\t\t\t\t<\/div>\n\t\t\t\t<div class=\"elementor-element elementor-element-3852a6c4 elementor-widget elementor-widget-heading\" data-id=\"3852a6c4\" data-element_type=\"widget\" data-e-type=\"widget\" data-widget_type=\"heading.default\">\n\t\t\t\t<div class=\"elementor-widget-container\">\n\t\t\t\t\t<h2 class=\"elementor-heading-title elementor-size-default\">D\u00e9couvrez le Centre Ophtaval en vid\u00e9o<\/h2>\t\t\t\t<\/div>\n\t\t\t\t<\/div>\n\t\t\t\t<div class=\"elementor-element elementor-element-675162d7 elementor-widget elementor-widget-text-editor\" data-id=\"675162d7\" data-element_type=\"widget\" data-e-type=\"widget\" data-widget_type=\"text-editor.default\">\n\t\t\t\t<div class=\"elementor-widget-container\">\n\t\t\t\t\t\t\t\t\t<p>Votre Centre d&rsquo;Ophtalmologie de la Valette du Var vous pr\u00e9sente quelques vid\u00e9os. Retrouvez les toutes en ligne sur notre cha\u00eene.<\/p>\t\t\t\t\t\t\t\t<\/div>\n\t\t\t\t<\/div>\n\t\t\t\t\t<\/div>\n\t\t<\/div>\n\t\t\t\t\t<\/div>\n\t\t<\/section>\n\t\t\t\t<section class=\"elementor-section elementor-top-section elementor-element elementor-element-19314733 animated-slow elementor-section-stretched elementor-section-boxed elementor-section-height-default elementor-section-height-default elementor-invisible\" data-id=\"19314733\" data-element_type=\"section\" data-e-type=\"section\" data-settings=\"{&quot;animation&quot;:&quot;fadeInUp&quot;,&quot;stretch_section&quot;:&quot;section-stretched&quot;}\">\n\t\t\t\t\t\t<div class=\"elementor-container elementor-column-gap-no\">\n\t\t\t\t\t<div class=\"elementor-column elementor-col-100 elementor-top-column elementor-element elementor-element-32545d48\" data-id=\"32545d48\" data-element_type=\"column\" data-e-type=\"column\">\n\t\t\t<div class=\"elementor-widget-wrap elementor-element-populated\">\n\t\t\t\t\t\t<section class=\"elementor-section elementor-inner-section elementor-element elementor-element-62934142 elementor-section-content-middle elementor-section-boxed elementor-section-height-default elementor-section-height-default\" data-id=\"62934142\" data-element_type=\"section\" data-e-type=\"section\">\n\t\t\t\t\t\t<div class=\"elementor-container elementor-column-gap-no\">\n\t\t\t\t\t<div class=\"elementor-column elementor-col-50 elementor-inner-column elementor-element elementor-element-3f60d47e\" data-id=\"3f60d47e\" data-element_type=\"column\" data-e-type=\"column\" data-settings=\"{&quot;background_background&quot;:&quot;classic&quot;}\">\n\t\t\t<div class=\"elementor-widget-wrap elementor-element-populated\">\n\t\t\t\t\t\t<div class=\"elementor-element elementor-element-14a2c3ae animated-slow elementor-invisible elementor-widget elementor-widget-heading\" data-id=\"14a2c3ae\" data-element_type=\"widget\" data-e-type=\"widget\" data-settings=\"{&quot;_animation&quot;:&quot;fadeInLeft&quot;}\" data-widget_type=\"heading.default\">\n\t\t\t\t<div class=\"elementor-widget-container\">\n\t\t\t\t\t<h5 class=\"elementor-heading-title elementor-size-default\">RENDEZ-VOUS OPHTAVAL<\/h5>\t\t\t\t<\/div>\n\t\t\t\t<\/div>\n\t\t\t\t<div class=\"elementor-element elementor-element-48280597 elementor-widget elementor-widget-heading\" data-id=\"48280597\" data-element_type=\"widget\" data-e-type=\"widget\" data-widget_type=\"heading.default\">\n\t\t\t\t<div class=\"elementor-widget-container\">\n\t\t\t\t\t<h2 class=\"elementor-heading-title elementor-size-default\">Prise de rendez-vous en ligne<\/h2>\t\t\t\t<\/div>\n\t\t\t\t<\/div>\n\t\t\t\t<div class=\"elementor-element elementor-element-3dd811f0 elementor-widget elementor-widget-text-editor\" data-id=\"3dd811f0\" data-element_type=\"widget\" data-e-type=\"widget\" data-widget_type=\"text-editor.default\">\n\t\t\t\t<div class=\"elementor-widget-container\">\n\t\t\t\t\t\t\t\t\t<p>Pour faciliter votre prise de rendez-vous avec nos m\u00e9decins, notre centre d&rsquo;ophtalmologie de La Valette du Var vous propose une prise de rendez-vous en ligne. Choisissez votre consultant, le jour et l&rsquo;heure pour votre consultation.\u00a0<\/p>\t\t\t\t\t\t\t\t<\/div>\n\t\t\t\t<\/div>\n\t\t\t\t<div class=\"elementor-element elementor-element-72d984ef elementor-align-left elementor-widget elementor-widget-button\" data-id=\"72d984ef\" data-element_type=\"widget\" data-e-type=\"widget\" data-widget_type=\"button.default\">\n\t\t\t\t<div class=\"elementor-widget-container\">\n\t\t\t\t\t\t\t\t\t<div class=\"elementor-button-wrapper\">\n\t\t\t\t\t<a class=\"elementor-button elementor-button-link elementor-size-sm elementor-animation-float\" href=\"https:\/\/www.doctolib.fr\/cabinet-medical\/la-valette-du-var\/ophtaval\">\n\t\t\t\t\t\t<span class=\"elementor-button-content-wrapper\">\n\t\t\t\t\t\t\t\t\t<span class=\"elementor-button-text\">PRENDRE RENDEZ-VOUS EN LIGNE \u2192<\/span>\n\t\t\t\t\t<\/span>\n\t\t\t\t\t<\/a>\n\t\t\t\t<\/div>\n\t\t\t\t\t\t\t\t<\/div>\n\t\t\t\t<\/div>\n\t\t\t\t\t<\/div>\n\t\t<\/div>\n\t\t\t\t<div class=\"elementor-column elementor-col-50 elementor-inner-column elementor-element elementor-element-59ee679d\" data-id=\"59ee679d\" data-element_type=\"column\" data-e-type=\"column\" data-settings=\"{&quot;background_background&quot;:&quot;classic&quot;}\">\n\t\t\t<div class=\"elementor-widget-wrap elementor-element-populated\">\n\t\t\t\t\t\t<div class=\"elementor-element elementor-element-4829b8d1 elementor-widget elementor-widget-jkit_testimonials\" data-id=\"4829b8d1\" data-element_type=\"widget\" data-e-type=\"widget\" data-widget_type=\"jkit_testimonials.default\">\n\t\t\t\t<div class=\"elementor-widget-container\">\n\t\t\t\t\t<div  class=\"jeg-elementor-kit jkit-testimonials arrow-middle-edge style-2 quote-override jeg_module__1_69f255054d859\"  data-id=\"jeg_module__1_69f255054d859\" data-settings=\"{&quot;autoplay&quot;:true,&quot;autoplay_speed&quot;:3500,&quot;autoplay_hover_pause&quot;:false,&quot;show_navigation&quot;:false,&quot;navigation_left&quot;:&quot;&lt;span&gt;&lt;i aria-hidden=\\&quot;true\\&quot; class=\\&quot;fas fa-angle-left\\&quot;&gt;&lt;\\\/i&gt;&lt;\\\/span&gt;&quot;,&quot;navigation_right&quot;:&quot;&lt;span&gt;&lt;i aria-hidden=\\&quot;true\\&quot; class=\\&quot;fas fa-angle-right\\&quot;&gt;&lt;\\\/i&gt;&lt;\\\/span&gt;&quot;,&quot;show_dots&quot;:true,&quot;arrow_position&quot;:&quot;bottom&quot;,&quot;responsive&quot;:{&quot;desktop&quot;:{&quot;items&quot;:1,&quot;margin&quot;:10,&quot;breakpoint&quot;:1025},&quot;tablet&quot;:{&quot;items&quot;:1,&quot;margin&quot;:10,&quot;breakpoint&quot;:768},&quot;mobile&quot;:{&quot;items&quot;:1,&quot;margin&quot;:10,&quot;breakpoint&quot;:0}}}\"><div class=\"testimonials-list\">\n            <div class=\"testimonials-track\"><div class=\"testimonial-item  elementor-repeater-item-6e9b2e1\">\n                    <div class=\"testimonial-box hover-from-left\" >\n                        <div class=\"icon-content\"><i aria-hidden=\"true\" class=\"jki jki-quote-left-solid\"><\/i><\/div>\n                    <div class=\"comment-content\"><p>Rien a redire sur la prise de rendez-vous via Doctolib, c'est facile et l'heure du rdv a \u00e9t\u00e9 respect\u00e9e et le personnel est comp\u00e9tent !<\/p><\/div>\n                    <div class=\"comment-header\"><ul class=\"rating-stars\"><\/ul><\/div>\n                    <div class=\"comment-bio\"><div class=\"bio-details\">\n                <div class=\"profile-image\"><\/div>\n                <span class=\"profile-info\">\n                    <strong class=\"profile-name\">Shinseiki<\/strong>\n                    <p class=\"profile-des\">Avis google<\/p>\n                <\/span>\n            <\/div><\/div>\n                    <\/div>\n                <\/div><div class=\"testimonial-item  elementor-repeater-item-aadab23\">\n                    <div class=\"testimonial-box hover-from-left\" >\n                        <div class=\"icon-content\"><i aria-hidden=\"true\" class=\"jki jki-quote-left-solid\"><\/i><\/div>\n                    <div class=\"comment-content\"><p>Enfin un ophtalmo qui trouve ce qu'a ma fille apr\u00e8s six mois de traitements qui n'ont fait aucune am\u00e9lioration !<\/p><\/div>\n                    <div class=\"comment-header\"><ul class=\"rating-stars\"><\/ul><\/div>\n                    <div class=\"comment-bio\"><div class=\"bio-details\">\n                <div class=\"profile-image\"><\/div>\n                <span class=\"profile-info\">\n                    <strong class=\"profile-name\">Nathalie Demotie<\/strong>\n                    <p class=\"profile-des\">Avis google<\/p>\n                <\/span>\n            <\/div><\/div>\n                    <\/div>\n                <\/div><div class=\"testimonial-item  elementor-repeater-item-cf4260e\">\n                    <div class=\"testimonial-box hover-from-left\" >\n                        <div class=\"icon-content\"><i aria-hidden=\"true\" class=\"jki jki-quote-left-solid\"><\/i><\/div>\n                    <div class=\"comment-content\"><p>Bon accueil, ophtamologue comp\u00e9tente et gentille !<\/p><\/div>\n                    <div class=\"comment-header\"><ul class=\"rating-stars\"><\/ul><\/div>\n                    <div class=\"comment-bio\"><div class=\"bio-details\">\n                <div class=\"profile-image\"><\/div>\n                <span class=\"profile-info\">\n                    <strong class=\"profile-name\">Jeannice<\/strong>\n                    <p class=\"profile-des\">Avis google<\/p>\n                <\/span>\n            <\/div><\/div>\n                    <\/div>\n                <\/div><div class=\"testimonial-item  elementor-repeater-item-07f47b5\">\n                    <div class=\"testimonial-box hover-from-left\" >\n                        <div class=\"icon-content\"><i aria-hidden=\"true\" class=\"jki jki-quote-left-solid\"><\/i><\/div>\n                    <div class=\"comment-content\"><p>Parfait.  \u00c9quipe s\u00e9rieuse, cabinet impeccable !<\/p><\/div>\n                    <div class=\"comment-header\"><ul class=\"rating-stars\"><\/ul><\/div>\n                    <div class=\"comment-bio\"><div class=\"bio-details\">\n                <div class=\"profile-image\"><\/div>\n                <span class=\"profile-info\">\n                    <strong class=\"profile-name\">Cecilien<\/strong>\n                    <p class=\"profile-des\">Avis google<\/p>\n                <\/span>\n            <\/div><\/div>\n                    <\/div>\n                <\/div><\/div>\n        <\/div><\/div>\t\t\t\t<\/div>\n\t\t\t\t<\/div>\n\t\t\t\t\t<\/div>\n\t\t<\/div>\n\t\t\t\t\t<\/div>\n\t\t<\/section>\n\t\t\t\t\t<\/div>\n\t\t<\/div>\n\t\t\t\t\t<\/div>\n\t\t<\/section>\n\t\t\t\t<\/div>\n\t\t","protected":false},"excerpt":{"rendered":"<p>Le diab\u00e8te Accueil \/ Diab\u00e8te OPHTAVAL, CENTRE D&rsquo;OPHTALMOLOGIE DE LA VALETTE DU VAR Le diab\u00e8te Le diab\u00e8te, un mal avec lequel il faut savoir vivre Si en 1998, on a \u00e9valu\u00e9 \u00e0 143 millions, le nombre de diab\u00e9tiques dans le monde, on pr\u00e9voit pour l\u2019ann\u00e9e 2025, le chiffre de 300 millions.Cette maladie chronique qui est [&hellip;]<\/p>\n","protected":false},"author":1,"featured_media":0,"parent":0,"menu_order":0,"comment_status":"closed","ping_status":"closed","template":"elementor_header_footer","meta":{"footnotes":""},"class_list":["post-454","page","type-page","status-publish","hentry"],"yoast_head":"<!-- This site is optimized with the Yoast SEO plugin v27.5 - https:\/\/yoast.com\/product\/yoast-seo-wordpress\/ -->\n<title>Le diab\u00e8te - Centre D&#039;ophtalmologie de la Valette du Var<\/title>\n<meta name=\"description\" content=\"Le diab\u00e8te - Centre D&#039;ophtalmologie de la Valette du Var - consultation &amp; chirurgie d&#039;ophtalmologie dans le var\" \/>\n<meta name=\"robots\" content=\"index, follow, max-snippet:-1, max-image-preview:large, max-video-preview:-1\" \/>\n<link rel=\"canonical\" href=\"https:\/\/ophtalmo-toulon.com\/index.php\/le-diabete\/\" \/>\n<meta property=\"og:locale\" content=\"fr_FR\" \/>\n<meta property=\"og:type\" content=\"article\" \/>\n<meta property=\"og:title\" content=\"Le diab\u00e8te - Centre D&#039;ophtalmologie de la Valette du Var\" \/>\n<meta property=\"og:description\" content=\"Le diab\u00e8te - Centre D&#039;ophtalmologie de la Valette du Var - consultation &amp; chirurgie d&#039;ophtalmologie dans le var\" \/>\n<meta property=\"og:url\" content=\"https:\/\/ophtalmo-toulon.com\/index.php\/le-diabete\/\" \/>\n<meta property=\"og:site_name\" content=\"Ophtaval\" \/>\n<meta property=\"article:modified_time\" content=\"2022-03-30T07:57:36+00:00\" \/>\n<meta property=\"og:image\" content=\"https:\/\/ophtalmo-toulon.com\/wp-content\/uploads\/2022\/02\/diabete-retinopathie-diabetique.jpg\" \/>\n<meta name=\"twitter:card\" content=\"summary_large_image\" \/>\n<meta name=\"twitter:label1\" content=\"Dur\u00e9e de lecture estim\u00e9e\" \/>\n\t<meta name=\"twitter:data1\" content=\"5 minutes\" \/>\n<script type=\"application\/ld+json\" class=\"yoast-schema-graph\">{\"@context\":\"https:\\\/\\\/schema.org\",\"@graph\":[{\"@type\":\"WebPage\",\"@id\":\"https:\\\/\\\/ophtalmo-toulon.com\\\/index.php\\\/le-diabete\\\/\",\"url\":\"https:\\\/\\\/ophtalmo-toulon.com\\\/index.php\\\/le-diabete\\\/\",\"name\":\"Le diab\u00e8te - Centre D'ophtalmologie de la Valette du Var\",\"isPartOf\":{\"@id\":\"https:\\\/\\\/ophtalmo-toulon.com\\\/#website\"},\"primaryImageOfPage\":{\"@id\":\"https:\\\/\\\/ophtalmo-toulon.com\\\/index.php\\\/le-diabete\\\/#primaryimage\"},\"image\":{\"@id\":\"https:\\\/\\\/ophtalmo-toulon.com\\\/index.php\\\/le-diabete\\\/#primaryimage\"},\"thumbnailUrl\":\"https:\\\/\\\/ophtalmo-toulon.com\\\/wp-content\\\/uploads\\\/2022\\\/02\\\/diabete-retinopathie-diabetique.jpg\",\"datePublished\":\"2022-02-28T13:53:34+00:00\",\"dateModified\":\"2022-03-30T07:57:36+00:00\",\"description\":\"Le diab\u00e8te - Centre D'ophtalmologie de la Valette du Var - consultation & chirurgie d'ophtalmologie dans le var\",\"breadcrumb\":{\"@id\":\"https:\\\/\\\/ophtalmo-toulon.com\\\/index.php\\\/le-diabete\\\/#breadcrumb\"},\"inLanguage\":\"fr-FR\",\"potentialAction\":[{\"@type\":\"ReadAction\",\"target\":[\"https:\\\/\\\/ophtalmo-toulon.com\\\/index.php\\\/le-diabete\\\/\"]}]},{\"@type\":\"ImageObject\",\"inLanguage\":\"fr-FR\",\"@id\":\"https:\\\/\\\/ophtalmo-toulon.com\\\/index.php\\\/le-diabete\\\/#primaryimage\",\"url\":\"https:\\\/\\\/ophtalmo-toulon.com\\\/wp-content\\\/uploads\\\/2022\\\/02\\\/diabete-retinopathie-diabetique.jpg\",\"contentUrl\":\"https:\\\/\\\/ophtalmo-toulon.com\\\/wp-content\\\/uploads\\\/2022\\\/02\\\/diabete-retinopathie-diabetique.jpg\",\"width\":326,\"height\":208,\"caption\":\"diabete Centre D'ophtalmologie de la Valette du Var - consultation & chirurgie d'ophtalmologie\"},{\"@type\":\"BreadcrumbList\",\"@id\":\"https:\\\/\\\/ophtalmo-toulon.com\\\/index.php\\\/le-diabete\\\/#breadcrumb\",\"itemListElement\":[{\"@type\":\"ListItem\",\"position\":1,\"name\":\"Accueil\",\"item\":\"https:\\\/\\\/ophtalmo-toulon.com\\\/\"},{\"@type\":\"ListItem\",\"position\":2,\"name\":\"Le diab\u00e8te\"}]},{\"@type\":\"WebSite\",\"@id\":\"https:\\\/\\\/ophtalmo-toulon.com\\\/#website\",\"url\":\"https:\\\/\\\/ophtalmo-toulon.com\\\/\",\"name\":\"Ophtaval\",\"description\":\"Ophtalmologie La Valette du Var\",\"potentialAction\":[{\"@type\":\"SearchAction\",\"target\":{\"@type\":\"EntryPoint\",\"urlTemplate\":\"https:\\\/\\\/ophtalmo-toulon.com\\\/?s={search_term_string}\"},\"query-input\":{\"@type\":\"PropertyValueSpecification\",\"valueRequired\":true,\"valueName\":\"search_term_string\"}}],\"inLanguage\":\"fr-FR\"}]}<\/script>\n<!-- \/ Yoast SEO plugin. -->","yoast_head_json":{"title":"Le diab\u00e8te - Centre D'ophtalmologie de la Valette du Var","description":"Le diab\u00e8te - Centre D'ophtalmologie de la Valette du Var - consultation & chirurgie d'ophtalmologie dans le var","robots":{"index":"index","follow":"follow","max-snippet":"max-snippet:-1","max-image-preview":"max-image-preview:large","max-video-preview":"max-video-preview:-1"},"canonical":"https:\/\/ophtalmo-toulon.com\/index.php\/le-diabete\/","og_locale":"fr_FR","og_type":"article","og_title":"Le diab\u00e8te - Centre D'ophtalmologie de la Valette du Var","og_description":"Le diab\u00e8te - Centre D'ophtalmologie de la Valette du Var - consultation & chirurgie d'ophtalmologie dans le var","og_url":"https:\/\/ophtalmo-toulon.com\/index.php\/le-diabete\/","og_site_name":"Ophtaval","article_modified_time":"2022-03-30T07:57:36+00:00","og_image":[{"url":"https:\/\/ophtalmo-toulon.com\/wp-content\/uploads\/2022\/02\/diabete-retinopathie-diabetique.jpg","type":"","width":"","height":""}],"twitter_card":"summary_large_image","twitter_misc":{"Dur\u00e9e de lecture estim\u00e9e":"5 minutes"},"schema":{"@context":"https:\/\/schema.org","@graph":[{"@type":"WebPage","@id":"https:\/\/ophtalmo-toulon.com\/index.php\/le-diabete\/","url":"https:\/\/ophtalmo-toulon.com\/index.php\/le-diabete\/","name":"Le diab\u00e8te - Centre D'ophtalmologie de la Valette du Var","isPartOf":{"@id":"https:\/\/ophtalmo-toulon.com\/#website"},"primaryImageOfPage":{"@id":"https:\/\/ophtalmo-toulon.com\/index.php\/le-diabete\/#primaryimage"},"image":{"@id":"https:\/\/ophtalmo-toulon.com\/index.php\/le-diabete\/#primaryimage"},"thumbnailUrl":"https:\/\/ophtalmo-toulon.com\/wp-content\/uploads\/2022\/02\/diabete-retinopathie-diabetique.jpg","datePublished":"2022-02-28T13:53:34+00:00","dateModified":"2022-03-30T07:57:36+00:00","description":"Le diab\u00e8te - Centre D'ophtalmologie de la Valette du Var - consultation & chirurgie d'ophtalmologie dans le var","breadcrumb":{"@id":"https:\/\/ophtalmo-toulon.com\/index.php\/le-diabete\/#breadcrumb"},"inLanguage":"fr-FR","potentialAction":[{"@type":"ReadAction","target":["https:\/\/ophtalmo-toulon.com\/index.php\/le-diabete\/"]}]},{"@type":"ImageObject","inLanguage":"fr-FR","@id":"https:\/\/ophtalmo-toulon.com\/index.php\/le-diabete\/#primaryimage","url":"https:\/\/ophtalmo-toulon.com\/wp-content\/uploads\/2022\/02\/diabete-retinopathie-diabetique.jpg","contentUrl":"https:\/\/ophtalmo-toulon.com\/wp-content\/uploads\/2022\/02\/diabete-retinopathie-diabetique.jpg","width":326,"height":208,"caption":"diabete Centre D'ophtalmologie de la Valette du Var - consultation & chirurgie d'ophtalmologie"},{"@type":"BreadcrumbList","@id":"https:\/\/ophtalmo-toulon.com\/index.php\/le-diabete\/#breadcrumb","itemListElement":[{"@type":"ListItem","position":1,"name":"Accueil","item":"https:\/\/ophtalmo-toulon.com\/"},{"@type":"ListItem","position":2,"name":"Le diab\u00e8te"}]},{"@type":"WebSite","@id":"https:\/\/ophtalmo-toulon.com\/#website","url":"https:\/\/ophtalmo-toulon.com\/","name":"Ophtaval","description":"Ophtalmologie La Valette du Var","potentialAction":[{"@type":"SearchAction","target":{"@type":"EntryPoint","urlTemplate":"https:\/\/ophtalmo-toulon.com\/?s={search_term_string}"},"query-input":{"@type":"PropertyValueSpecification","valueRequired":true,"valueName":"search_term_string"}}],"inLanguage":"fr-FR"}]}},"_links":{"self":[{"href":"https:\/\/ophtalmo-toulon.com\/index.php\/wp-json\/wp\/v2\/pages\/454","targetHints":{"allow":["GET"]}}],"collection":[{"href":"https:\/\/ophtalmo-toulon.com\/index.php\/wp-json\/wp\/v2\/pages"}],"about":[{"href":"https:\/\/ophtalmo-toulon.com\/index.php\/wp-json\/wp\/v2\/types\/page"}],"author":[{"embeddable":true,"href":"https:\/\/ophtalmo-toulon.com\/index.php\/wp-json\/wp\/v2\/users\/1"}],"replies":[{"embeddable":true,"href":"https:\/\/ophtalmo-toulon.com\/index.php\/wp-json\/wp\/v2\/comments?post=454"}],"version-history":[{"count":29,"href":"https:\/\/ophtalmo-toulon.com\/index.php\/wp-json\/wp\/v2\/pages\/454\/revisions"}],"predecessor-version":[{"id":1139,"href":"https:\/\/ophtalmo-toulon.com\/index.php\/wp-json\/wp\/v2\/pages\/454\/revisions\/1139"}],"wp:attachment":[{"href":"https:\/\/ophtalmo-toulon.com\/index.php\/wp-json\/wp\/v2\/media?parent=454"}],"curies":[{"name":"wp","href":"https:\/\/api.w.org\/{rel}","templated":true}]}}